{"id":10812,"date":"2026-04-13T06:29:50","date_gmt":"2026-04-13T06:29:50","guid":{"rendered":"https:\/\/quantum2025.org\/equipe-gouvernance-et-assistance\/"},"modified":"2026-04-28T09:39:23","modified_gmt":"2026-04-28T09:39:23","slug":"equipe-gouvernance-et-assistance","status":"publish","type":"page","link":"https:\/\/quantum2025.org\/fr\/equipe-gouvernance-et-assistance\/","title":{"rendered":"\u00c9quipe Gouvernance et Assistance"},"content":{"rendered":"\t\t<div data-elementor-type=\"wp-page\" data-elementor-id=\"10812\" class=\"elementor elementor-10812 elementor-10777\" data-elementor-post-type=\"page\">\n\t\t\t\t<div class=\"elementor-element elementor-element-9c6fd97 e-flex e-con-boxed e-con e-parent\" data-id=\"9c6fd97\" data-element_type=\"container\" data-e-type=\"container\" data-settings=\"{&quot;jet_parallax_layout_list&quot;:[],&quot;background_background&quot;:&quot;gradient&quot;,&quot;_ha_eqh_enable&quot;:false}\">\n\t\t\t\t\t<div class=\"e-con-inner\">\n\t\t\t\t<div class=\"elementor-element elementor-element-cc0a7fb elementor-widget__width-initial elementor-widget-tablet__width-inherit elementor-invisible elementor-widget elementor-widget-ha-gradient-heading happy-addon ha-gradient-heading\" data-id=\"cc0a7fb\" data-element_type=\"widget\" data-e-type=\"widget\" data-settings=\"{&quot;_animation&quot;:&quot;fadeInUp&quot;}\" data-widget_type=\"ha-gradient-heading.default\">\n\t\t\t\t<div class=\"elementor-widget-container\">\n\t\t\t\t\t<h1 class=\"ha-gradient-heading\">\u00c9quipe Gouvernance et Assistance<\/h1>\t\t\t\t<\/div>\n\t\t\t\t<\/div>\n\t\t\t\t<div class=\"elementor-element elementor-element-15f7b48 elementor-widget elementor-widget-heading\" data-id=\"15f7b48\" data-element_type=\"widget\" data-e-type=\"widget\" data-widget_type=\"heading.default\">\n\t\t\t\t<div class=\"elementor-widget-container\">\n\t\t\t\t\t<h1 class=\"elementor-heading-title elementor-size-default\">Le Secr\u00e9tariat de l'IYQ<\/h1>\t\t\t\t<\/div>\n\t\t\t\t<\/div>\n\t\t\t\t<div class=\"elementor-element elementor-element-024122e elementor-widget__width-initial elementor-widget elementor-widget-text-editor\" data-id=\"024122e\" data-element_type=\"widget\" data-e-type=\"widget\" data-widget_type=\"text-editor.default\">\n\t\t\t\t<div class=\"elementor-widget-container\">\n\t\t\t\t\t\t\t\t\t<p><span style=\"background-color: transparent;\">Le Secr\u00e9tariat a jou\u00e9 le r\u00f4le d&rsquo;organe op\u00e9rationnel principal charg\u00e9 de coordonner et de g\u00e9rer les activit\u00e9s li\u00e9es \u00e0 l&rsquo;Ann\u00e9e internationale. Son mandat consiste notamment \u00e0 superviser la mise en \u0153uvre des initiatives approuv\u00e9es, \u00e0 g\u00e9rer le Fonds mondial de coordination de l&rsquo;IYQ, g\u00e9r\u00e9 par l&rsquo;American Physical Society (APS), et \u00e0 servir de centre de communication central pour les parties prenantes. &nbsp;<\/span><\/p>\n<p><span style=\"font-weight: 400;\">Le secr\u00e9tariat a \u00e9t\u00e9 assur\u00e9 conjointement par l&rsquo;UNESCO et l&rsquo;APS. Son fonctionnement quotidien est dirig\u00e9 par un Bureau de coordination mondial compos\u00e9 de responsables poss\u00e9dant une expertise sp\u00e9cifique en rapport avec la mission et la supervision des activit\u00e9s de l&rsquo;Ann\u00e9e Internationale de la Qualit\u00e9. <\/span><\/p>\n<ul>\n<li style=\"font-weight: 400;\" aria-level=\"1\"><b>Global Coordination Bureau:<\/b><span style=\"font-weight: 400;\">Claudia Fracchiolla, Mark Elsesser, Joe Niemela et Paul Cadden-Zimansky.<\/span><\/li>\n<li style=\"font-weight: 400;\" aria-level=\"1\"><b>Responsables consultatifs :<\/b><span style=\"font-weight: 400;\">John Dudley et Ana Mar\u00eda Cetto.<\/span><\/li>\n<li style=\"font-weight: 400;\" aria-level=\"1\"><b>Personnel d&rsquo;appui du secr\u00e9tariat :<\/b><span style=\"font-weight: 400;\">Yewande Lewis, Jackie Billek et d&rsquo;autres membres du personnel de l&rsquo;APS participant \u00e0 l&rsquo;IYQ.<\/span><\/li>\n<li aria-level=\"1\"><strong>Responsables de la collecte de fonds<\/strong> :&nbsp; Marsha Maxwell et Kevin Kase<\/li><li aria-level=\"1\"><strong>Responsables du programme :&nbsp;<\/strong> Cesar Rodriguez et Brianne Wheeler<\/li>\n<li style=\"font-weight: 400;\" aria-level=\"1\"><b>\u00c9quipe de l&rsquo;UNESCO : <\/b><span style=\"font-weight: 400;\">Amal Kasry et Jing Zhao<\/span><\/li>\n<\/ul>\t\t\t\t\t\t\t\t<\/div>\n\t\t\t\t<\/div>\n\t\t\t\t<div class=\"elementor-element elementor-element-210b3c9 elementor-widget elementor-widget-heading\" data-id=\"210b3c9\" data-element_type=\"widget\" data-e-type=\"widget\" data-widget_type=\"heading.default\">\n\t\t\t\t<div class=\"elementor-widget-container\">\n\t\t\t\t\t<h1 class=\"elementor-heading-title elementor-size-default\">Le comit\u00e9 de pilotage de l'IYQ<\/h1>\t\t\t\t<\/div>\n\t\t\t\t<\/div>\n\t\t\t\t<div class=\"elementor-element elementor-element-f924715 elementor-widget__width-initial elementor-widget elementor-widget-text-editor\" data-id=\"f924715\" data-element_type=\"widget\" data-e-type=\"widget\" data-widget_type=\"text-editor.default\">\n\t\t\t\t<div class=\"elementor-widget-container\">\n\t\t\t\t\t\t\t\t\t<p><span style=\"background-color: transparent;\">Le comit\u00e9 directeur a fait office d&rsquo;instance d\u00e9cisionnelle de haut niveau pour cette initiative. Sa structure de gouvernance a \u00e9t\u00e9 con\u00e7ue pour faire le lien entre l&rsquo;expertise scientifique et le dialogue politique multilat\u00e9ral. Conform\u00e9ment \u00e0 ce double mandat, le comit\u00e9 est dirig\u00e9 par deux copr\u00e9sidents, l&rsquo;un repr\u00e9sentant la communaut\u00e9 scientifique mondiale et l&rsquo;autre la communaut\u00e9 politique internationale et multilat\u00e9rale, ce qui garantit \u00e0 la fois la cr\u00e9dibilit\u00e9 technique et la pertinence politique.  <\/span><\/p><p><span style=\"font-weight: 400;\">Le comit\u00e9 directeur \u00e9tait charg\u00e9 d&rsquo;examiner et d&rsquo;approuver les propositions relatives aux grands \u00e9v\u00e9nements mondiaux, d&rsquo;autoriser les d\u00e9penses importantes provenant du Fonds mondial et d&rsquo;ent\u00e9riner les rapports strat\u00e9giques. Il est compos\u00e9 de repr\u00e9sentants des six partenaires fondateurs, \u00e0 savoir l&rsquo;American Physical Society (APS), la Soci\u00e9t\u00e9 allemande de physique (DPG), Optica, la SPIE, la Soci\u00e9t\u00e9 chinoise d&rsquo;optique (COS) et l&rsquo;Institute of Physics (IOP), ainsi que d&rsquo;\u00e9minents experts nomm\u00e9s en concertation avec l&rsquo;UNESCO et les organisations partenaires. <\/span><\/p>\t\t\t\t\t\t\t\t<\/div>\n\t\t\t\t<\/div>\n\t\t\t\t<div class=\"elementor-element elementor-element-ed03615 elementor-widget__width-initial elementor-drop-cap-yes elementor-drop-cap-view-default elementor-widget elementor-widget-text-editor\" data-id=\"ed03615\" data-element_type=\"widget\" data-e-type=\"widget\" data-settings=\"{&quot;drop_cap&quot;:&quot;yes&quot;}\" data-widget_type=\"text-editor.default\">\n\t\t\t\t<div class=\"elementor-widget-container\">\n\t\t\t\t\t\t\t\t\t<ul><li><b>Copr\u00e9sident :<\/b> <b>Sir Peter Knight<\/b><span style=\"font-weight: 400;\">\u2013 Chercheur principal, Imperial College London ; pr\u00e9sident du comit\u00e9 consultatif strat\u00e9gique du Programme national britannique sur les technologies quantiques ; Optica.<\/span><\/li><li><b>Copr\u00e9sident :<\/b> <b>Rosario Fazio<\/b><span style=\"font-weight: 400;\">\u2013 Responsable de la section \u00ab Mati\u00e8re condens\u00e9e et physique statistique \u00bb \u00e0 l&rsquo;UNESCO-ICTP ; directeur de l&rsquo;Institut de technologies quantiques de Trieste (TQT).<\/span><\/li><li><b>Aba Andam<\/b><span style=\"font-weight: 400;\">\u2013 Membre et ancien pr\u00e9sident de l&rsquo;Acad\u00e9mie des arts et des sciences du Ghana.<\/span><\/li><li><b>Louis Barson<\/b><span style=\"font-weight: 400;\">\u2013 Directeur des sciences, de l&rsquo;innovation et des comp\u00e9tences, Institut de physique (IOP).<\/span><\/li><li><b>Hyoung Joon Choi<\/b><span style=\"font-weight: 400;\">\u2013 Pr\u00e9sident de l&rsquo;Association des soci\u00e9t\u00e9s de physique de l&rsquo;Asie-Pacifique (AAPPS) ; professeur \u00e0 l&rsquo;universit\u00e9 Yonsei.<\/span><\/li><li><b>Silvina Ponce Dawson<\/b><span style=\"font-weight: 400;\">\u2013 Pr\u00e9sident de l&rsquo;IUPAP ; professeur \u00e0 l&rsquo;Universit\u00e9 de Buenos Aires et chercheur principal au CONICET, en Argentine.<\/span><\/li><li><b>John Doyle<\/b><span style=\"font-weight: 400;\">\u2013 Ancien pr\u00e9sident de l&rsquo;American Physical Society (APS) ; titulaire de la chaire Henry B. Silsbee de physique \u00e0 l&rsquo;universit\u00e9 Harvard.<\/span><\/li><li><b>Emily Edwards<\/b><span style=\"font-weight: 400;\">\u2013 Co-responsable du Partenariat national am\u00e9ricain pour l&rsquo;\u00e9ducation de la maternelle \u00e0 la terminale ; professeur associ\u00e9 de recherche \u00e0 l&rsquo;universit\u00e9 Duke.<\/span><\/li><li><b>Jon Felbinger<\/b><span style=\"font-weight: 400;\">\u2013 Directeur adjoint du Consortium pour le d\u00e9veloppement \u00e9conomique quantique (QED-C).<\/span><\/li><li><b>Andrew Forbes<\/b><span style=\"font-weight: 400;\">\u2013 Professeur \u00e9m\u00e9rite de physique \u00e0 l&rsquo;universit\u00e9 du Witwatersrand, \u00e0 Johannesburg.<\/span><\/li><li><b>Bo Gu<\/b><span style=\"font-weight: 400;\">\u2013 Fondateur\/Pr\u00e9sident\/Directeur technique, Bos Photonics ; Soci\u00e9t\u00e9 chinoise d&rsquo;optique (COS).<\/span><\/li><li><b>Taeghwan Hyeon<\/b><span style=\"font-weight: 400;\">\u2013 Directeur du Centre de recherche sur les nanoparticules, Institut des sciences fondamentales, Universit\u00e9 nationale de S\u00e9oul.<\/span><\/li><li><b>Amal Kasry<\/b><span style=\"font-weight: 400;\">\u2013 Responsable des sciences fondamentales, de la recherche, de l&rsquo;innovation et de l&rsquo;ing\u00e9nierie, Secteur des sciences exactes et naturelles, UNESCO.<\/span><\/li><li><b>Claus L\u00e4mmerzahl<\/b><span style=\"font-weight: 400;\">\u2013 Membre du comit\u00e9 ex\u00e9cutif | Relations publiques, Soci\u00e9t\u00e9 allemande de physique (DPG) ; directeur du d\u00e9partement des sciences spatiales, ZARM, Universit\u00e9 de Br\u00eame.<\/span><\/li><li><b>Gillian Makamara<\/b><span style=\"font-weight: 400;\">\u2013 Charg\u00e9 de projet, Union internationale des t\u00e9l\u00e9communications (UIT).<\/span><\/li><li><b>Julio G. Mendoza-\u00c1lvarez<\/b><span style=\"font-weight: 400;\">\u2013 Pr\u00e9sident de la Soci\u00e9t\u00e9 mexicaine de physique ; professeur au Centre de recherche et d&rsquo;\u00e9tudes avanc\u00e9es de l&rsquo;Institut polytechnique national (IPN).<\/span><\/li><li><b>Joe Niemela<\/b><span style=\"font-weight: 400;\">\u2013 Chercheur \u00e9m\u00e9rite, Centre international de physique th\u00e9orique (CIPT).<\/span><\/li><li><b>Yasser Omar<\/b><span style=\"font-weight: 400;\">\u2013 Pr\u00e9sident de l&rsquo;Institut portugais des sciences quantiques (PQI) ; professeur \u00e0 l&rsquo;Universit\u00e9 de Lisbonne ; programme phare \u00ab Quantum \u00bb de l&rsquo;Union europ\u00e9enne.<\/span><\/li><li><b>Peggy Oti-Boateng<\/b><span style=\"font-weight: 400;\">\u2013 Directeur ex\u00e9cutif de l&rsquo;Acad\u00e9mie africaine des sciences.<\/span><\/li><li><b>Enrica Porcari<\/b><span style=\"font-weight: 400;\">\u2013 Responsable du d\u00e9partement des technologies de l&rsquo;information, CERN.<\/span><\/li><li><b>Kent Rochford<\/b><span style=\"font-weight: 400;\">\u2013 PDG et directeur g\u00e9n\u00e9ral de la SPIE, la Soci\u00e9t\u00e9 internationale d&rsquo;optique et de photonique.<\/span><\/li><li><b>Mar\u00eda S\u00e1nchez-Colina<\/b><span style=\"font-weight: 400;\">\u2013 Pr\u00e9sident de la F\u00e9d\u00e9ration ib\u00e9ro-am\u00e9ricaine des soci\u00e9t\u00e9s de physique (FEIASOFI) ; pr\u00e9sident de la Soci\u00e9t\u00e9 cubaine de physique.<\/span><\/li><li><b>Smitha Vishveshwara<\/b><span style=\"font-weight: 400;\">\u2013 Professeur de physique \u00e0 l&rsquo;universit\u00e9 de l&rsquo;Illinois \u00e0 Urbana-Champaign.<\/span><\/li><li><b>Carl Wieman<\/b><span style=\"font-weight: 400;\">\u2013 Professeur de physique et \u00e0 l&rsquo;\u00c9cole sup\u00e9rieure d&rsquo;\u00e9ducation de l&rsquo;universit\u00e9 de Stanford.<\/span><\/li><li><b>Ahmed Younes<\/b><span style=\"font-weight: 400;\">\u2013 Professeur d&rsquo;informatique quantique \u00e0 l&rsquo;universit\u00e9 d&rsquo;Alexandrie ; vice-doyen charg\u00e9 de l&rsquo;enseignement et des affaires \u00e9tudiantes \u00e0 la Facult\u00e9 des sciences de l&rsquo;universit\u00e9 d&rsquo;Alexandrie.<\/span><span style=\"font-weight: 400;\"><br><\/span><\/li><\/ul>\t\t\t\t\t\t\t\t<\/div>\n\t\t\t\t<\/div>\n\t\t\t\t<div class=\"elementor-element elementor-element-f609e13 elementor-widget elementor-widget-heading\" data-id=\"f609e13\" data-element_type=\"widget\" data-e-type=\"widget\" data-widget_type=\"heading.default\">\n\t\t\t\t<div class=\"elementor-widget-container\">\n\t\t\t\t\t<h1 class=\"elementor-heading-title elementor-size-default\">Personnel charg\u00e9 de la pr\u00e9sence en ligne de l'IYQ<\/h1>\t\t\t\t<\/div>\n\t\t\t\t<\/div>\n\t\t\t\t<div class=\"elementor-element elementor-element-a87e2b5 elementor-widget__width-initial elementor-widget elementor-widget-text-editor\" data-id=\"a87e2b5\" data-element_type=\"widget\" data-e-type=\"widget\" data-widget_type=\"text-editor.default\">\n\t\t\t\t<div class=\"elementor-widget-container\">\n\t\t\t\t\t\t\t\t\t<p><span style=\"background-color: transparent;\">Le personnel charg\u00e9 de la pr\u00e9sence en ligne de l&rsquo;IYQ \u00e9tait responsable de la gestion, de la recherche et de la cr\u00e9ation de contenu pour le site web et les flux des r\u00e9seaux sociaux tout au long de l&rsquo;ann\u00e9e.<\/span><\/p>\n<p><span style=\"font-weight: 400;\"><strong>Responsable du contenu du site web :<\/strong>&nbsp;Alexandra de Castro<\/span><\/p>\n<p><span style=\"font-weight: 400;\"><strong>Responsable des r\u00e9seaux sociaux :<\/strong>&nbsp; Solmar Verela<\/span><\/p>\n<p><span style=\"font-weight: 400;\"><strong>Cr\u00e9atrice de contenu web et pour les r\u00e9seaux sociaux<\/strong> :&nbsp; Serena Krejci-Papa<\/span><\/p>\n<p><span style=\"font-weight: 400;\"><strong>Les stagiaires JNIPER :<\/strong>&nbsp; Richard Sottie, Olivia Castillo et Elle Roc.<\/span><\/p>\t\t\t\t\t\t\t\t<\/div>\n\t\t\t\t<\/div>\n\t\t<div class=\"elementor-element elementor-element-fa86977 e-con-full elementor-hidden-mobile e-flex e-con e-child\" data-id=\"fa86977\" data-element_type=\"container\" data-e-type=\"container\" data-settings=\"{&quot;jet_parallax_layout_list&quot;:[],&quot;_ha_eqh_enable&quot;:false}\">\n\t\t\t\t<div class=\"elementor-element elementor-element-7525955 elementor-widget elementor-widget-raven-site-logo\" data-id=\"7525955\" data-element_type=\"widget\" data-e-type=\"widget\" data-widget_type=\"raven-site-logo.default\">\n\t\t\t\t<div class=\"elementor-widget-container\">\n\t\t\t\t\t\t\t<div class=\"raven-widget-wrapper\">\n\t\t\t<div class=\"raven-site-logo\">\n\t\t\t\t\t\t\t\t\t<a class=\"raven-site-logo-link\" href=\"https:\/\/quantum2025.org\/fr\/\">\n\t\t\t\t\t\t\t\t<picture><img alt=\"IYQ 2025\" data-no-lazy=\"1\" src=' https:\/\/quantum2025.org\/wp-content\/uploads\/2024\/12\/IYQST-Logomark-FC.png '><\/picture>\t\t\t\t\t\t\t\t\t<\/a>\n\t\t\t\t\t\t\t<\/div>\n\t\t<\/div>\n\t\t\t\t\t\t<\/div>\n\t\t\t\t<\/div>\n\t\t\t\t<\/div>\n\t\t\t\t\t<\/div>\n\t\t\t\t<\/div>\n\t\t\t\t<\/div>\n\t\t","protected":false},"excerpt":{"rendered":"<p>Le Secr\u00e9tariat de l&rsquo;IYQ Le Secr\u00e9tariat a jou\u00e9 le r\u00f4le d&rsquo;organe op\u00e9rationnel principal charg\u00e9 de coordonner et de g\u00e9rer les activit\u00e9s li\u00e9es \u00e0 l&rsquo;Ann\u00e9e internationale. Son mandat consiste notamment \u00e0 superviser la mise en \u0153uvre des initiatives approuv\u00e9es, \u00e0 g\u00e9rer le Fonds mondial de coordination de l&rsquo;IYQ, g\u00e9r\u00e9 par l&rsquo;American Physical Society (APS), et \u00e0 [&hellip;]<\/p>\n","protected":false},"author":6,"featured_media":2202,"parent":0,"menu_order":0,"comment_status":"closed","ping_status":"closed","template":"elementor_header_footer","meta":{"_acf_changed":false,"footnotes":""},"class_list":["post-10812","page","type-page","status-publish","has-post-thumbnail","hentry"],"acf":[],"yoast_head":"<!-- This site is optimized with the Yoast SEO plugin v27.4 - https:\/\/yoast.com\/product\/yoast-seo-wordpress\/ -->\n<title>IYQ 2025<\/title>\n<meta name=\"description\" content=\"La mission de l&#039;Ann\u00e9e internationale des sciences et technologies quantiques (IYQ) est de sensibiliser le public \u00e0 l&#039;importance et \u00e0 l&#039;impact des sciences et applications quantiques sur tous les aspects de la vie.\" \/>\n<meta name=\"robots\" content=\"index, follow, max-snippet:-1, max-image-preview:large, max-video-preview:-1\" \/>\n<meta property=\"og:locale\" content=\"fr_FR\" \/>\n<meta property=\"og:type\" content=\"article\" \/>\n<meta property=\"og:description\" content=\"La mission de l&#039;Ann\u00e9e internationale des sciences et technologies quantiques (IYQ) est de sensibiliser le public \u00e0 l&#039;importance et \u00e0 l&#039;impact des sciences et applications quantiques sur tous les aspects de la vie.\" \/>\n<meta property=\"og:url\" content=\"https:\/\/quantum2025.org\/fr\/equipe-gouvernance-et-assistance\/\" \/>\n<meta property=\"og:site_name\" content=\"IYQ 2025\" \/>\n<meta property=\"article:publisher\" content=\"https:\/\/www.facebook.com\/quantumyear2025\" \/>\n<meta property=\"article:modified_time\" content=\"2026-04-28T09:39:23+00:00\" \/>\n<meta property=\"og:image\" content=\"https:\/\/quantum2025.org\/wp-content\/uploads\/2024\/12\/IYQST-Logomark-FC.png\" \/>\n\t<meta property=\"og:image:width\" content=\"382\" \/>\n\t<meta property=\"og:image:height\" content=\"374\" \/>\n\t<meta property=\"og:image:type\" content=\"image\/png\" \/>\n<meta name=\"twitter:card\" content=\"summary_large_image\" \/>\n<meta name=\"twitter:site\" content=\"@QuantumYear2025\" \/>\n<meta name=\"twitter:label1\" content=\"Est. reading time\" \/>\n\t<meta name=\"twitter:data1\" content=\"5 minutes\" \/>\n<script type=\"application\/ld+json\" class=\"yoast-schema-graph\">{\"@context\":\"https:\\\/\\\/schema.org\",\"@graph\":[{\"@type\":\"WebPage\",\"@id\":\"https:\\\/\\\/quantum2025.org\\\/fr\\\/equipe-gouvernance-et-assistance\\\/\",\"url\":\"https:\\\/\\\/quantum2025.org\\\/fr\\\/equipe-gouvernance-et-assistance\\\/\",\"name\":\"\",\"isPartOf\":{\"@id\":\"https:\\\/\\\/quantum2025.org\\\/#website\"},\"primaryImageOfPage\":{\"@id\":\"https:\\\/\\\/quantum2025.org\\\/fr\\\/equipe-gouvernance-et-assistance\\\/#primaryimage\"},\"image\":{\"@id\":\"https:\\\/\\\/quantum2025.org\\\/fr\\\/equipe-gouvernance-et-assistance\\\/#primaryimage\"},\"thumbnailUrl\":\"https:\\\/\\\/quantum2025.org\\\/wp-content\\\/uploads\\\/2024\\\/12\\\/IYQST-Logomark-FC.png\",\"datePublished\":\"2026-04-13T06:29:50+00:00\",\"dateModified\":\"2026-04-28T09:39:23+00:00\",\"description\":\"La mission de l'Ann\u00e9e internationale des sciences et technologies quantiques (IYQ) est de sensibiliser le public \u00e0 l'importance et \u00e0 l'impact des sciences et applications quantiques sur tous les aspects de la vie.\",\"breadcrumb\":{\"@id\":\"https:\\\/\\\/quantum2025.org\\\/fr\\\/equipe-gouvernance-et-assistance\\\/#breadcrumb\"},\"inLanguage\":\"fr-FR\",\"potentialAction\":[{\"@type\":\"ReadAction\",\"target\":[\"https:\\\/\\\/quantum2025.org\\\/fr\\\/equipe-gouvernance-et-assistance\\\/\"]}]},{\"@type\":\"ImageObject\",\"inLanguage\":\"fr-FR\",\"@id\":\"https:\\\/\\\/quantum2025.org\\\/fr\\\/equipe-gouvernance-et-assistance\\\/#primaryimage\",\"url\":\"https:\\\/\\\/quantum2025.org\\\/wp-content\\\/uploads\\\/2024\\\/12\\\/IYQST-Logomark-FC.png\",\"contentUrl\":\"https:\\\/\\\/quantum2025.org\\\/wp-content\\\/uploads\\\/2024\\\/12\\\/IYQST-Logomark-FC.png\",\"width\":382,\"height\":374},{\"@type\":\"BreadcrumbList\",\"@id\":\"https:\\\/\\\/quantum2025.org\\\/fr\\\/equipe-gouvernance-et-assistance\\\/#breadcrumb\",\"itemListElement\":[{\"@type\":\"ListItem\",\"position\":1,\"name\":\"Home\",\"item\":\"https:\\\/\\\/quantum2025.org\\\/fr\\\/page-daccueil-2\\\/\"},{\"@type\":\"ListItem\",\"position\":2,\"name\":\"\u00c9quipe Gouvernance et Assistance\"}]},{\"@type\":\"WebSite\",\"@id\":\"https:\\\/\\\/quantum2025.org\\\/#website\",\"url\":\"https:\\\/\\\/quantum2025.org\\\/\",\"name\":\"IYQ 2025\",\"description\":\"International Year of Quantum\",\"potentialAction\":[{\"@type\":\"SearchAction\",\"target\":{\"@type\":\"EntryPoint\",\"urlTemplate\":\"https:\\\/\\\/quantum2025.org\\\/?s={search_term_string}\"},\"query-input\":{\"@type\":\"PropertyValueSpecification\",\"valueRequired\":true,\"valueName\":\"search_term_string\"}}],\"inLanguage\":\"fr-FR\"}]}<\/script>\n<!-- \/ Yoast SEO plugin. -->","yoast_head_json":{"title":"IYQ 2025","description":"La mission de l'Ann\u00e9e internationale des sciences et technologies quantiques (IYQ) est de sensibiliser le public \u00e0 l'importance et \u00e0 l'impact des sciences et applications quantiques sur tous les aspects de la vie.","robots":{"index":"index","follow":"follow","max-snippet":"max-snippet:-1","max-image-preview":"max-image-preview:large","max-video-preview":"max-video-preview:-1"},"og_locale":"fr_FR","og_type":"article","og_description":"La mission de l'Ann\u00e9e internationale des sciences et technologies quantiques (IYQ) est de sensibiliser le public \u00e0 l'importance et \u00e0 l'impact des sciences et applications quantiques sur tous les aspects de la vie.","og_url":"https:\/\/quantum2025.org\/fr\/equipe-gouvernance-et-assistance\/","og_site_name":"IYQ 2025","article_publisher":"https:\/\/www.facebook.com\/quantumyear2025","article_modified_time":"2026-04-28T09:39:23+00:00","og_image":[{"width":382,"height":374,"url":"https:\/\/quantum2025.org\/wp-content\/uploads\/2024\/12\/IYQST-Logomark-FC.png","type":"image\/png"}],"twitter_card":"summary_large_image","twitter_site":"@QuantumYear2025","twitter_misc":{"Est. reading time":"5 minutes"},"schema":{"@context":"https:\/\/schema.org","@graph":[{"@type":"WebPage","@id":"https:\/\/quantum2025.org\/fr\/equipe-gouvernance-et-assistance\/","url":"https:\/\/quantum2025.org\/fr\/equipe-gouvernance-et-assistance\/","name":"","isPartOf":{"@id":"https:\/\/quantum2025.org\/#website"},"primaryImageOfPage":{"@id":"https:\/\/quantum2025.org\/fr\/equipe-gouvernance-et-assistance\/#primaryimage"},"image":{"@id":"https:\/\/quantum2025.org\/fr\/equipe-gouvernance-et-assistance\/#primaryimage"},"thumbnailUrl":"https:\/\/quantum2025.org\/wp-content\/uploads\/2024\/12\/IYQST-Logomark-FC.png","datePublished":"2026-04-13T06:29:50+00:00","dateModified":"2026-04-28T09:39:23+00:00","description":"La mission de l'Ann\u00e9e internationale des sciences et technologies quantiques (IYQ) est de sensibiliser le public \u00e0 l'importance et \u00e0 l'impact des sciences et applications quantiques sur tous les aspects de la vie.","breadcrumb":{"@id":"https:\/\/quantum2025.org\/fr\/equipe-gouvernance-et-assistance\/#breadcrumb"},"inLanguage":"fr-FR","potentialAction":[{"@type":"ReadAction","target":["https:\/\/quantum2025.org\/fr\/equipe-gouvernance-et-assistance\/"]}]},{"@type":"ImageObject","inLanguage":"fr-FR","@id":"https:\/\/quantum2025.org\/fr\/equipe-gouvernance-et-assistance\/#primaryimage","url":"https:\/\/quantum2025.org\/wp-content\/uploads\/2024\/12\/IYQST-Logomark-FC.png","contentUrl":"https:\/\/quantum2025.org\/wp-content\/uploads\/2024\/12\/IYQST-Logomark-FC.png","width":382,"height":374},{"@type":"BreadcrumbList","@id":"https:\/\/quantum2025.org\/fr\/equipe-gouvernance-et-assistance\/#breadcrumb","itemListElement":[{"@type":"ListItem","position":1,"name":"Home","item":"https:\/\/quantum2025.org\/fr\/page-daccueil-2\/"},{"@type":"ListItem","position":2,"name":"\u00c9quipe Gouvernance et Assistance"}]},{"@type":"WebSite","@id":"https:\/\/quantum2025.org\/#website","url":"https:\/\/quantum2025.org\/","name":"IYQ 2025","description":"International Year of Quantum","potentialAction":[{"@type":"SearchAction","target":{"@type":"EntryPoint","urlTemplate":"https:\/\/quantum2025.org\/?s={search_term_string}"},"query-input":{"@type":"PropertyValueSpecification","valueRequired":true,"valueName":"search_term_string"}}],"inLanguage":"fr-FR"}]}},"_links":{"self":[{"href":"https:\/\/quantum2025.org\/fr\/wp-json\/wp\/v2\/pages\/10812","targetHints":{"allow":["GET"]}}],"collection":[{"href":"https:\/\/quantum2025.org\/fr\/wp-json\/wp\/v2\/pages"}],"about":[{"href":"https:\/\/quantum2025.org\/fr\/wp-json\/wp\/v2\/types\/page"}],"author":[{"embeddable":true,"href":"https:\/\/quantum2025.org\/fr\/wp-json\/wp\/v2\/users\/6"}],"replies":[{"embeddable":true,"href":"https:\/\/quantum2025.org\/fr\/wp-json\/wp\/v2\/comments?post=10812"}],"version-history":[{"count":0,"href":"https:\/\/quantum2025.org\/fr\/wp-json\/wp\/v2\/pages\/10812\/revisions"}],"wp:featuredmedia":[{"embeddable":true,"href":"https:\/\/quantum2025.org\/fr\/wp-json\/wp\/v2\/media\/2202"}],"wp:attachment":[{"href":"https:\/\/quantum2025.org\/fr\/wp-json\/wp\/v2\/media?parent=10812"}],"curies":[{"name":"wp","href":"https:\/\/api.w.org\/{rel}","templated":true}]}}