{"id":10811,"date":"2026-04-13T06:16:18","date_gmt":"2026-04-13T06:16:18","guid":{"rendered":"https:\/\/quantum2025.org\/contexte-et-histoire\/"},"modified":"2026-04-28T09:26:07","modified_gmt":"2026-04-28T09:26:07","slug":"contexte-et-histoire","status":"publish","type":"page","link":"https:\/\/quantum2025.org\/fr\/contexte-et-histoire\/","title":{"rendered":"Contexte et histoire"},"content":{"rendered":"\t\t<div data-elementor-type=\"wp-page\" data-elementor-id=\"10811\" class=\"elementor elementor-10811 elementor-10775\" data-elementor-post-type=\"page\">\n\t\t\t\t<div class=\"elementor-element elementor-element-9c6fd97 e-flex e-con-boxed e-con e-parent\" data-id=\"9c6fd97\" data-element_type=\"container\" data-e-type=\"container\" data-settings=\"{&quot;jet_parallax_layout_list&quot;:[],&quot;background_background&quot;:&quot;gradient&quot;,&quot;_ha_eqh_enable&quot;:false}\">\n\t\t\t\t\t<div class=\"e-con-inner\">\n\t\t\t\t<div class=\"elementor-element elementor-element-cc0a7fb elementor-widget__width-initial elementor-widget-tablet__width-inherit elementor-invisible elementor-widget elementor-widget-ha-gradient-heading happy-addon ha-gradient-heading\" data-id=\"cc0a7fb\" data-element_type=\"widget\" data-e-type=\"widget\" data-settings=\"{&quot;_animation&quot;:&quot;fadeInUp&quot;}\" data-widget_type=\"ha-gradient-heading.default\">\n\t\t\t\t<div class=\"elementor-widget-container\">\n\t\t\t\t\t<h1 class=\"ha-gradient-heading\">Contexte et histoire<\/h1>\t\t\t\t<\/div>\n\t\t\t\t<\/div>\n\t\t\t\t<div class=\"elementor-element elementor-element-9d79f02 elementor-widget__width-initial elementor-widget elementor-widget-text-editor\" data-id=\"9d79f02\" data-element_type=\"widget\" data-e-type=\"widget\" data-widget_type=\"text-editor.default\">\n\t\t\t\t<div class=\"elementor-widget-container\">\n\t\t\t\t\t\t\t\t\t<p>L&rsquo;IYQ a vu le jour sous la forme d&rsquo;un mouvement populaire lanc\u00e9 par un petit groupe de scientifiques, d&rsquo;enseignants et d&rsquo;historiens qui ont compris que le centenaire de la m\u00e9canique quantique, en 2025, serait l&rsquo;occasion id\u00e9ale de mieux faire comprendre au grand public \u00e0 quel point la science et la technologie quantiques sont devenues essentielles pour l&rsquo;humanit\u00e9 au cours des 100 derni\u00e8res ann\u00e9es, et comment leur impact ne fera sans doute que s&rsquo;accro\u00eetre au cours des 100 prochaines ann\u00e9es. La nouvelle s&rsquo;est rapidement r\u00e9pandue au sein d&rsquo;un r\u00e9seau international de personnes partageant les m\u00eames id\u00e9es, qui ont commenc\u00e9 \u00e0 contacter les soci\u00e9t\u00e9s scientifiques et \u00e0 \u00e9laborer une s\u00e9rie de <a href=\"https:\/\/quantum2025.org\/en\/guiding-principles\">principes directeurs<\/a> pour tous ceux qui travaillent \u00e0 l&rsquo;organisation d&rsquo;une c\u00e9l\u00e9bration publique du centenaire de la quantique.<\/p>\n<p>Reconnaissant l&rsquo;importance de la science quantique et la n\u00e9cessit\u00e9 d&rsquo;une plus grande sensibilisation \u00e0 son impact pass\u00e9 et futur, des dizaines de <a href=\"https:\/\/quantum2025.org\/fr\/partenaires\/\">soci\u00e9t\u00e9s scientifiques nationales<\/a> se sont officiellement r\u00e9unies pour soutenir l&rsquo;IYQ et ont approuv\u00e9 la c\u00e9l\u00e9bration du centenaire de la m\u00e9canique quantique par une ann\u00e9e internationale d\u00e9clar\u00e9e par les Nations unies. L&rsquo;Union internationale de physique pure et appliqu\u00e9e (UIPPA), l&rsquo;Union internationale de chimie pure et appliqu\u00e9e (UICPA), l&rsquo;Union internationale de cristallographie (UICR) et l&rsquo;Union internationale d&rsquo;histoire et de philosophie des sciences et des technologies (UIPST) ont \u00e9galement <a href=\"https:\/\/quantum2025.org\/en\/timeline\">apport\u00e9 leur soutie<\/a>n \u00e0 cette ann\u00e9e internationale.<\/p>\n<p>Gr\u00e2ce au large soutien de la communaut\u00e9 scientifique internationale, les gouvernements nationaux ont \u00e9galement appuy\u00e9 l&rsquo;id\u00e9e, notamment en raison du r\u00f4le essentiel de la science et de la technologie quantiques dans le d\u00e9veloppement de solutions durables dans les domaines de l&rsquo;\u00e9nergie, de l&rsquo;\u00e9ducation, des communications et de la sant\u00e9 humaine.<\/p>\n<p>Sous l&rsquo;impulsion du Mexique, le Conseil ex\u00e9cutif de l&rsquo;Organisation des Nations unies pour l&rsquo;\u00e9ducation, la science et la culture (UNESCO) a adopt\u00e9 en mai 2023 une r\u00e9solution encourageant la proclamation officielle par les Nations unies, suivie d&rsquo;une approbation par la Conf\u00e9rence g\u00e9n\u00e9rale de l&rsquo;UNESCO en novembre 2023, qui a \u00e9t\u00e9 coparrain\u00e9e par pr\u00e8s de 60 pays.<\/p>\n<p>En mai 2024, le Ghana a officiellement <a href=\"https:\/\/documents.un.org\/doc\/undoc\/ltd\/n24\/131\/80\/pdf\/n2413180.pdf\">soumis \u00e0 l&rsquo;Assembl\u00e9e g\u00e9n\u00e9rale des Nations unies une r\u00e9solution en vue de la proclamation officielle de l&rsquo;Ann\u00e9e internationale. <\/a> Le 7 juin 2024, l&rsquo;Assembl\u00e9e g\u00e9n\u00e9rale des Nations unies a officiellement d\u00e9clar\u00e9 que 2025 serait l&rsquo;Ann\u00e9e internationale des sciences et technologies quantiques. La r\u00e9solution a \u00e9t\u00e9 coparrain\u00e9e par plus de 70 pays, repr\u00e9sentant plus de 5 milliards de personnes.<\/p>\t\t\t\t\t\t\t\t<\/div>\n\t\t\t\t<\/div>\n\t\t<div class=\"elementor-element elementor-element-fa86977 e-con-full elementor-hidden-mobile e-flex e-con e-child\" data-id=\"fa86977\" data-element_type=\"container\" data-e-type=\"container\" data-settings=\"{&quot;jet_parallax_layout_list&quot;:[],&quot;_ha_eqh_enable&quot;:false}\">\n\t\t\t\t<div class=\"elementor-element elementor-element-7525955 elementor-widget elementor-widget-raven-site-logo\" data-id=\"7525955\" data-element_type=\"widget\" data-e-type=\"widget\" data-widget_type=\"raven-site-logo.default\">\n\t\t\t\t<div class=\"elementor-widget-container\">\n\t\t\t\t\t\t\t<div class=\"raven-widget-wrapper\">\n\t\t\t<div class=\"raven-site-logo\">\n\t\t\t\t\t\t\t\t\t<a class=\"raven-site-logo-link\" href=\"https:\/\/quantum2025.org\/fr\/\">\n\t\t\t\t\t\t\t\t<picture><img alt=\"IYQ 2025\" data-no-lazy=\"1\" src=' https:\/\/quantum2025.org\/wp-content\/uploads\/2024\/12\/IYQST-Logomark-FC.png '><\/picture>\t\t\t\t\t\t\t\t\t<\/a>\n\t\t\t\t\t\t\t<\/div>\n\t\t<\/div>\n\t\t\t\t\t\t<\/div>\n\t\t\t\t<\/div>\n\t\t\t\t<\/div>\n\t\t\t\t\t<\/div>\n\t\t\t\t<\/div>\n\t\t\t\t<\/div>\n\t\t","protected":false},"excerpt":{"rendered":"<p>L&rsquo;IYQ a vu le jour sous la forme d&rsquo;un mouvement populaire lanc\u00e9 par un petit groupe de scientifiques, d&rsquo;enseignants et d&rsquo;historiens qui ont compris que le centenaire de la m\u00e9canique quantique, en 2025, serait l&rsquo;occasion id\u00e9ale de mieux faire comprendre au grand public \u00e0 quel point la science et la technologie quantiques sont devenues essentielles [&hellip;]<\/p>\n","protected":false},"author":6,"featured_media":2202,"parent":0,"menu_order":0,"comment_status":"closed","ping_status":"closed","template":"elementor_header_footer","meta":{"_acf_changed":false,"footnotes":""},"class_list":["post-10811","page","type-page","status-publish","has-post-thumbnail","hentry"],"acf":[],"yoast_head":"<!-- This site is optimized with the Yoast SEO plugin v27.4 - https:\/\/yoast.com\/product\/yoast-seo-wordpress\/ -->\n<title>IYQ 2025<\/title>\n<meta name=\"description\" content=\"La mission de l&#039;Ann\u00e9e internationale des sciences et technologies quantiques (IYQ) est de sensibiliser le public \u00e0 l&#039;importance et \u00e0 l&#039;impact des sciences et applications quantiques sur tous les aspects de la vie.\" \/>\n<meta name=\"robots\" content=\"index, follow, max-snippet:-1, max-image-preview:large, max-video-preview:-1\" \/>\n<meta property=\"og:locale\" content=\"fr_FR\" \/>\n<meta property=\"og:type\" content=\"article\" \/>\n<meta property=\"og:description\" content=\"La mission de l&#039;Ann\u00e9e internationale des sciences et technologies quantiques (IYQ) est de sensibiliser le public \u00e0 l&#039;importance et \u00e0 l&#039;impact des sciences et applications quantiques sur tous les aspects de la vie.\" \/>\n<meta property=\"og:url\" content=\"https:\/\/quantum2025.org\/fr\/contexte-et-histoire\/\" \/>\n<meta property=\"og:site_name\" content=\"IYQ 2025\" \/>\n<meta property=\"article:publisher\" content=\"https:\/\/www.facebook.com\/quantumyear2025\" \/>\n<meta property=\"article:modified_time\" content=\"2026-04-28T09:26:07+00:00\" \/>\n<meta property=\"og:image\" content=\"https:\/\/quantum2025.org\/wp-content\/uploads\/2024\/12\/IYQST-Logomark-FC.png\" \/>\n\t<meta property=\"og:image:width\" content=\"382\" \/>\n\t<meta property=\"og:image:height\" content=\"374\" \/>\n\t<meta property=\"og:image:type\" content=\"image\/png\" \/>\n<meta name=\"twitter:card\" content=\"summary_large_image\" \/>\n<meta name=\"twitter:site\" content=\"@QuantumYear2025\" \/>\n<meta name=\"twitter:label1\" content=\"Est. reading time\" \/>\n\t<meta name=\"twitter:data1\" content=\"2 minutes\" \/>\n<script type=\"application\/ld+json\" class=\"yoast-schema-graph\">{\"@context\":\"https:\\\/\\\/schema.org\",\"@graph\":[{\"@type\":\"WebPage\",\"@id\":\"https:\\\/\\\/quantum2025.org\\\/fr\\\/contexte-et-histoire\\\/\",\"url\":\"https:\\\/\\\/quantum2025.org\\\/fr\\\/contexte-et-histoire\\\/\",\"name\":\"\",\"isPartOf\":{\"@id\":\"https:\\\/\\\/quantum2025.org\\\/#website\"},\"primaryImageOfPage\":{\"@id\":\"https:\\\/\\\/quantum2025.org\\\/fr\\\/contexte-et-histoire\\\/#primaryimage\"},\"image\":{\"@id\":\"https:\\\/\\\/quantum2025.org\\\/fr\\\/contexte-et-histoire\\\/#primaryimage\"},\"thumbnailUrl\":\"https:\\\/\\\/quantum2025.org\\\/wp-content\\\/uploads\\\/2024\\\/12\\\/IYQST-Logomark-FC.png\",\"datePublished\":\"2026-04-13T06:16:18+00:00\",\"dateModified\":\"2026-04-28T09:26:07+00:00\",\"description\":\"La mission de l'Ann\u00e9e internationale des sciences et technologies quantiques (IYQ) est de sensibiliser le public \u00e0 l'importance et \u00e0 l'impact des sciences et applications quantiques sur tous les aspects de la vie.\",\"breadcrumb\":{\"@id\":\"https:\\\/\\\/quantum2025.org\\\/fr\\\/contexte-et-histoire\\\/#breadcrumb\"},\"inLanguage\":\"fr-FR\",\"potentialAction\":[{\"@type\":\"ReadAction\",\"target\":[\"https:\\\/\\\/quantum2025.org\\\/fr\\\/contexte-et-histoire\\\/\"]}]},{\"@type\":\"ImageObject\",\"inLanguage\":\"fr-FR\",\"@id\":\"https:\\\/\\\/quantum2025.org\\\/fr\\\/contexte-et-histoire\\\/#primaryimage\",\"url\":\"https:\\\/\\\/quantum2025.org\\\/wp-content\\\/uploads\\\/2024\\\/12\\\/IYQST-Logomark-FC.png\",\"contentUrl\":\"https:\\\/\\\/quantum2025.org\\\/wp-content\\\/uploads\\\/2024\\\/12\\\/IYQST-Logomark-FC.png\",\"width\":382,\"height\":374},{\"@type\":\"BreadcrumbList\",\"@id\":\"https:\\\/\\\/quantum2025.org\\\/fr\\\/contexte-et-histoire\\\/#breadcrumb\",\"itemListElement\":[{\"@type\":\"ListItem\",\"position\":1,\"name\":\"Home\",\"item\":\"https:\\\/\\\/quantum2025.org\\\/fr\\\/page-daccueil-2\\\/\"},{\"@type\":\"ListItem\",\"position\":2,\"name\":\"Contexte et histoire\"}]},{\"@type\":\"WebSite\",\"@id\":\"https:\\\/\\\/quantum2025.org\\\/#website\",\"url\":\"https:\\\/\\\/quantum2025.org\\\/\",\"name\":\"IYQ 2025\",\"description\":\"International Year of Quantum\",\"potentialAction\":[{\"@type\":\"SearchAction\",\"target\":{\"@type\":\"EntryPoint\",\"urlTemplate\":\"https:\\\/\\\/quantum2025.org\\\/?s={search_term_string}\"},\"query-input\":{\"@type\":\"PropertyValueSpecification\",\"valueRequired\":true,\"valueName\":\"search_term_string\"}}],\"inLanguage\":\"fr-FR\"}]}<\/script>\n<!-- \/ Yoast SEO plugin. -->","yoast_head_json":{"title":"IYQ 2025","description":"La mission de l'Ann\u00e9e internationale des sciences et technologies quantiques (IYQ) est de sensibiliser le public \u00e0 l'importance et \u00e0 l'impact des sciences et applications quantiques sur tous les aspects de la vie.","robots":{"index":"index","follow":"follow","max-snippet":"max-snippet:-1","max-image-preview":"max-image-preview:large","max-video-preview":"max-video-preview:-1"},"og_locale":"fr_FR","og_type":"article","og_description":"La mission de l'Ann\u00e9e internationale des sciences et technologies quantiques (IYQ) est de sensibiliser le public \u00e0 l'importance et \u00e0 l'impact des sciences et applications quantiques sur tous les aspects de la vie.","og_url":"https:\/\/quantum2025.org\/fr\/contexte-et-histoire\/","og_site_name":"IYQ 2025","article_publisher":"https:\/\/www.facebook.com\/quantumyear2025","article_modified_time":"2026-04-28T09:26:07+00:00","og_image":[{"width":382,"height":374,"url":"https:\/\/quantum2025.org\/wp-content\/uploads\/2024\/12\/IYQST-Logomark-FC.png","type":"image\/png"}],"twitter_card":"summary_large_image","twitter_site":"@QuantumYear2025","twitter_misc":{"Est. reading time":"2 minutes"},"schema":{"@context":"https:\/\/schema.org","@graph":[{"@type":"WebPage","@id":"https:\/\/quantum2025.org\/fr\/contexte-et-histoire\/","url":"https:\/\/quantum2025.org\/fr\/contexte-et-histoire\/","name":"","isPartOf":{"@id":"https:\/\/quantum2025.org\/#website"},"primaryImageOfPage":{"@id":"https:\/\/quantum2025.org\/fr\/contexte-et-histoire\/#primaryimage"},"image":{"@id":"https:\/\/quantum2025.org\/fr\/contexte-et-histoire\/#primaryimage"},"thumbnailUrl":"https:\/\/quantum2025.org\/wp-content\/uploads\/2024\/12\/IYQST-Logomark-FC.png","datePublished":"2026-04-13T06:16:18+00:00","dateModified":"2026-04-28T09:26:07+00:00","description":"La mission de l'Ann\u00e9e internationale des sciences et technologies quantiques (IYQ) est de sensibiliser le public \u00e0 l'importance et \u00e0 l'impact des sciences et applications quantiques sur tous les aspects de la vie.","breadcrumb":{"@id":"https:\/\/quantum2025.org\/fr\/contexte-et-histoire\/#breadcrumb"},"inLanguage":"fr-FR","potentialAction":[{"@type":"ReadAction","target":["https:\/\/quantum2025.org\/fr\/contexte-et-histoire\/"]}]},{"@type":"ImageObject","inLanguage":"fr-FR","@id":"https:\/\/quantum2025.org\/fr\/contexte-et-histoire\/#primaryimage","url":"https:\/\/quantum2025.org\/wp-content\/uploads\/2024\/12\/IYQST-Logomark-FC.png","contentUrl":"https:\/\/quantum2025.org\/wp-content\/uploads\/2024\/12\/IYQST-Logomark-FC.png","width":382,"height":374},{"@type":"BreadcrumbList","@id":"https:\/\/quantum2025.org\/fr\/contexte-et-histoire\/#breadcrumb","itemListElement":[{"@type":"ListItem","position":1,"name":"Home","item":"https:\/\/quantum2025.org\/fr\/page-daccueil-2\/"},{"@type":"ListItem","position":2,"name":"Contexte et histoire"}]},{"@type":"WebSite","@id":"https:\/\/quantum2025.org\/#website","url":"https:\/\/quantum2025.org\/","name":"IYQ 2025","description":"International Year of Quantum","potentialAction":[{"@type":"SearchAction","target":{"@type":"EntryPoint","urlTemplate":"https:\/\/quantum2025.org\/?s={search_term_string}"},"query-input":{"@type":"PropertyValueSpecification","valueRequired":true,"valueName":"search_term_string"}}],"inLanguage":"fr-FR"}]}},"_links":{"self":[{"href":"https:\/\/quantum2025.org\/fr\/wp-json\/wp\/v2\/pages\/10811","targetHints":{"allow":["GET"]}}],"collection":[{"href":"https:\/\/quantum2025.org\/fr\/wp-json\/wp\/v2\/pages"}],"about":[{"href":"https:\/\/quantum2025.org\/fr\/wp-json\/wp\/v2\/types\/page"}],"author":[{"embeddable":true,"href":"https:\/\/quantum2025.org\/fr\/wp-json\/wp\/v2\/users\/6"}],"replies":[{"embeddable":true,"href":"https:\/\/quantum2025.org\/fr\/wp-json\/wp\/v2\/comments?post=10811"}],"version-history":[{"count":0,"href":"https:\/\/quantum2025.org\/fr\/wp-json\/wp\/v2\/pages\/10811\/revisions"}],"wp:featuredmedia":[{"embeddable":true,"href":"https:\/\/quantum2025.org\/fr\/wp-json\/wp\/v2\/media\/2202"}],"wp:attachment":[{"href":"https:\/\/quantum2025.org\/fr\/wp-json\/wp\/v2\/media?parent=10811"}],"curies":[{"name":"wp","href":"https:\/\/api.w.org\/{rel}","templated":true}]}}