{"id":6677,"date":"2025-02-19T09:37:10","date_gmt":"2025-02-19T09:37:10","guid":{"rendered":"https:\/\/quantum2025.org\/iyq-event\/demeler-le-processus-de-construction-de-quantium-avec-marina-otero-verzier-manuel-correa-et-aran-garcia-lekue\/"},"modified":"2025-05-16T10:15:52","modified_gmt":"2025-05-16T10:15:52","slug":"demeler-le-processus-de-construction-de-quantium-avec-marina-otero-verzier-manuel-correa-et-aran-garcia-lekue","status":"publish","type":"iyq-event","link":"https:\/\/quantum2025.org\/fr\/iyq-event\/demeler-le-processus-de-construction-de-quantium-avec-marina-otero-verzier-manuel-correa-et-aran-garcia-lekue\/","title":{"rendered":"D\u00e9m\u00ealer le processus de construction de Quantium, avec Marina Otero Verzier, Manuel Correa, et Aran Garc\u00eda-Lekue"},"content":{"rendered":"<div class=\"wp-block-image\">\n<figure class=\"aligncenter size-full\"><a href=\"https:\/\/quantum2025.org\/wp-content\/uploads\/2025\/02\/67b326f44bc0e.jpg\"><img fetchpriority=\"high\" decoding=\"async\" width=\"1024\" height=\"576\" src=\"https:\/\/quantum2025.org\/wp-content\/uploads\/2025\/02\/67b326f44bc0e.jpg\" alt=\"\" class=\"wp-image-4091\" srcset=\"https:\/\/quantum2025.org\/wp-content\/uploads\/2025\/02\/67b326f44bc0e.jpg 1024w, https:\/\/quantum2025.org\/wp-content\/uploads\/2025\/02\/67b326f44bc0e-300x169.jpg 300w, https:\/\/quantum2025.org\/wp-content\/uploads\/2025\/02\/67b326f44bc0e-768x432.jpg 768w\" sizes=\"(max-width: 1024px) 100vw, 1024px\" \/><\/a><\/figure>\n<\/div>\n<p>Lors de cette nouvelle session du programme public Organismo Year One, Marina Otero, architecte et chercheuse, et Manuel Correa, cin\u00e9aste et chercheur, pr\u00e9senteront la recherche et le processus cr\u00e9atif \u00e0 l&rsquo;origine du film qui accompagne l&rsquo;installation vid\u00e9o <em>Building for Quantum<\/em>. Cette \u0153uvre sera pr\u00e9sent\u00e9e lors de la 19e \u00e9dition de la Biennale d&rsquo;architecture de Venise, intitul\u00e9e \u00ab\u00a0Intelligens. Natural. Artificiel. Collective\u00a0\u00bb &#8211; et sera pr\u00e9sent\u00e9e en avant-premi\u00e8re lors de l&rsquo;inauguration de l&rsquo;\u00e9v\u00e9nement en mai de cette ann\u00e9e. <\/p>\n\n<p>Le film Building for Quantum suit la construction du b\u00e2timent qui accueillera l&rsquo;un des rares ordinateurs quantiques au monde, le premier en Espagne. Alors que l&rsquo;informatique quantique red\u00e9finit les fronti\u00e8res de la connaissance, ce film, encore en cours de r\u00e9alisation, examine les imaginaires et les aspirations qui entourent l&rsquo;arriv\u00e9e de cette technologie au Quantum Basque Center \u00e0 Donostia-San Sebasti\u00e1n. Le film explore l&rsquo;intersection du physique et du philosophique dans l&rsquo;architecture quantique, juxtaposant les mat\u00e9riaux tangibles et ordinaires de la brique et du mortier \u00e0 la pr\u00e9cision m\u00e9ticuleuse requise pour maintenir des chambres \u00e0 vide presque parfaites \u00e0 des temp\u00e9ratures plus froides que celles de l&rsquo;espace lointain.  <\/p>\n\n<p>L&rsquo;\u00e9v\u00e9nement accueillera Aran Garc\u00eda-Lekue, physicienne et docteur en science et technologie des mat\u00e9riaux, sp\u00e9cialis\u00e9e dans le d\u00e9veloppement et l&rsquo;application d&rsquo;outils informatiques pour la simulation des propri\u00e9t\u00e9s \u00e9lectroniques quantiques \u00e0 l&rsquo;\u00e9chelle nanom\u00e9trique. Avec elle, nous explorerons les principes de ces th\u00e9ories, qui ont \u00e9t\u00e9 contre-intuitives pour les humains jusqu&rsquo;\u00e0 pr\u00e9sent, et les horizons qui peuvent \u00e9merger de leur instrumentalisation. Tous trois engageront une conversation afin de d\u00e9couvrir les potentiels de cette science et le changement de paradigme qu&rsquo;elle repr\u00e9sente par rapport \u00e0 la m\u00e9canique classique, selon laquelle nous avons traditionnellement organis\u00e9 nos modes de vie.  <\/p>\n","protected":false},"featured_media":0,"template":"","keywords":[81,66,67,55,57,59,68],"class_list":["post-6677","iyq-event","type-iyq-event","status-publish","hentry","keywords-art-and-culture","keywords-engineering","keywords-materials-science","keywords-quantum-science","keywords-quantum-technology","keywords-research","keywords-sustainability"],"acf":[],"yoast_head":"<!-- This site is optimized with the Yoast SEO plugin v27.4 - https:\/\/yoast.com\/product\/yoast-seo-wordpress\/ -->\n<title>D\u00e9m\u00ealer le processus de construction de Quantium, avec Marina Otero Verzier, Manuel Correa, et Aran Garc\u00eda-Lekue - IYQ 2025<\/title>\n<meta name=\"description\" content=\"Lors de cette nouvelle session du programme public Organismo Year One, Marina Otero, architecte et chercheuse, et Manuel Correa, cin\u00e9aste et chercheur, pr\u00e9senteront la recherche et le processus cr\u00e9atif \u00e0 l&#039;origine du film qui accompagne l&#039;installation vid\u00e9o Building for Quantum. Cette \u0153uvre sera pr\u00e9sent\u00e9e lors de la 19e \u00e9dition de la Biennale d&#039;architecture de Venise, intitul\u00e9e &quot;Intelligens. Natural. Artificiel. Collective&quot; - et sera pr\u00e9sent\u00e9e en avant-premi\u00e8re lors de l&#039;inauguration de l&#039;\u00e9v\u00e9nement en mai de cette ann\u00e9e.\" \/>\n<meta name=\"robots\" content=\"index, follow, max-snippet:-1, max-image-preview:large, max-video-preview:-1\" \/>\n<meta property=\"og:locale\" content=\"fr_FR\" \/>\n<meta property=\"og:type\" content=\"article\" \/>\n<meta property=\"og:title\" content=\"D\u00e9m\u00ealer le processus de construction de Quantium, avec Marina Otero Verzier, Manuel Correa, et Aran Garc\u00eda-Lekue - IYQ 2025\" \/>\n<meta property=\"og:description\" content=\"Lors de cette nouvelle session du programme public Organismo Year One, Marina Otero, architecte et chercheuse, et Manuel Correa, cin\u00e9aste et chercheur, pr\u00e9senteront la recherche et le processus cr\u00e9atif \u00e0 l&#039;origine du film qui accompagne l&#039;installation vid\u00e9o Building for Quantum. Cette \u0153uvre sera pr\u00e9sent\u00e9e lors de la 19e \u00e9dition de la Biennale d&#039;architecture de Venise, intitul\u00e9e &quot;Intelligens. Natural. Artificiel. Collective&quot; - et sera pr\u00e9sent\u00e9e en avant-premi\u00e8re lors de l&#039;inauguration de l&#039;\u00e9v\u00e9nement en mai de cette ann\u00e9e.\" \/>\n<meta property=\"og:url\" content=\"https:\/\/quantum2025.org\/iyq-event\/demeler-le-processus-de-construction-de-quantium-avec-marina-otero-verzier-manuel-correa-et-aran-garcia-lekue\/\" \/>\n<meta property=\"og:site_name\" content=\"IYQ 2025\" \/>\n<meta property=\"article:publisher\" content=\"https:\/\/www.facebook.com\/quantumyear2025\" \/>\n<meta property=\"article:modified_time\" content=\"2025-05-16T10:15:52+00:00\" \/>\n<meta property=\"og:image\" content=\"https:\/\/quantum2025.org\/wp-content\/uploads\/2025\/02\/67b326f44bc0e.jpg\" \/>\n\t<meta property=\"og:image:width\" content=\"1024\" \/>\n\t<meta property=\"og:image:height\" content=\"576\" \/>\n\t<meta property=\"og:image:type\" content=\"image\/jpeg\" \/>\n<meta name=\"twitter:card\" content=\"summary_large_image\" \/>\n<meta name=\"twitter:site\" content=\"@QuantumYear2025\" \/>\n<meta name=\"twitter:label1\" content=\"Est. reading time\" \/>\n\t<meta name=\"twitter:data1\" content=\"2 minutes\" \/>\n<script type=\"application\/ld+json\" class=\"yoast-schema-graph\">{\"@context\":\"https:\\\/\\\/schema.org\",\"@graph\":[{\"@type\":\"WebPage\",\"@id\":\"https:\\\/\\\/quantum2025.org\\\/iyq-event\\\/demeler-le-processus-de-construction-de-quantium-avec-marina-otero-verzier-manuel-correa-et-aran-garcia-lekue\\\/\",\"url\":\"https:\\\/\\\/quantum2025.org\\\/iyq-event\\\/demeler-le-processus-de-construction-de-quantium-avec-marina-otero-verzier-manuel-correa-et-aran-garcia-lekue\\\/\",\"name\":\"D\u00e9m\u00ealer le processus de construction de Quantium, avec Marina Otero Verzier, Manuel Correa, et Aran Garc\u00eda-Lekue - IYQ 2025\",\"isPartOf\":{\"@id\":\"https:\\\/\\\/quantum2025.org\\\/#website\"},\"primaryImageOfPage\":{\"@id\":\"https:\\\/\\\/quantum2025.org\\\/iyq-event\\\/demeler-le-processus-de-construction-de-quantium-avec-marina-otero-verzier-manuel-correa-et-aran-garcia-lekue\\\/#primaryimage\"},\"image\":{\"@id\":\"https:\\\/\\\/quantum2025.org\\\/iyq-event\\\/demeler-le-processus-de-construction-de-quantium-avec-marina-otero-verzier-manuel-correa-et-aran-garcia-lekue\\\/#primaryimage\"},\"thumbnailUrl\":\"https:\\\/\\\/quantum2025.org\\\/wp-content\\\/uploads\\\/2025\\\/02\\\/67b326f44bc0e.jpg\",\"datePublished\":\"2025-02-19T09:37:10+00:00\",\"dateModified\":\"2025-05-16T10:15:52+00:00\",\"description\":\"Lors de cette nouvelle session du programme public Organismo Year One, Marina Otero, architecte et chercheuse, et Manuel Correa, cin\u00e9aste et chercheur, pr\u00e9senteront la recherche et le processus cr\u00e9atif \u00e0 l'origine du film qui accompagne l'installation vid\u00e9o Building for Quantum. Cette \u0153uvre sera pr\u00e9sent\u00e9e lors de la 19e \u00e9dition de la Biennale d'architecture de Venise, intitul\u00e9e \\\"Intelligens. Natural. Artificiel. Collective\\\" - et sera pr\u00e9sent\u00e9e en avant-premi\u00e8re lors de l'inauguration de l'\u00e9v\u00e9nement en mai de cette ann\u00e9e.\",\"breadcrumb\":{\"@id\":\"https:\\\/\\\/quantum2025.org\\\/iyq-event\\\/demeler-le-processus-de-construction-de-quantium-avec-marina-otero-verzier-manuel-correa-et-aran-garcia-lekue\\\/#breadcrumb\"},\"inLanguage\":\"fr-FR\",\"potentialAction\":[{\"@type\":\"ReadAction\",\"target\":[\"https:\\\/\\\/quantum2025.org\\\/iyq-event\\\/demeler-le-processus-de-construction-de-quantium-avec-marina-otero-verzier-manuel-correa-et-aran-garcia-lekue\\\/\"]}]},{\"@type\":\"ImageObject\",\"inLanguage\":\"fr-FR\",\"@id\":\"https:\\\/\\\/quantum2025.org\\\/iyq-event\\\/demeler-le-processus-de-construction-de-quantium-avec-marina-otero-verzier-manuel-correa-et-aran-garcia-lekue\\\/#primaryimage\",\"url\":\"https:\\\/\\\/quantum2025.org\\\/wp-content\\\/uploads\\\/2025\\\/02\\\/67b326f44bc0e.jpg\",\"contentUrl\":\"https:\\\/\\\/quantum2025.org\\\/wp-content\\\/uploads\\\/2025\\\/02\\\/67b326f44bc0e.jpg\"},{\"@type\":\"BreadcrumbList\",\"@id\":\"https:\\\/\\\/quantum2025.org\\\/iyq-event\\\/demeler-le-processus-de-construction-de-quantium-avec-marina-otero-verzier-manuel-correa-et-aran-garcia-lekue\\\/#breadcrumb\",\"itemListElement\":[{\"@type\":\"ListItem\",\"position\":1,\"name\":\"Home\",\"item\":\"https:\\\/\\\/quantum2025.org\\\/\"},{\"@type\":\"ListItem\",\"position\":2,\"name\":\"Events\",\"item\":\"https:\\\/\\\/quantum2025.org\\\/iyq-event\\\/\"},{\"@type\":\"ListItem\",\"position\":3,\"name\":\"D\u00e9m\u00ealer le processus de construction de Quantium, avec Marina Otero Verzier, Manuel Correa, et Aran Garc\u00eda-Lekue\"}]},{\"@type\":\"WebSite\",\"@id\":\"https:\\\/\\\/quantum2025.org\\\/#website\",\"url\":\"https:\\\/\\\/quantum2025.org\\\/\",\"name\":\"IYQ 2025\",\"description\":\"International Year of Quantum\",\"potentialAction\":[{\"@type\":\"SearchAction\",\"target\":{\"@type\":\"EntryPoint\",\"urlTemplate\":\"https:\\\/\\\/quantum2025.org\\\/?s={search_term_string}\"},\"query-input\":{\"@type\":\"PropertyValueSpecification\",\"valueRequired\":true,\"valueName\":\"search_term_string\"}}],\"inLanguage\":\"fr-FR\"}]}<\/script>\n<!-- \/ Yoast SEO plugin. -->","yoast_head_json":{"title":"D\u00e9m\u00ealer le processus de construction de Quantium, avec Marina Otero Verzier, Manuel Correa, et Aran Garc\u00eda-Lekue - IYQ 2025","description":"Lors de cette nouvelle session du programme public Organismo Year One, Marina Otero, architecte et chercheuse, et Manuel Correa, cin\u00e9aste et chercheur, pr\u00e9senteront la recherche et le processus cr\u00e9atif \u00e0 l'origine du film qui accompagne l'installation vid\u00e9o Building for Quantum. Cette \u0153uvre sera pr\u00e9sent\u00e9e lors de la 19e \u00e9dition de la Biennale d'architecture de Venise, intitul\u00e9e \"Intelligens. Natural. Artificiel. Collective\" - et sera pr\u00e9sent\u00e9e en avant-premi\u00e8re lors de l'inauguration de l'\u00e9v\u00e9nement en mai de cette ann\u00e9e.","robots":{"index":"index","follow":"follow","max-snippet":"max-snippet:-1","max-image-preview":"max-image-preview:large","max-video-preview":"max-video-preview:-1"},"og_locale":"fr_FR","og_type":"article","og_title":"D\u00e9m\u00ealer le processus de construction de Quantium, avec Marina Otero Verzier, Manuel Correa, et Aran Garc\u00eda-Lekue - IYQ 2025","og_description":"Lors de cette nouvelle session du programme public Organismo Year One, Marina Otero, architecte et chercheuse, et Manuel Correa, cin\u00e9aste et chercheur, pr\u00e9senteront la recherche et le processus cr\u00e9atif \u00e0 l'origine du film qui accompagne l'installation vid\u00e9o Building for Quantum. Cette \u0153uvre sera pr\u00e9sent\u00e9e lors de la 19e \u00e9dition de la Biennale d'architecture de Venise, intitul\u00e9e \"Intelligens. Natural. Artificiel. Collective\" - et sera pr\u00e9sent\u00e9e en avant-premi\u00e8re lors de l'inauguration de l'\u00e9v\u00e9nement en mai de cette ann\u00e9e.","og_url":"https:\/\/quantum2025.org\/iyq-event\/demeler-le-processus-de-construction-de-quantium-avec-marina-otero-verzier-manuel-correa-et-aran-garcia-lekue\/","og_site_name":"IYQ 2025","article_publisher":"https:\/\/www.facebook.com\/quantumyear2025","article_modified_time":"2025-05-16T10:15:52+00:00","og_image":[{"width":1024,"height":576,"url":"https:\/\/quantum2025.org\/wp-content\/uploads\/2025\/02\/67b326f44bc0e.jpg","type":"image\/jpeg"}],"twitter_card":"summary_large_image","twitter_site":"@QuantumYear2025","twitter_misc":{"Est. reading time":"2 minutes"},"schema":{"@context":"https:\/\/schema.org","@graph":[{"@type":"WebPage","@id":"https:\/\/quantum2025.org\/iyq-event\/demeler-le-processus-de-construction-de-quantium-avec-marina-otero-verzier-manuel-correa-et-aran-garcia-lekue\/","url":"https:\/\/quantum2025.org\/iyq-event\/demeler-le-processus-de-construction-de-quantium-avec-marina-otero-verzier-manuel-correa-et-aran-garcia-lekue\/","name":"D\u00e9m\u00ealer le processus de construction de Quantium, avec Marina Otero Verzier, Manuel Correa, et Aran Garc\u00eda-Lekue - IYQ 2025","isPartOf":{"@id":"https:\/\/quantum2025.org\/#website"},"primaryImageOfPage":{"@id":"https:\/\/quantum2025.org\/iyq-event\/demeler-le-processus-de-construction-de-quantium-avec-marina-otero-verzier-manuel-correa-et-aran-garcia-lekue\/#primaryimage"},"image":{"@id":"https:\/\/quantum2025.org\/iyq-event\/demeler-le-processus-de-construction-de-quantium-avec-marina-otero-verzier-manuel-correa-et-aran-garcia-lekue\/#primaryimage"},"thumbnailUrl":"https:\/\/quantum2025.org\/wp-content\/uploads\/2025\/02\/67b326f44bc0e.jpg","datePublished":"2025-02-19T09:37:10+00:00","dateModified":"2025-05-16T10:15:52+00:00","description":"Lors de cette nouvelle session du programme public Organismo Year One, Marina Otero, architecte et chercheuse, et Manuel Correa, cin\u00e9aste et chercheur, pr\u00e9senteront la recherche et le processus cr\u00e9atif \u00e0 l'origine du film qui accompagne l'installation vid\u00e9o Building for Quantum. Cette \u0153uvre sera pr\u00e9sent\u00e9e lors de la 19e \u00e9dition de la Biennale d'architecture de Venise, intitul\u00e9e \"Intelligens. Natural. Artificiel. Collective\" - et sera pr\u00e9sent\u00e9e en avant-premi\u00e8re lors de l'inauguration de l'\u00e9v\u00e9nement en mai de cette ann\u00e9e.","breadcrumb":{"@id":"https:\/\/quantum2025.org\/iyq-event\/demeler-le-processus-de-construction-de-quantium-avec-marina-otero-verzier-manuel-correa-et-aran-garcia-lekue\/#breadcrumb"},"inLanguage":"fr-FR","potentialAction":[{"@type":"ReadAction","target":["https:\/\/quantum2025.org\/iyq-event\/demeler-le-processus-de-construction-de-quantium-avec-marina-otero-verzier-manuel-correa-et-aran-garcia-lekue\/"]}]},{"@type":"ImageObject","inLanguage":"fr-FR","@id":"https:\/\/quantum2025.org\/iyq-event\/demeler-le-processus-de-construction-de-quantium-avec-marina-otero-verzier-manuel-correa-et-aran-garcia-lekue\/#primaryimage","url":"https:\/\/quantum2025.org\/wp-content\/uploads\/2025\/02\/67b326f44bc0e.jpg","contentUrl":"https:\/\/quantum2025.org\/wp-content\/uploads\/2025\/02\/67b326f44bc0e.jpg"},{"@type":"BreadcrumbList","@id":"https:\/\/quantum2025.org\/iyq-event\/demeler-le-processus-de-construction-de-quantium-avec-marina-otero-verzier-manuel-correa-et-aran-garcia-lekue\/#breadcrumb","itemListElement":[{"@type":"ListItem","position":1,"name":"Home","item":"https:\/\/quantum2025.org\/"},{"@type":"ListItem","position":2,"name":"Events","item":"https:\/\/quantum2025.org\/iyq-event\/"},{"@type":"ListItem","position":3,"name":"D\u00e9m\u00ealer le processus de construction de Quantium, avec Marina Otero Verzier, Manuel Correa, et Aran Garc\u00eda-Lekue"}]},{"@type":"WebSite","@id":"https:\/\/quantum2025.org\/#website","url":"https:\/\/quantum2025.org\/","name":"IYQ 2025","description":"International Year of Quantum","potentialAction":[{"@type":"SearchAction","target":{"@type":"EntryPoint","urlTemplate":"https:\/\/quantum2025.org\/?s={search_term_string}"},"query-input":{"@type":"PropertyValueSpecification","valueRequired":true,"valueName":"search_term_string"}}],"inLanguage":"fr-FR"}]}},"_links":{"self":[{"href":"https:\/\/quantum2025.org\/fr\/wp-json\/wp\/v2\/iyq-event\/6677","targetHints":{"allow":["GET"]}}],"collection":[{"href":"https:\/\/quantum2025.org\/fr\/wp-json\/wp\/v2\/iyq-event"}],"about":[{"href":"https:\/\/quantum2025.org\/fr\/wp-json\/wp\/v2\/types\/iyq-event"}],"version-history":[{"count":0,"href":"https:\/\/quantum2025.org\/fr\/wp-json\/wp\/v2\/iyq-event\/6677\/revisions"}],"wp:attachment":[{"href":"https:\/\/quantum2025.org\/fr\/wp-json\/wp\/v2\/media?parent=6677"}],"wp:term":[{"taxonomy":"keywords","embeddable":true,"href":"https:\/\/quantum2025.org\/fr\/wp-json\/wp\/v2\/keywords?post=6677"}],"curies":[{"name":"wp","href":"https:\/\/api.w.org\/{rel}","templated":true}]}}