{"id":2943,"date":"2025-01-24T09:40:02","date_gmt":"2025-01-24T09:40:02","guid":{"rendered":"https:\/\/quantum2025.org\/iyq-event\/symposium-sur-le-siecle-quantique\/"},"modified":"2025-03-24T09:08:33","modified_gmt":"2025-03-24T09:08:33","slug":"symposium-sur-le-siecle-quantique","status":"publish","type":"iyq-event","link":"https:\/\/quantum2025.org\/fr\/iyq-event\/symposium-sur-le-siecle-quantique\/","title":{"rendered":"Symposium sur le si\u00e8cle quantique"},"content":{"rendered":"\n<p>L&rsquo;universit\u00e9 de Zurich a organis\u00e9 un symposium public avec des expos\u00e9s accessibles couvrant le pass\u00e9, le pr\u00e9sent et l&rsquo;avenir de la physique quantique ainsi que ses fondements philosophiques. D&rsquo;\u00e9minents scientifiques expliqueront comment ils utilisent l&rsquo;une des th\u00e9ories les plus abouties de l&rsquo;humanit\u00e9 dans leur travail quotidien, comment la deuxi\u00e8me r\u00e9volution quantique influencera notre vie gr\u00e2ce \u00e0 des technologies r\u00e9volutionnaires et pourquoi nous avons encore du mal \u00e0 comprendre le fonctionnement de la m\u00e9canique quantique. Les conf\u00e9rences seront suivies d&rsquo;un <em>ap\u00e9ritif<\/em> et du vernissage de l&rsquo;exposition Le si\u00e8cle quantique. Les conf\u00e9rences se d\u00e9rouleront en anglais.   <\/p>\n\n<p>L&rsquo;universit\u00e9 de Zurich organise un symposium officiel avec des expos\u00e9s sur l&rsquo;histoire, la gen\u00e8se et l&rsquo;avenir de la physique quantique, ainsi que sur ses fondements philosophiques, dans un style diff\u00e9rent. Des scientifiques de renom expliqueront comment ils utilisent l&rsquo;une des th\u00e9ories les plus efficaces que nous connaissons pour leur travail quotidien, comment la deuxi\u00e8me r\u00e9volution quantique a boulevers\u00e9 notre vie avec des technologies radicalement nouvelles et pourquoi nous avons toujours plus de difficult\u00e9s \u00e0 comprendre le fonctionnement de la m\u00e9canique quantique. Les expos\u00e9s seront suivis d&rsquo;un ap\u00e9ritif et du vernissage de l&rsquo;exposition Qunatum Century. Les expos\u00e9s sont r\u00e9dig\u00e9s en anglais.   <\/p>\n","protected":false},"featured_media":0,"template":"","keywords":[],"class_list":["post-2943","iyq-event","type-iyq-event","status-publish","hentry"],"acf":[],"yoast_head":"<!-- This site is optimized with the Yoast SEO plugin v27.4 - https:\/\/yoast.com\/product\/yoast-seo-wordpress\/ -->\n<title>Symposium sur le si\u00e8cle quantique - IYQ 2025<\/title>\n<meta name=\"description\" content=\"L&#039;universit\u00e9 de Zurich a organis\u00e9 un symposium public avec des expos\u00e9s accessibles couvrant le pass\u00e9, le pr\u00e9sent et l&#039;avenir de la physique quantique ainsi que ses fondements philosophiques. D&#039;\u00e9minents scientifiques expliqueront comment ils utilisent l&#039;une des th\u00e9ories les plus abouties de l&#039;humanit\u00e9 dans leur travail quotidien, comment la deuxi\u00e8me r\u00e9volution quantique influencera notre vie gr\u00e2ce \u00e0 des technologies r\u00e9volutionnaires et pourquoi nous avons encore du mal \u00e0 comprendre le fonctionnement de la m\u00e9canique quantique. Les conf\u00e9rences seront suivies d&#039;un ap\u00e9ritif et du vernissage de l&#039;exposition Le si\u00e8cle quantique. Les conf\u00e9rences se d\u00e9rouleront en anglais.\" \/>\n<meta name=\"robots\" content=\"index, follow, max-snippet:-1, max-image-preview:large, max-video-preview:-1\" \/>\n<meta property=\"og:locale\" content=\"fr_FR\" \/>\n<meta property=\"og:type\" content=\"article\" \/>\n<meta property=\"og:title\" content=\"Symposium sur le si\u00e8cle quantique - IYQ 2025\" \/>\n<meta property=\"og:description\" content=\"L&#039;universit\u00e9 de Zurich a organis\u00e9 un symposium public avec des expos\u00e9s accessibles couvrant le pass\u00e9, le pr\u00e9sent et l&#039;avenir de la physique quantique ainsi que ses fondements philosophiques. D&#039;\u00e9minents scientifiques expliqueront comment ils utilisent l&#039;une des th\u00e9ories les plus abouties de l&#039;humanit\u00e9 dans leur travail quotidien, comment la deuxi\u00e8me r\u00e9volution quantique influencera notre vie gr\u00e2ce \u00e0 des technologies r\u00e9volutionnaires et pourquoi nous avons encore du mal \u00e0 comprendre le fonctionnement de la m\u00e9canique quantique. Les conf\u00e9rences seront suivies d&#039;un ap\u00e9ritif et du vernissage de l&#039;exposition Le si\u00e8cle quantique. Les conf\u00e9rences se d\u00e9rouleront en anglais.\" \/>\n<meta property=\"og:url\" content=\"https:\/\/quantum2025.org\/fr\/iyq-event\/symposium-sur-le-siecle-quantique\/\" \/>\n<meta property=\"og:site_name\" content=\"IYQ 2025\" \/>\n<meta property=\"article:publisher\" content=\"https:\/\/www.facebook.com\/quantumyear2025\" \/>\n<meta property=\"article:modified_time\" content=\"2025-03-24T09:08:33+00:00\" \/>\n<meta name=\"twitter:card\" content=\"summary_large_image\" \/>\n<meta name=\"twitter:site\" content=\"@QuantumYear2025\" \/>\n<meta name=\"twitter:label1\" content=\"Est. reading time\" \/>\n\t<meta name=\"twitter:data1\" content=\"1 minute\" \/>\n<script type=\"application\/ld+json\" class=\"yoast-schema-graph\">{\"@context\":\"https:\\\/\\\/schema.org\",\"@graph\":[{\"@type\":\"WebPage\",\"@id\":\"https:\\\/\\\/quantum2025.org\\\/fr\\\/iyq-event\\\/symposium-sur-le-siecle-quantique\\\/\",\"url\":\"https:\\\/\\\/quantum2025.org\\\/fr\\\/iyq-event\\\/symposium-sur-le-siecle-quantique\\\/\",\"name\":\"Symposium sur le si\u00e8cle quantique - IYQ 2025\",\"isPartOf\":{\"@id\":\"https:\\\/\\\/quantum2025.org\\\/#website\"},\"datePublished\":\"2025-01-24T09:40:02+00:00\",\"dateModified\":\"2025-03-24T09:08:33+00:00\",\"description\":\"L'universit\u00e9 de Zurich a organis\u00e9 un symposium public avec des expos\u00e9s accessibles couvrant le pass\u00e9, le pr\u00e9sent et l'avenir de la physique quantique ainsi que ses fondements philosophiques. D'\u00e9minents scientifiques expliqueront comment ils utilisent l'une des th\u00e9ories les plus abouties de l'humanit\u00e9 dans leur travail quotidien, comment la deuxi\u00e8me r\u00e9volution quantique influencera notre vie gr\u00e2ce \u00e0 des technologies r\u00e9volutionnaires et pourquoi nous avons encore du mal \u00e0 comprendre le fonctionnement de la m\u00e9canique quantique. Les conf\u00e9rences seront suivies d'un ap\u00e9ritif et du vernissage de l'exposition Le si\u00e8cle quantique. Les conf\u00e9rences se d\u00e9rouleront en anglais.\",\"breadcrumb\":{\"@id\":\"https:\\\/\\\/quantum2025.org\\\/fr\\\/iyq-event\\\/symposium-sur-le-siecle-quantique\\\/#breadcrumb\"},\"inLanguage\":\"fr-FR\",\"potentialAction\":[{\"@type\":\"ReadAction\",\"target\":[\"https:\\\/\\\/quantum2025.org\\\/fr\\\/iyq-event\\\/symposium-sur-le-siecle-quantique\\\/\"]}]},{\"@type\":\"BreadcrumbList\",\"@id\":\"https:\\\/\\\/quantum2025.org\\\/fr\\\/iyq-event\\\/symposium-sur-le-siecle-quantique\\\/#breadcrumb\",\"itemListElement\":[{\"@type\":\"ListItem\",\"position\":1,\"name\":\"Home\",\"item\":\"https:\\\/\\\/quantum2025.org\\\/fr\\\/page-daccueil-2\\\/\"},{\"@type\":\"ListItem\",\"position\":2,\"name\":\"Events\",\"item\":\"https:\\\/\\\/quantum2025.org\\\/iyq-event\\\/\"},{\"@type\":\"ListItem\",\"position\":3,\"name\":\"Symposium sur le si\u00e8cle quantique\"}]},{\"@type\":\"WebSite\",\"@id\":\"https:\\\/\\\/quantum2025.org\\\/#website\",\"url\":\"https:\\\/\\\/quantum2025.org\\\/\",\"name\":\"IYQ 2025\",\"description\":\"International Year of Quantum\",\"potentialAction\":[{\"@type\":\"SearchAction\",\"target\":{\"@type\":\"EntryPoint\",\"urlTemplate\":\"https:\\\/\\\/quantum2025.org\\\/?s={search_term_string}\"},\"query-input\":{\"@type\":\"PropertyValueSpecification\",\"valueRequired\":true,\"valueName\":\"search_term_string\"}}],\"inLanguage\":\"fr-FR\"}]}<\/script>\n<!-- \/ Yoast SEO plugin. -->","yoast_head_json":{"title":"Symposium sur le si\u00e8cle quantique - IYQ 2025","description":"L'universit\u00e9 de Zurich a organis\u00e9 un symposium public avec des expos\u00e9s accessibles couvrant le pass\u00e9, le pr\u00e9sent et l'avenir de la physique quantique ainsi que ses fondements philosophiques. D'\u00e9minents scientifiques expliqueront comment ils utilisent l'une des th\u00e9ories les plus abouties de l'humanit\u00e9 dans leur travail quotidien, comment la deuxi\u00e8me r\u00e9volution quantique influencera notre vie gr\u00e2ce \u00e0 des technologies r\u00e9volutionnaires et pourquoi nous avons encore du mal \u00e0 comprendre le fonctionnement de la m\u00e9canique quantique. Les conf\u00e9rences seront suivies d'un ap\u00e9ritif et du vernissage de l'exposition Le si\u00e8cle quantique. Les conf\u00e9rences se d\u00e9rouleront en anglais.","robots":{"index":"index","follow":"follow","max-snippet":"max-snippet:-1","max-image-preview":"max-image-preview:large","max-video-preview":"max-video-preview:-1"},"og_locale":"fr_FR","og_type":"article","og_title":"Symposium sur le si\u00e8cle quantique - IYQ 2025","og_description":"L'universit\u00e9 de Zurich a organis\u00e9 un symposium public avec des expos\u00e9s accessibles couvrant le pass\u00e9, le pr\u00e9sent et l'avenir de la physique quantique ainsi que ses fondements philosophiques. D'\u00e9minents scientifiques expliqueront comment ils utilisent l'une des th\u00e9ories les plus abouties de l'humanit\u00e9 dans leur travail quotidien, comment la deuxi\u00e8me r\u00e9volution quantique influencera notre vie gr\u00e2ce \u00e0 des technologies r\u00e9volutionnaires et pourquoi nous avons encore du mal \u00e0 comprendre le fonctionnement de la m\u00e9canique quantique. Les conf\u00e9rences seront suivies d'un ap\u00e9ritif et du vernissage de l'exposition Le si\u00e8cle quantique. Les conf\u00e9rences se d\u00e9rouleront en anglais.","og_url":"https:\/\/quantum2025.org\/fr\/iyq-event\/symposium-sur-le-siecle-quantique\/","og_site_name":"IYQ 2025","article_publisher":"https:\/\/www.facebook.com\/quantumyear2025","article_modified_time":"2025-03-24T09:08:33+00:00","twitter_card":"summary_large_image","twitter_site":"@QuantumYear2025","twitter_misc":{"Est. reading time":"1 minute"},"schema":{"@context":"https:\/\/schema.org","@graph":[{"@type":"WebPage","@id":"https:\/\/quantum2025.org\/fr\/iyq-event\/symposium-sur-le-siecle-quantique\/","url":"https:\/\/quantum2025.org\/fr\/iyq-event\/symposium-sur-le-siecle-quantique\/","name":"Symposium sur le si\u00e8cle quantique - IYQ 2025","isPartOf":{"@id":"https:\/\/quantum2025.org\/#website"},"datePublished":"2025-01-24T09:40:02+00:00","dateModified":"2025-03-24T09:08:33+00:00","description":"L'universit\u00e9 de Zurich a organis\u00e9 un symposium public avec des expos\u00e9s accessibles couvrant le pass\u00e9, le pr\u00e9sent et l'avenir de la physique quantique ainsi que ses fondements philosophiques. D'\u00e9minents scientifiques expliqueront comment ils utilisent l'une des th\u00e9ories les plus abouties de l'humanit\u00e9 dans leur travail quotidien, comment la deuxi\u00e8me r\u00e9volution quantique influencera notre vie gr\u00e2ce \u00e0 des technologies r\u00e9volutionnaires et pourquoi nous avons encore du mal \u00e0 comprendre le fonctionnement de la m\u00e9canique quantique. Les conf\u00e9rences seront suivies d'un ap\u00e9ritif et du vernissage de l'exposition Le si\u00e8cle quantique. Les conf\u00e9rences se d\u00e9rouleront en anglais.","breadcrumb":{"@id":"https:\/\/quantum2025.org\/fr\/iyq-event\/symposium-sur-le-siecle-quantique\/#breadcrumb"},"inLanguage":"fr-FR","potentialAction":[{"@type":"ReadAction","target":["https:\/\/quantum2025.org\/fr\/iyq-event\/symposium-sur-le-siecle-quantique\/"]}]},{"@type":"BreadcrumbList","@id":"https:\/\/quantum2025.org\/fr\/iyq-event\/symposium-sur-le-siecle-quantique\/#breadcrumb","itemListElement":[{"@type":"ListItem","position":1,"name":"Home","item":"https:\/\/quantum2025.org\/fr\/page-daccueil-2\/"},{"@type":"ListItem","position":2,"name":"Events","item":"https:\/\/quantum2025.org\/iyq-event\/"},{"@type":"ListItem","position":3,"name":"Symposium sur le si\u00e8cle quantique"}]},{"@type":"WebSite","@id":"https:\/\/quantum2025.org\/#website","url":"https:\/\/quantum2025.org\/","name":"IYQ 2025","description":"International Year of Quantum","potentialAction":[{"@type":"SearchAction","target":{"@type":"EntryPoint","urlTemplate":"https:\/\/quantum2025.org\/?s={search_term_string}"},"query-input":{"@type":"PropertyValueSpecification","valueRequired":true,"valueName":"search_term_string"}}],"inLanguage":"fr-FR"}]}},"_links":{"self":[{"href":"https:\/\/quantum2025.org\/fr\/wp-json\/wp\/v2\/iyq-event\/2943","targetHints":{"allow":["GET"]}}],"collection":[{"href":"https:\/\/quantum2025.org\/fr\/wp-json\/wp\/v2\/iyq-event"}],"about":[{"href":"https:\/\/quantum2025.org\/fr\/wp-json\/wp\/v2\/types\/iyq-event"}],"version-history":[{"count":0,"href":"https:\/\/quantum2025.org\/fr\/wp-json\/wp\/v2\/iyq-event\/2943\/revisions"}],"wp:attachment":[{"href":"https:\/\/quantum2025.org\/fr\/wp-json\/wp\/v2\/media?parent=2943"}],"wp:term":[{"taxonomy":"keywords","embeddable":true,"href":"https:\/\/quantum2025.org\/fr\/wp-json\/wp\/v2\/keywords?post=2943"}],"curies":[{"name":"wp","href":"https:\/\/api.w.org\/{rel}","templated":true}]}}