{"id":4580,"date":"2025-03-06T07:03:59","date_gmt":"2025-03-06T07:03:59","guid":{"rendered":"https:\/\/quantum2025.org\/eventos-globales-iyq\/"},"modified":"2026-01-12T15:38:49","modified_gmt":"2026-01-12T15:38:49","slug":"eventos-globales-iyq","status":"publish","type":"page","link":"https:\/\/quantum2025.org\/es\/eventos-globales-iyq\/","title":{"rendered":"Eventos Globales IYQ"},"content":{"rendered":"\t\t<div data-elementor-type=\"wp-page\" data-elementor-id=\"4580\" class=\"elementor elementor-4580 elementor-4546\" data-elementor-post-type=\"page\">\n\t\t\t\t<div class=\"elementor-element elementor-element-9c6fd97 e-flex e-con-boxed e-con e-parent\" data-id=\"9c6fd97\" data-element_type=\"container\" data-e-type=\"container\" data-settings=\"{&quot;jet_parallax_layout_list&quot;:[],&quot;background_background&quot;:&quot;gradient&quot;,&quot;_ha_eqh_enable&quot;:false}\">\n\t\t\t\t\t<div class=\"e-con-inner\">\n\t\t\t\t<div class=\"elementor-element elementor-element-cc0a7fb elementor-widget__width-initial elementor-widget-tablet__width-inherit elementor-invisible elementor-widget elementor-widget-ha-gradient-heading happy-addon ha-gradient-heading\" data-id=\"cc0a7fb\" data-element_type=\"widget\" data-e-type=\"widget\" data-settings=\"{&quot;_animation&quot;:&quot;fadeInUp&quot;}\" data-widget_type=\"ha-gradient-heading.default\">\n\t\t\t\t<div class=\"elementor-widget-container\">\n\t\t\t\t\t<h1 class=\"ha-gradient-heading\">Eventos Globales IYQ<\/h1>\t\t\t\t<\/div>\n\t\t\t\t<\/div>\n\t\t\t\t<div class=\"elementor-element elementor-element-b36103c elementor-widget elementor-widget-heading\" data-id=\"b36103c\" data-element_type=\"widget\" data-e-type=\"widget\" data-widget_type=\"heading.default\">\n\t\t\t\t<div class=\"elementor-widget-container\">\n\t\t\t\t\t<p class=\"elementor-heading-title elementor-size-default\">El A\u00f1o Internacional de la Ciencia y Tecnolog\u00eda Cu\u00e1ntica se celebra en todo el mundo a trav\u00e9s de cientos de eventos y actividades organizadas de forma independiente. El Comit\u00e9 Directivo del IYQ selecciona eventos con alcance e impacto global, designados especialmente como \u201cEvento Global IYQ\u201d y que est\u00e1n recibiendo apoyo financiero de los socios del IYQ. M\u00e1s eventos y actividades globales se ir\u00e1n agregando a la lista a medida que avanza el a\u00f1o.  <\/p>\t\t\t\t<\/div>\n\t\t\t\t<\/div>\n\t\t<div class=\"elementor-element elementor-element-5f0b66f e-transform e-con-full e-flex e-con e-child\" data-id=\"5f0b66f\" data-element_type=\"container\" data-e-type=\"container\" data-settings=\"{&quot;background_background&quot;:&quot;classic&quot;,&quot;jet_parallax_layout_list&quot;:[],&quot;_transform_scale_effect_hover&quot;:{&quot;unit&quot;:&quot;px&quot;,&quot;size&quot;:1.05,&quot;sizes&quot;:[]},&quot;_ha_eqh_enable&quot;:false,&quot;_transform_scale_effect_hover_tablet&quot;:{&quot;unit&quot;:&quot;px&quot;,&quot;size&quot;:&quot;&quot;,&quot;sizes&quot;:[]},&quot;_transform_scale_effect_hover_mobile&quot;:{&quot;unit&quot;:&quot;px&quot;,&quot;size&quot;:&quot;&quot;,&quot;sizes&quot;:[]}}\">\n\t\t\t\t<div class=\"elementor-element elementor-element-2c94877 elementor-view-default elementor-widget elementor-widget-icon\" data-id=\"2c94877\" data-element_type=\"widget\" data-e-type=\"widget\" data-widget_type=\"icon.default\">\n\t\t\t\t<div class=\"elementor-widget-container\">\n\t\t\t\t\t\t\t<div class=\"elementor-icon-wrapper\">\n\t\t\t<div class=\"elementor-icon\">\n\t\t\t<svg aria-hidden=\"true\" class=\"e-font-icon-svg e-fas-bullhorn\" viewBox=\"0 0 576 512\" xmlns=\"http:\/\/www.w3.org\/2000\/svg\"><path d=\"M576 240c0-23.63-12.95-44.04-32-55.12V32.01C544 23.26 537.02 0 512 0c-7.12 0-14.19 2.38-19.98 7.02l-85.03 68.03C364.28 109.19 310.66 128 256 128H64c-35.35 0-64 28.65-64 64v96c0 35.35 28.65 64 64 64h33.7c-1.39 10.48-2.18 21.14-2.18 32 0 39.77 9.26 77.35 25.56 110.94 5.19 10.69 16.52 17.06 28.4 17.06h74.28c26.05 0 41.69-29.84 25.9-50.56-16.4-21.52-26.15-48.36-26.15-77.44 0-11.11 1.62-21.79 4.41-32H256c54.66 0 108.28 18.81 150.98 52.95l85.03 68.03a32.023 32.023 0 0 0 19.98 7.02c24.92 0 32-22.78 32-32V295.13C563.05 284.04 576 263.63 576 240zm-96 141.42l-33.05-26.44C392.95 311.78 325.12 288 256 288v-96c69.12 0 136.95-23.78 190.95-66.98L480 98.58v282.84z\"><\/path><\/svg>\t\t\t<\/div>\n\t\t<\/div>\n\t\t\t\t\t\t<\/div>\n\t\t\t\t<\/div>\n\t\t\t\t<div class=\"elementor-element elementor-element-4e91635 elementor-widget elementor-widget-heading\" data-id=\"4e91635\" data-element_type=\"widget\" data-e-type=\"widget\" data-widget_type=\"heading.default\">\n\t\t\t\t<div class=\"elementor-widget-container\">\n\t\t\t\t\t<h1 class=\"elementor-heading-title elementor-size-default\">Ceremonia de clausura del IYQ<\/h1>\t\t\t\t<\/div>\n\t\t\t\t<\/div>\n\t\t\t\t<div class=\"elementor-element elementor-element-eaf1ab7 elementor-widget__width-initial elementor-widget elementor-widget-text-editor\" data-id=\"eaf1ab7\" data-element_type=\"widget\" data-e-type=\"widget\" data-widget_type=\"text-editor.default\">\n\t\t\t\t<div class=\"elementor-widget-container\">\n\t\t\t\t\t\t\t\t\t<p>Tras m\u00e1s de mil eventos y celebraciones en todo el mundo, el A\u00f1o Internacional de la Ciencia y la Tecnolog\u00eda Cu\u00e1nticas est\u00e1 llegando a su fin. La ceremonia de clausura se celebrar\u00e1 en <strong>Accra, Ghana<\/strong>, <strong>del 10 al 12 de febrero<\/strong> de 2026. M\u00e1s detalles sobre este anuncio <a href=\"https:\/\/quantum2025.org\/iyq-closing-ceremony-information\/\">aqu\u00ed<\/a>.  <\/p>\t\t\t\t\t\t\t\t<\/div>\n\t\t\t\t<\/div>\n\t\t\t\t<\/div>\n\t\t\t\t<div class=\"elementor-element elementor-element-9ac7157 e-n-tabs-mobile elementor-widget elementor-widget-n-tabs\" data-id=\"9ac7157\" data-element_type=\"widget\" data-e-type=\"widget\" data-settings=\"{&quot;horizontal_scroll&quot;:&quot;disable&quot;}\" data-widget_type=\"nested-tabs.default\">\n\t\t\t\t<div class=\"elementor-widget-container\">\n\t\t\t\t\t\t\t<div class=\"e-n-tabs\" data-widget-number=\"162296151\" aria-label=\"Tabs. Open items with Enter or Space, close with Escape and navigate using the Arrow keys.\">\n\t\t\t<div class=\"e-n-tabs-heading\" role=\"tablist\">\n\t\t\t\t\t<button id=\"e-n-tab-title-1622961511\" data-tab-title-id=\"e-n-tab-title-1622961511\" class=\"e-n-tab-title elementor-animation-shrink\" aria-selected=\"true\" data-tab-index=\"1\" role=\"tab\" tabindex=\"0\" aria-controls=\"e-n-tab-content-1622961511\" style=\"--n-tabs-title-order: 1;\">\n\t\t\t\t\t\t<span class=\"e-n-tab-title-text\">\n\t\t\t\tEventos globales en 2025 \t\t\t<\/span>\n\t\t<\/button>\n\t\t\t\t\t<\/div>\n\t\t\t<div class=\"e-n-tabs-content\">\n\t\t\t\t<div id=\"e-n-tab-content-1622961511\" role=\"tabpanel\" aria-labelledby=\"e-n-tab-title-1622961511\" data-tab-index=\"1\" style=\"--n-tabs-title-order: 1;\" class=\"e-active elementor-element elementor-element-7f59c07 e-con-full e-flex e-con e-child\" data-id=\"7f59c07\" data-element_type=\"container\" data-e-type=\"container\" data-settings=\"{&quot;jet_parallax_layout_list&quot;:[],&quot;_ha_eqh_enable&quot;:false}\">\n\t\t<div class=\"elementor-element elementor-element-27f955a e-grid e-con-full e-con e-child\" data-id=\"27f955a\" data-element_type=\"container\" data-e-type=\"container\" data-settings=\"{&quot;jet_parallax_layout_list&quot;:[],&quot;_ha_eqh_enable&quot;:false}\">\n\t\t<div class=\"elementor-element elementor-element-f8ce713 e-con-full e-transform e-flex e-con e-child\" data-id=\"f8ce713\" data-element_type=\"container\" data-e-type=\"container\" data-settings=\"{&quot;background_background&quot;:&quot;classic&quot;,&quot;jet_parallax_layout_list&quot;:[],&quot;_transform_scale_effect_hover&quot;:{&quot;unit&quot;:&quot;px&quot;,&quot;size&quot;:1.05,&quot;sizes&quot;:[]},&quot;_ha_eqh_enable&quot;:false,&quot;_transform_scale_effect_hover_tablet&quot;:{&quot;unit&quot;:&quot;px&quot;,&quot;size&quot;:&quot;&quot;,&quot;sizes&quot;:[]},&quot;_transform_scale_effect_hover_mobile&quot;:{&quot;unit&quot;:&quot;px&quot;,&quot;size&quot;:&quot;&quot;,&quot;sizes&quot;:[]}}\">\n\t\t\t\t<div class=\"elementor-element elementor-element-4a8c52a elementor-view-default elementor-widget elementor-widget-icon\" data-id=\"4a8c52a\" data-element_type=\"widget\" data-e-type=\"widget\" data-widget_type=\"icon.default\">\n\t\t\t\t<div class=\"elementor-widget-container\">\n\t\t\t\t\t\t\t<div class=\"elementor-icon-wrapper\">\n\t\t\t<div class=\"elementor-icon\">\n\t\t\t<svg aria-hidden=\"true\" class=\"e-font-icon-svg e-fas-rocket\" viewBox=\"0 0 512 512\" xmlns=\"http:\/\/www.w3.org\/2000\/svg\"><path d=\"M505.12019,19.09375c-1.18945-5.53125-6.65819-11-12.207-12.1875C460.716,0,435.507,0,410.40747,0,307.17523,0,245.26909,55.20312,199.05238,128H94.83772c-16.34763.01562-35.55658,11.875-42.88664,26.48438L2.51562,253.29688A28.4,28.4,0,0,0,0,264a24.00867,24.00867,0,0,0,24.00582,24H127.81618l-22.47457,22.46875c-11.36521,11.36133-12.99607,32.25781,0,45.25L156.24582,406.625c11.15623,11.1875,32.15619,13.15625,45.27726,0l22.47457-22.46875V488a24.00867,24.00867,0,0,0,24.00581,24,28.55934,28.55934,0,0,0,10.707-2.51562l98.72834-49.39063c14.62888-7.29687,26.50776-26.5,26.50776-42.85937V312.79688c72.59753-46.3125,128.03493-108.40626,128.03493-211.09376C512.07526,76.5,512.07526,51.29688,505.12019,19.09375ZM384.04033,168A40,40,0,1,1,424.05,128,40.02322,40.02322,0,0,1,384.04033,168Z\"><\/path><\/svg>\t\t\t<\/div>\n\t\t<\/div>\n\t\t\t\t\t\t<\/div>\n\t\t\t\t<\/div>\n\t\t\t\t<div class=\"elementor-element elementor-element-ad00483 elementor-widget elementor-widget-heading\" data-id=\"ad00483\" data-element_type=\"widget\" data-e-type=\"widget\" data-widget_type=\"heading.default\">\n\t\t\t\t<div class=\"elementor-widget-container\">\n\t\t\t\t\t<h1 class=\"elementor-heading-title elementor-size-default\">Ceremonia de Apertura del IYQ en la UNESCO<\/h1>\t\t\t\t<\/div>\n\t\t\t\t<\/div>\n\t\t\t\t<div class=\"elementor-element elementor-element-2390d98 elementor-widget__width-initial elementor-widget elementor-widget-text-editor\" data-id=\"2390d98\" data-element_type=\"widget\" data-e-type=\"widget\" data-widget_type=\"text-editor.default\">\n\t\t\t\t<div class=\"elementor-widget-container\">\n\t\t\t\t\t\t\t\t\t<p>El A\u00f1o Internacional de la Ciencia y la Tecnolog\u00eda Cu\u00e1nticas 2025 (IYQ) conmemora los 100 a\u00f1os desde el desarrollo inicial de la mec\u00e1nica cu\u00e1ntica. <a href=\"https:\/\/www.youtube.com\/live\/EiidkzhNbYo?si=Buzmmmlv9N4TQ-7o\" target=\"_blank\" rel=\"noopener\">La ceremonia de apertura<\/a> tuvo lugar en la sede de la UNESCO en Par\u00eds, Francia, para celebrar el lanzamiento oficial del IYQ 2025.<\/p><p><strong>Fechas<\/strong><span style=\"font-weight: 400;\"><strong>: <\/strong><\/span>del 4 al 5 de febrero<span style=\"font-weight: 400;\">, 2025<\/span><\/p><p><strong>Lugar<\/strong><strong style=\"font-weight: 400;\">: <\/strong>UNESCO, Par\u00eds, Francia <\/p>\t\t\t\t\t\t\t\t<\/div>\n\t\t\t\t<\/div>\n\t\t\t\t<div class=\"elementor-element elementor-element-9979322 elementor-button-info elementor-widget elementor-widget-button\" data-id=\"9979322\" data-element_type=\"widget\" data-e-type=\"widget\" data-widget_type=\"button.default\">\n\t\t\t\t<div class=\"elementor-widget-container\">\n\t\t\t\t\t\t\t\t\t<div class=\"elementor-button-wrapper\">\n\t\t\t\t\t<a class=\"elementor-button elementor-button-link elementor-size-sm\" href=\"https:\/\/quantum2025.org\/es\/news-link\/la-unesco-pone-el-foco-en-la-ciencia-y-la-tecnologia-cuanticas\/\" target=\"_blank\" id=\"Link\">\n\t\t\t\t\t\t<span class=\"elementor-button-content-wrapper\">\n\t\t\t\t\t\t<span class=\"elementor-button-icon\">\n\t\t\t\t<svg aria-hidden=\"true\" class=\"e-font-icon-svg e-fas-arrow-right\" viewBox=\"0 0 448 512\" xmlns=\"http:\/\/www.w3.org\/2000\/svg\"><path d=\"M190.5 66.9l22.2-22.2c9.4-9.4 24.6-9.4 33.9 0L441 239c9.4 9.4 9.4 24.6 0 33.9L246.6 467.3c-9.4 9.4-24.6 9.4-33.9 0l-22.2-22.2c-9.5-9.5-9.3-25 .4-34.3L311.4 296H24c-13.3 0-24-10.7-24-24v-32c0-13.3 10.7-24 24-24h287.4L190.9 101.2c-9.8-9.3-10-24.8-.4-34.3z\"><\/path><\/svg>\t\t\t<\/span>\n\t\t\t\t\t\t\t\t\t<span class=\"elementor-button-text\">Detalles del evento<\/span>\n\t\t\t\t\t<\/span>\n\t\t\t\t\t<\/a>\n\t\t\t\t<\/div>\n\t\t\t\t\t\t\t\t<\/div>\n\t\t\t\t<\/div>\n\t\t\t\t<\/div>\n\t\t<div class=\"elementor-element elementor-element-9e66787 e-con-full e-transform e-flex e-con e-child\" data-id=\"9e66787\" data-element_type=\"container\" data-e-type=\"container\" data-settings=\"{&quot;background_background&quot;:&quot;classic&quot;,&quot;jet_parallax_layout_list&quot;:[],&quot;_transform_scale_effect_hover&quot;:{&quot;unit&quot;:&quot;px&quot;,&quot;size&quot;:1.05,&quot;sizes&quot;:[]},&quot;_ha_eqh_enable&quot;:false,&quot;_transform_scale_effect_hover_tablet&quot;:{&quot;unit&quot;:&quot;px&quot;,&quot;size&quot;:&quot;&quot;,&quot;sizes&quot;:[]},&quot;_transform_scale_effect_hover_mobile&quot;:{&quot;unit&quot;:&quot;px&quot;,&quot;size&quot;:&quot;&quot;,&quot;sizes&quot;:[]}}\">\n\t\t\t\t<div class=\"elementor-element elementor-element-efc41ca elementor-view-default elementor-widget elementor-widget-icon\" data-id=\"efc41ca\" data-element_type=\"widget\" data-e-type=\"widget\" data-widget_type=\"icon.default\">\n\t\t\t\t<div class=\"elementor-widget-container\">\n\t\t\t\t\t\t\t<div class=\"elementor-icon-wrapper\">\n\t\t\t<div class=\"elementor-icon\">\n\t\t\t<svg aria-hidden=\"true\" class=\"e-font-icon-svg e-fas-rocket\" viewBox=\"0 0 512 512\" xmlns=\"http:\/\/www.w3.org\/2000\/svg\"><path d=\"M505.12019,19.09375c-1.18945-5.53125-6.65819-11-12.207-12.1875C460.716,0,435.507,0,410.40747,0,307.17523,0,245.26909,55.20312,199.05238,128H94.83772c-16.34763.01562-35.55658,11.875-42.88664,26.48438L2.51562,253.29688A28.4,28.4,0,0,0,0,264a24.00867,24.00867,0,0,0,24.00582,24H127.81618l-22.47457,22.46875c-11.36521,11.36133-12.99607,32.25781,0,45.25L156.24582,406.625c11.15623,11.1875,32.15619,13.15625,45.27726,0l22.47457-22.46875V488a24.00867,24.00867,0,0,0,24.00581,24,28.55934,28.55934,0,0,0,10.707-2.51562l98.72834-49.39063c14.62888-7.29687,26.50776-26.5,26.50776-42.85937V312.79688c72.59753-46.3125,128.03493-108.40626,128.03493-211.09376C512.07526,76.5,512.07526,51.29688,505.12019,19.09375ZM384.04033,168A40,40,0,1,1,424.05,128,40.02322,40.02322,0,0,1,384.04033,168Z\"><\/path><\/svg>\t\t\t<\/div>\n\t\t<\/div>\n\t\t\t\t\t\t<\/div>\n\t\t\t\t<\/div>\n\t\t\t\t<div class=\"elementor-element elementor-element-d1b8a46 elementor-widget elementor-widget-heading\" data-id=\"d1b8a46\" data-element_type=\"widget\" data-e-type=\"widget\" data-widget_type=\"heading.default\">\n\t\t\t\t<div class=\"elementor-widget-container\">\n\t\t\t\t\t<h1 class=\"elementor-heading-title elementor-size-default\">Ceremonia de Apertura del IYQ en Ginebra<\/h1>\t\t\t\t<\/div>\n\t\t\t\t<\/div>\n\t\t\t\t<div class=\"elementor-element elementor-element-1574a65 elementor-widget__width-initial elementor-widget elementor-widget-text-editor\" data-id=\"1574a65\" data-element_type=\"widget\" data-e-type=\"widget\" data-widget_type=\"text-editor.default\">\n\t\t\t\t<div class=\"elementor-widget-container\">\n\t\t\t\t\t\t\t\t\t<p>El 21 de febrero de 2025, m\u00e1s de 100 personas \u2014incluidos responsables de pol\u00edticas p\u00fablicas, diplom\u00e1ticos, cient\u00edficos y educadores\u2014 se reunieron en Ginebra para celebrar el lanzamiento del <a href=\"https:\/\/quantum2025.org\/es\/news-link\/la-oqi-y-la-unesco-celebran-el-ano-internacional-de-la-cuantica-en-ginebra\/\" target=\"_blank\" rel=\"noopener\">A\u00f1o Internacional de la Ciencia y la Tecnolog\u00eda Cu\u00e1nticas (IYQ)<\/a>, tras la ceremonia oficial de apertura en la sede de la UNESCO en Par\u00eds.<\/p><p><strong>Fecha<\/strong><span style=\"font-weight: 400;\"><strong>:<\/strong><\/span> 21 de febrero<span style=\"font-weight: 400;\">, 2025<\/span><\/p><p><strong>Lugar<\/strong><strong style=\"font-weight: 400;\">: <\/strong> Conservatorio de M\u00fasica de Ginebra, Suiza <\/p>\t\t\t\t\t\t\t\t<\/div>\n\t\t\t\t<\/div>\n\t\t\t\t<div class=\"elementor-element elementor-element-4ddb291 elementor-button-info elementor-widget elementor-widget-button\" data-id=\"4ddb291\" data-element_type=\"widget\" data-e-type=\"widget\" data-widget_type=\"button.default\">\n\t\t\t\t<div class=\"elementor-widget-container\">\n\t\t\t\t\t\t\t\t\t<div class=\"elementor-button-wrapper\">\n\t\t\t\t\t<a class=\"elementor-button elementor-button-link elementor-size-sm\" href=\"https:\/\/quantum2025.org\/es\/news-link\/la-oqi-y-la-unesco-celebran-el-ano-internacional-de-la-cuantica-en-ginebra\/\" target=\"_blank\" id=\"Link\">\n\t\t\t\t\t\t<span class=\"elementor-button-content-wrapper\">\n\t\t\t\t\t\t<span class=\"elementor-button-icon\">\n\t\t\t\t<svg aria-hidden=\"true\" class=\"e-font-icon-svg e-fas-arrow-right\" viewBox=\"0 0 448 512\" xmlns=\"http:\/\/www.w3.org\/2000\/svg\"><path d=\"M190.5 66.9l22.2-22.2c9.4-9.4 24.6-9.4 33.9 0L441 239c9.4 9.4 9.4 24.6 0 33.9L246.6 467.3c-9.4 9.4-24.6 9.4-33.9 0l-22.2-22.2c-9.5-9.5-9.3-25 .4-34.3L311.4 296H24c-13.3 0-24-10.7-24-24v-32c0-13.3 10.7-24 24-24h287.4L190.9 101.2c-9.8-9.3-10-24.8-.4-34.3z\"><\/path><\/svg>\t\t\t<\/span>\n\t\t\t\t\t\t\t\t\t<span class=\"elementor-button-text\">Detalles del evento<\/span>\n\t\t\t\t\t<\/span>\n\t\t\t\t\t<\/a>\n\t\t\t\t<\/div>\n\t\t\t\t\t\t\t\t<\/div>\n\t\t\t\t<\/div>\n\t\t\t\t<\/div>\n\t\t<div class=\"elementor-element elementor-element-6e89d2e e-con-full e-transform e-flex e-con e-child\" data-id=\"6e89d2e\" data-element_type=\"container\" data-e-type=\"container\" data-settings=\"{&quot;background_background&quot;:&quot;classic&quot;,&quot;jet_parallax_layout_list&quot;:[],&quot;_transform_scale_effect_hover&quot;:{&quot;unit&quot;:&quot;px&quot;,&quot;size&quot;:1.05,&quot;sizes&quot;:[]},&quot;_ha_eqh_enable&quot;:false,&quot;_transform_scale_effect_hover_tablet&quot;:{&quot;unit&quot;:&quot;px&quot;,&quot;size&quot;:&quot;&quot;,&quot;sizes&quot;:[]},&quot;_transform_scale_effect_hover_mobile&quot;:{&quot;unit&quot;:&quot;px&quot;,&quot;size&quot;:&quot;&quot;,&quot;sizes&quot;:[]}}\">\n\t\t\t\t<div class=\"elementor-element elementor-element-e1cd1a8 elementor-view-default elementor-widget elementor-widget-icon\" data-id=\"e1cd1a8\" data-element_type=\"widget\" data-e-type=\"widget\" data-widget_type=\"icon.default\">\n\t\t\t\t<div class=\"elementor-widget-container\">\n\t\t\t\t\t\t\t<div class=\"elementor-icon-wrapper\">\n\t\t\t<div class=\"elementor-icon\">\n\t\t\t<i aria-hidden=\"true\" class=\"huge huge-bot\"><\/i>\t\t\t<\/div>\n\t\t<\/div>\n\t\t\t\t\t\t<\/div>\n\t\t\t\t<\/div>\n\t\t\t\t<div class=\"elementor-element elementor-element-7c5e1de elementor-widget elementor-widget-heading\" data-id=\"7c5e1de\" data-element_type=\"widget\" data-e-type=\"widget\" data-widget_type=\"heading.default\">\n\t\t\t\t<div class=\"elementor-widget-container\">\n\t\t\t\t\t<h1 class=\"elementor-heading-title elementor-size-default\">ITU y Coalici\u00f3n Cu\u00e1ntica: L\u00edderes del Futuro invitan al Hackat\u00f3n de Cu\u00e1ntica <\/h1>\t\t\t\t<\/div>\n\t\t\t\t<\/div>\n\t\t\t\t<div class=\"elementor-element elementor-element-b97fc04 elementor-widget__width-initial elementor-widget elementor-widget-text-editor\" data-id=\"b97fc04\" data-element_type=\"widget\" data-e-type=\"widget\" data-widget_type=\"text-editor.default\">\n\t\t\t\t<div class=\"elementor-widget-container\">\n\t\t\t\t\t\t\t\t\t<p>El hackat\u00f3n virtual cuenta con cuatro categor\u00edas: Ciencia, Educaci\u00f3n, Arte e Innovaci\u00f3n. Cada una incluye dos desaf\u00edos co-dise\u00f1ados por patrocinadores de la industria y clubes universitarios. El evento incluye talleres previos al hackat\u00f3n, un periodo de 36 horas de competencia con ceremonias de apertura y clausura, oportunidades para la formaci\u00f3n de equipos y mentor\u00eda, as\u00ed como actividades posteriores, como la presentaci\u00f3n de los proyectos ganadores y el env\u00edo de los ganadores a la categor\u00eda &#8216;Quantum for Good&#8217;, organizada como parte de la cumbre &#8216;AI for Good&#8217; en Ginebra.  <\/p><p>El evento pone \u00e9nfasis en el aprendizaje pr\u00e1ctico, la colaboraci\u00f3n global y la resoluci\u00f3n de problemas en situaciones reales .<\/p><p><i>\u00a1Participa y gana grandes premios! <\/i><\/p><p><i>\u00a1Hay 10.000 d\u00f3lares en premios y un viaje a Ginebra!<\/i><\/p><p><strong>Fechas: <\/strong><\/p><p>Serie de talleres previos al hackat\u00f3n: del 14 de marzo al 14 de mayo de 2025<\/p><p>Hackat\u00f3n: 14 de marzo al 8 de julio, 2025.<\/p><p><span style=\"font-weight: 400;\"><strong>Lugar:<\/strong> Virtual y Ginebra, Suiza<\/span><\/p>\t\t\t\t\t\t\t\t<\/div>\n\t\t\t\t<\/div>\n\t\t\t\t<div class=\"elementor-element elementor-element-921298a elementor-button-info elementor-widget elementor-widget-button\" data-id=\"921298a\" data-element_type=\"widget\" data-e-type=\"widget\" data-widget_type=\"button.default\">\n\t\t\t\t<div class=\"elementor-widget-container\">\n\t\t\t\t\t\t\t\t\t<div class=\"elementor-button-wrapper\">\n\t\t\t\t\t<a class=\"elementor-button elementor-button-link elementor-size-sm\" href=\"https:\/\/aiforgood.itu.int\/the-future-leaders-in-quantum-hackathon\/\" target=\"_blank\" id=\"Link\">\n\t\t\t\t\t\t<span class=\"elementor-button-content-wrapper\">\n\t\t\t\t\t\t<span class=\"elementor-button-icon\">\n\t\t\t\t<svg aria-hidden=\"true\" class=\"e-font-icon-svg e-fas-arrow-right\" viewBox=\"0 0 448 512\" xmlns=\"http:\/\/www.w3.org\/2000\/svg\"><path d=\"M190.5 66.9l22.2-22.2c9.4-9.4 24.6-9.4 33.9 0L441 239c9.4 9.4 9.4 24.6 0 33.9L246.6 467.3c-9.4 9.4-24.6 9.4-33.9 0l-22.2-22.2c-9.5-9.5-9.3-25 .4-34.3L311.4 296H24c-13.3 0-24-10.7-24-24v-32c0-13.3 10.7-24 24-24h287.4L190.9 101.2c-9.8-9.3-10-24.8-.4-34.3z\"><\/path><\/svg>\t\t\t<\/span>\n\t\t\t\t\t\t\t\t\t<span class=\"elementor-button-text\">Detalles del evento<\/span>\n\t\t\t\t\t<\/span>\n\t\t\t\t\t<\/a>\n\t\t\t\t<\/div>\n\t\t\t\t\t\t\t\t<\/div>\n\t\t\t\t<\/div>\n\t\t\t\t<\/div>\n\t\t<div class=\"elementor-element elementor-element-422acb4 e-transform e-con-full e-flex e-con e-child\" data-id=\"422acb4\" data-element_type=\"container\" data-e-type=\"container\" data-settings=\"{&quot;background_background&quot;:&quot;classic&quot;,&quot;jet_parallax_layout_list&quot;:[],&quot;_transform_scale_effect_hover&quot;:{&quot;unit&quot;:&quot;px&quot;,&quot;size&quot;:1.05,&quot;sizes&quot;:[]},&quot;_ha_eqh_enable&quot;:false,&quot;_transform_scale_effect_hover_tablet&quot;:{&quot;unit&quot;:&quot;px&quot;,&quot;size&quot;:&quot;&quot;,&quot;sizes&quot;:[]},&quot;_transform_scale_effect_hover_mobile&quot;:{&quot;unit&quot;:&quot;px&quot;,&quot;size&quot;:&quot;&quot;,&quot;sizes&quot;:[]}}\">\n\t\t\t\t<div class=\"elementor-element elementor-element-364af04 elementor-view-default elementor-widget elementor-widget-icon\" data-id=\"364af04\" data-element_type=\"widget\" data-e-type=\"widget\" data-widget_type=\"icon.default\">\n\t\t\t\t<div class=\"elementor-widget-container\">\n\t\t\t\t\t\t\t<div class=\"elementor-icon-wrapper\">\n\t\t\t<div class=\"elementor-icon\">\n\t\t\t<svg aria-hidden=\"true\" class=\"e-font-icon-svg e-fas-scroll\" viewBox=\"0 0 640 512\" xmlns=\"http:\/\/www.w3.org\/2000\/svg\"><path d=\"M48 0C21.53 0 0 21.53 0 48v64c0 8.84 7.16 16 16 16h80V48C96 21.53 74.47 0 48 0zm208 412.57V352h288V96c0-52.94-43.06-96-96-96H111.59C121.74 13.41 128 29.92 128 48v368c0 38.87 34.65 69.65 74.75 63.12C234.22 474 256 444.46 256 412.57zM288 384v32c0 52.93-43.06 96-96 96h336c61.86 0 112-50.14 112-112 0-8.84-7.16-16-16-16H288z\"><\/path><\/svg>\t\t\t<\/div>\n\t\t<\/div>\n\t\t\t\t\t\t<\/div>\n\t\t\t\t<\/div>\n\t\t\t\t<div class=\"elementor-element elementor-element-38b7229 elementor-widget elementor-widget-heading\" data-id=\"38b7229\" data-element_type=\"widget\" data-e-type=\"widget\" data-widget_type=\"heading.default\">\n\t\t\t\t<div class=\"elementor-widget-container\">\n\t\t\t\t\t<h1 class=\"elementor-heading-title elementor-size-default\">Poes\u00eda (Cu\u00e1ntica) Genial<\/h1>\t\t\t\t<\/div>\n\t\t\t\t<\/div>\n\t\t\t\t<div class=\"elementor-element elementor-element-255eea5 elementor-widget__width-initial elementor-widget elementor-widget-text-editor\" data-id=\"255eea5\" data-element_type=\"widget\" data-e-type=\"widget\" data-widget_type=\"text-editor.default\">\n\t\t\t\t<div class=\"elementor-widget-container\">\n\t\t\t\t\t\t\t\t\t<p><span style=\"font-weight: 400;\">El concurso Poes\u00eda (Cu\u00e1ntica) Genial invita a participantes de todo el mundo a presentar poemas inspirados en temas de la f\u00edsica cu\u00e1ntica, como la superposici\u00f3n, el entrelazamiento y la incertidumbre. Se aceptar\u00e1n presentaciones en todos los idiomas oficiales de la ONU, con traducciones al ingl\u00e9s para su evaluaci\u00f3n. <\/span><\/p><p><strong>Evento Virtual<\/strong><\/p><p><strong>Premios<\/strong><\/p><p><em>Primer premio: 1000 \u00a3 \u2014 Segundo premio: 500 \u00a3 \u2014 Tercer premio: 250 \u00a3<\/em><\/p><p><b>Lanzamiento:<\/b><span style=\"font-weight: 400;\"> 21 de marzo de 2025 <\/span> <\/p><p><b>Fecha l\u00edmite de presentaci\u00f3n:<\/b><span style=\"font-weight: 400;\">30 de junio de 2025<\/span><\/p><p><strong>Los ganadores se anunciar\u00e1n el 10 de noviembre.<\/strong><\/p><p><strong> Lectura de poetas preselecionados el 20 de novembre. <\/strong> <\/p><p><a href=\"https:\/\/tinyurl.com\/bp2025-read\" target=\"_blank\" rel=\"noopener\">\u00a1Gratis y abierto a todos!<\/a><\/p><p>13:00-14:00 (hora del Reino Unido) <\/p>\t\t\t\t\t\t\t\t<\/div>\n\t\t\t\t<\/div>\n\t\t\t\t<div class=\"elementor-element elementor-element-e5408bf elementor-view-default elementor-widget elementor-widget-icon\" data-id=\"e5408bf\" data-element_type=\"widget\" data-e-type=\"widget\" data-widget_type=\"icon.default\">\n\t\t\t\t<div class=\"elementor-widget-container\">\n\t\t\t\t\t\t\t<div class=\"elementor-icon-wrapper\">\n\t\t\t<div class=\"elementor-icon\">\n\t\t\t<i aria-hidden=\"true\" class=\"hm hm-reading-book\"><\/i>\t\t\t<\/div>\n\t\t<\/div>\n\t\t\t\t\t\t<\/div>\n\t\t\t\t<\/div>\n\t\t\t\t<div class=\"elementor-element elementor-element-ff25340 elementor-button-info elementor-widget elementor-widget-button\" data-id=\"ff25340\" data-element_type=\"widget\" data-e-type=\"widget\" data-widget_type=\"button.default\">\n\t\t\t\t<div class=\"elementor-widget-container\">\n\t\t\t\t\t\t\t\t\t<div class=\"elementor-button-wrapper\">\n\t\t\t\t\t<a class=\"elementor-button elementor-button-link elementor-size-sm\" href=\"https:\/\/www.thebrilliantpoetry.com\/\" target=\"_blank\" id=\"Link\">\n\t\t\t\t\t\t<span class=\"elementor-button-content-wrapper\">\n\t\t\t\t\t\t<span class=\"elementor-button-icon\">\n\t\t\t\t<svg aria-hidden=\"true\" class=\"e-font-icon-svg e-fas-arrow-right\" viewBox=\"0 0 448 512\" xmlns=\"http:\/\/www.w3.org\/2000\/svg\"><path d=\"M190.5 66.9l22.2-22.2c9.4-9.4 24.6-9.4 33.9 0L441 239c9.4 9.4 9.4 24.6 0 33.9L246.6 467.3c-9.4 9.4-24.6 9.4-33.9 0l-22.2-22.2c-9.5-9.5-9.3-25 .4-34.3L311.4 296H24c-13.3 0-24-10.7-24-24v-32c0-13.3 10.7-24 24-24h287.4L190.9 101.2c-9.8-9.3-10-24.8-.4-34.3z\"><\/path><\/svg>\t\t\t<\/span>\n\t\t\t\t\t\t\t\t\t<span class=\"elementor-button-text\">Detalles del evento<\/span>\n\t\t\t\t\t<\/span>\n\t\t\t\t\t<\/a>\n\t\t\t\t<\/div>\n\t\t\t\t\t\t\t\t<\/div>\n\t\t\t\t<\/div>\n\t\t\t\t<\/div>\n\t\t<div class=\"elementor-element elementor-element-ba0c4b6 e-transform e-con-full e-flex e-con e-child\" data-id=\"ba0c4b6\" data-element_type=\"container\" data-e-type=\"container\" data-settings=\"{&quot;background_background&quot;:&quot;classic&quot;,&quot;jet_parallax_layout_list&quot;:[],&quot;_transform_scale_effect_hover&quot;:{&quot;unit&quot;:&quot;px&quot;,&quot;size&quot;:1.05,&quot;sizes&quot;:[]},&quot;_ha_eqh_enable&quot;:false,&quot;_transform_scale_effect_hover_tablet&quot;:{&quot;unit&quot;:&quot;px&quot;,&quot;size&quot;:&quot;&quot;,&quot;sizes&quot;:[]},&quot;_transform_scale_effect_hover_mobile&quot;:{&quot;unit&quot;:&quot;px&quot;,&quot;size&quot;:&quot;&quot;,&quot;sizes&quot;:[]}}\">\n\t\t\t\t<div class=\"elementor-element elementor-element-dc19fdf elementor-view-default elementor-widget elementor-widget-icon\" data-id=\"dc19fdf\" data-element_type=\"widget\" data-e-type=\"widget\" data-widget_type=\"icon.default\">\n\t\t\t\t<div class=\"elementor-widget-container\">\n\t\t\t\t\t\t\t<div class=\"elementor-icon-wrapper\">\n\t\t\t<div class=\"elementor-icon\">\n\t\t\t<svg aria-hidden=\"true\" class=\"e-font-icon-svg e-fas-city\" viewBox=\"0 0 640 512\" xmlns=\"http:\/\/www.w3.org\/2000\/svg\"><path d=\"M616 192H480V24c0-13.26-10.74-24-24-24H312c-13.26 0-24 10.74-24 24v72h-64V16c0-8.84-7.16-16-16-16h-16c-8.84 0-16 7.16-16 16v80h-64V16c0-8.84-7.16-16-16-16H80c-8.84 0-16 7.16-16 16v80H24c-13.26 0-24 10.74-24 24v360c0 17.67 14.33 32 32 32h576c17.67 0 32-14.33 32-32V216c0-13.26-10.75-24-24-24zM128 404c0 6.63-5.37 12-12 12H76c-6.63 0-12-5.37-12-12v-40c0-6.63 5.37-12 12-12h40c6.63 0 12 5.37 12 12v40zm0-96c0 6.63-5.37 12-12 12H76c-6.63 0-12-5.37-12-12v-40c0-6.63 5.37-12 12-12h40c6.63 0 12 5.37 12 12v40zm0-96c0 6.63-5.37 12-12 12H76c-6.63 0-12-5.37-12-12v-40c0-6.63 5.37-12 12-12h40c6.63 0 12 5.37 12 12v40zm128 192c0 6.63-5.37 12-12 12h-40c-6.63 0-12-5.37-12-12v-40c0-6.63 5.37-12 12-12h40c6.63 0 12 5.37 12 12v40zm0-96c0 6.63-5.37 12-12 12h-40c-6.63 0-12-5.37-12-12v-40c0-6.63 5.37-12 12-12h40c6.63 0 12 5.37 12 12v40zm0-96c0 6.63-5.37 12-12 12h-40c-6.63 0-12-5.37-12-12v-40c0-6.63 5.37-12 12-12h40c6.63 0 12 5.37 12 12v40zm160 96c0 6.63-5.37 12-12 12h-40c-6.63 0-12-5.37-12-12v-40c0-6.63 5.37-12 12-12h40c6.63 0 12 5.37 12 12v40zm0-96c0 6.63-5.37 12-12 12h-40c-6.63 0-12-5.37-12-12v-40c0-6.63 5.37-12 12-12h40c6.63 0 12 5.37 12 12v40zm0-96c0 6.63-5.37 12-12 12h-40c-6.63 0-12-5.37-12-12V76c0-6.63 5.37-12 12-12h40c6.63 0 12 5.37 12 12v40zm160 288c0 6.63-5.37 12-12 12h-40c-6.63 0-12-5.37-12-12v-40c0-6.63 5.37-12 12-12h40c6.63 0 12 5.37 12 12v40zm0-96c0 6.63-5.37 12-12 12h-40c-6.63 0-12-5.37-12-12v-40c0-6.63 5.37-12 12-12h40c6.63 0 12 5.37 12 12v40z\"><\/path><\/svg>\t\t\t<\/div>\n\t\t<\/div>\n\t\t\t\t\t\t<\/div>\n\t\t\t\t<\/div>\n\t\t\t\t<div class=\"elementor-element elementor-element-a984a79 elementor-widget elementor-widget-heading\" data-id=\"a984a79\" data-element_type=\"widget\" data-e-type=\"widget\" data-widget_type=\"heading.default\">\n\t\t\t\t<div class=\"elementor-widget-container\">\n\t\t\t\t\t<h1 class=\"elementor-heading-title elementor-size-default\">Premio Quantum City<\/h1>\t\t\t\t<\/div>\n\t\t\t\t<\/div>\n\t\t\t\t<div class=\"elementor-element elementor-element-6cc5ba3 elementor-widget__width-initial elementor-widget elementor-widget-text-editor\" data-id=\"6cc5ba3\" data-element_type=\"widget\" data-e-type=\"widget\" data-widget_type=\"text-editor.default\">\n\t\t\t\t<div class=\"elementor-widget-container\">\n\t\t\t\t\t\t\t\t\t<p>El Premio Quantum City fomenta el inter\u00e9s p\u00fablico mundial por la ciencia y la tecnolog\u00eda cu\u00e1nticas, promoviendo la colaboraci\u00f3n interdisciplinar para crear contenidos que se exhiben en espacios p\u00fablicos urbanos. Premia iniciativas creativas, como carteles en el transporte p\u00fablico y actuaciones en plazas de la ciudad, que acercan los conceptos cu\u00e1nticos a todo el mundo, sin necesidad de registrarse ni desplazarse. <\/p><p class=\"p1\"><strong>Periodo para las solicitudes y las actividades<\/strong>: del 14 de abril de 2025 al 14 de octubre de 2025.<\/p><p class=\"p1\"><strong>Eventos de los Premios Continentales<\/strong>: segunda quincena de noviembre de 2025.<\/p><p class=\"p1\"><strong>Premio Mundial Ciudad Cu\u00e1ntica<\/strong>: propuesto para la ceremonia de clausura del A\u00f1o Internacional de la Cu\u00e1ntica (IYQ).<\/p>\t\t\t\t\t\t\t\t<\/div>\n\t\t\t\t<\/div>\n\t\t\t\t<div class=\"elementor-element elementor-element-6bad755 elementor-button-info elementor-widget elementor-widget-button\" data-id=\"6bad755\" data-element_type=\"widget\" data-e-type=\"widget\" data-widget_type=\"button.default\">\n\t\t\t\t<div class=\"elementor-widget-container\">\n\t\t\t\t\t\t\t\t\t<div class=\"elementor-button-wrapper\">\n\t\t\t\t\t<a class=\"elementor-button elementor-button-link elementor-size-sm\" href=\"https:\/\/worldquantumday.org\/quantum-city-prize\" target=\"_blank\" id=\"Link\">\n\t\t\t\t\t\t<span class=\"elementor-button-content-wrapper\">\n\t\t\t\t\t\t<span class=\"elementor-button-icon\">\n\t\t\t\t<svg aria-hidden=\"true\" class=\"e-font-icon-svg e-fas-arrow-right\" viewBox=\"0 0 448 512\" xmlns=\"http:\/\/www.w3.org\/2000\/svg\"><path d=\"M190.5 66.9l22.2-22.2c9.4-9.4 24.6-9.4 33.9 0L441 239c9.4 9.4 9.4 24.6 0 33.9L246.6 467.3c-9.4 9.4-24.6 9.4-33.9 0l-22.2-22.2c-9.5-9.5-9.3-25 .4-34.3L311.4 296H24c-13.3 0-24-10.7-24-24v-32c0-13.3 10.7-24 24-24h287.4L190.9 101.2c-9.8-9.3-10-24.8-.4-34.3z\"><\/path><\/svg>\t\t\t<\/span>\n\t\t\t\t\t\t\t\t\t<span class=\"elementor-button-text\">Detalles del evento<\/span>\n\t\t\t\t\t<\/span>\n\t\t\t\t\t<\/a>\n\t\t\t\t<\/div>\n\t\t\t\t\t\t\t\t<\/div>\n\t\t\t\t<\/div>\n\t\t\t\t<\/div>\n\t\t<div class=\"elementor-element elementor-element-efc1944 e-con-full e-transform e-flex e-con e-child\" data-id=\"efc1944\" data-element_type=\"container\" data-e-type=\"container\" data-settings=\"{&quot;background_background&quot;:&quot;classic&quot;,&quot;jet_parallax_layout_list&quot;:[],&quot;_transform_scale_effect_hover&quot;:{&quot;unit&quot;:&quot;px&quot;,&quot;size&quot;:1.05,&quot;sizes&quot;:[]},&quot;_ha_eqh_enable&quot;:false,&quot;_transform_scale_effect_hover_tablet&quot;:{&quot;unit&quot;:&quot;px&quot;,&quot;size&quot;:&quot;&quot;,&quot;sizes&quot;:[]},&quot;_transform_scale_effect_hover_mobile&quot;:{&quot;unit&quot;:&quot;px&quot;,&quot;size&quot;:&quot;&quot;,&quot;sizes&quot;:[]}}\">\n\t\t\t\t<div class=\"elementor-element elementor-element-96222dd elementor-view-default elementor-widget elementor-widget-icon\" data-id=\"96222dd\" data-element_type=\"widget\" data-e-type=\"widget\" data-widget_type=\"icon.default\">\n\t\t\t\t<div class=\"elementor-widget-container\">\n\t\t\t\t\t\t\t<div class=\"elementor-icon-wrapper\">\n\t\t\t<div class=\"elementor-icon\">\n\t\t\t<i aria-hidden=\"true\" class=\"huge huge-molecules\"><\/i>\t\t\t<\/div>\n\t\t<\/div>\n\t\t\t\t\t\t<\/div>\n\t\t\t\t<\/div>\n\t\t\t\t<div class=\"elementor-element elementor-element-cda2601 elementor-widget elementor-widget-heading\" data-id=\"cda2601\" data-element_type=\"widget\" data-e-type=\"widget\" data-widget_type=\"heading.default\">\n\t\t\t\t<div class=\"elementor-widget-container\">\n\t\t\t\t\t<h1 class=\"elementor-heading-title elementor-size-default\">Conferencia Conjunta ICTP-Lincei Sobre Ciencia y Tecnolog\u00eda Cu\u00e1nticas<\/h1>\t\t\t\t<\/div>\n\t\t\t\t<\/div>\n\t\t\t\t<div class=\"elementor-element elementor-element-cf22bb0 elementor-widget__width-initial elementor-widget elementor-widget-text-editor\" data-id=\"cf22bb0\" data-element_type=\"widget\" data-e-type=\"widget\" data-widget_type=\"text-editor.default\">\n\t\t\t\t<div class=\"elementor-widget-container\">\n\t\t\t\t\t\t\t\t\t<p>En celebraci\u00f3n del A\u00f1o Internacional de la Cu\u00e1ntica (IYQ), el <b><a href=\"https:\/\/www.ictp.it\/news\/2025\/5\/celebrating-quantum-science\" target=\"_blank\" rel=\"noopener\" data-saferedirecturl=\"https:\/\/www.google.com\/url?q=https:\/\/www.ictp.it\/news\/2025\/5\/celebrating-quantum-science&amp;source=gmail&amp;ust=1748347313989000&amp;usg=AOvVaw2MyZkhzlGYaK8mAjTA2QDK\">ICTP<\/a><\/b> une fuerzas con la <a href=\"https:\/\/www.lincei.it\/\" target=\"_blank\" rel=\"noopener\" data-saferedirecturl=\"https:\/\/www.google.com\/url?q=https:\/\/www.lincei.it\/&amp;source=gmail&amp;ust=1748347313989000&amp;usg=AOvVaw077He7RF8mjUKrd4gJy80R\">Accademia Nazionale dei Lincei de Italia<\/a>, el <a href=\"https:\/\/www.ictp-saifr.org\/\" target=\"_blank\" rel=\"noopener\" data-saferedirecturl=\"https:\/\/www.google.com\/url?q=https:\/\/www.ictp-saifr.org\/&amp;source=gmail&amp;ust=1748347313989000&amp;usg=AOvVaw3kfmcxQguiyXPceIW547Sx\"> Instituto Sudamericano de Investigaci\u00f3n Fundamental del ICTP<\/a> en S\u00e3o Paulo, Brasil, y la <a href=\"http:\/\/www.sissa.it\/\" target=\"_blank\" rel=\"noopener\" data-saferedirecturl=\"https:\/\/www.google.com\/url?q=http:\/\/www.sissa.it\/&amp;source=gmail&amp;ust=1748347313989000&amp;usg=AOvVaw2o907q_-0GdYNdXjZe67E0\">Escuela Internacional de Estudios Avanzados (SISSA),<\/a> para organizar un evento global de una semana dirigido a una amplia comunidad.<\/p><p>El evento se centrar\u00e1 en los aspectos hist\u00f3ricos, el impacto en la sociedad y los avances m\u00e1s destacados en la ciencia y tecnolog\u00eda cu\u00e1nticas.<\/p><p><strong>Fechas<\/strong><span style=\"font-weight: 400;\"><strong>:<\/strong><\/span><span style=\"font-weight: 400;\"> del 26 al 30 de mayo, 2025<\/span><\/p><p><span style=\"font-weight: 400;\"><strong>Lugar<\/strong>: Trieste (Italia), Rome (Italia), Sao Paulo (Brasil).<\/span><\/p><p> <\/p>\t\t\t\t\t\t\t\t<\/div>\n\t\t\t\t<\/div>\n\t\t\t\t<div class=\"elementor-element elementor-element-51e68b9 elementor-button-info elementor-widget elementor-widget-button\" data-id=\"51e68b9\" data-element_type=\"widget\" data-e-type=\"widget\" data-widget_type=\"button.default\">\n\t\t\t\t<div class=\"elementor-widget-container\">\n\t\t\t\t\t\t\t\t\t<div class=\"elementor-button-wrapper\">\n\t\t\t\t\t<a class=\"elementor-button elementor-button-link elementor-size-sm\" href=\"https:\/\/www.ictp-saifr.org\/cqst2025\/\" target=\"_blank\" id=\"Link\">\n\t\t\t\t\t\t<span class=\"elementor-button-content-wrapper\">\n\t\t\t\t\t\t<span class=\"elementor-button-icon\">\n\t\t\t\t<svg aria-hidden=\"true\" class=\"e-font-icon-svg e-fas-arrow-right\" viewBox=\"0 0 448 512\" xmlns=\"http:\/\/www.w3.org\/2000\/svg\"><path d=\"M190.5 66.9l22.2-22.2c9.4-9.4 24.6-9.4 33.9 0L441 239c9.4 9.4 9.4 24.6 0 33.9L246.6 467.3c-9.4 9.4-24.6 9.4-33.9 0l-22.2-22.2c-9.5-9.5-9.3-25 .4-34.3L311.4 296H24c-13.3 0-24-10.7-24-24v-32c0-13.3 10.7-24 24-24h287.4L190.9 101.2c-9.8-9.3-10-24.8-.4-34.3z\"><\/path><\/svg>\t\t\t<\/span>\n\t\t\t\t\t\t\t\t\t<span class=\"elementor-button-text\">Detalles del evento<\/span>\n\t\t\t\t\t<\/span>\n\t\t\t\t\t<\/a>\n\t\t\t\t<\/div>\n\t\t\t\t\t\t\t\t<\/div>\n\t\t\t\t<\/div>\n\t\t\t\t<\/div>\n\t\t<div class=\"elementor-element elementor-element-12a0628 e-con-full e-transform e-flex e-con e-child\" data-id=\"12a0628\" data-element_type=\"container\" data-e-type=\"container\" data-settings=\"{&quot;background_background&quot;:&quot;classic&quot;,&quot;jet_parallax_layout_list&quot;:[],&quot;_transform_scale_effect_hover&quot;:{&quot;unit&quot;:&quot;px&quot;,&quot;size&quot;:1.05,&quot;sizes&quot;:[]},&quot;_ha_eqh_enable&quot;:false,&quot;_transform_scale_effect_hover_tablet&quot;:{&quot;unit&quot;:&quot;px&quot;,&quot;size&quot;:&quot;&quot;,&quot;sizes&quot;:[]},&quot;_transform_scale_effect_hover_mobile&quot;:{&quot;unit&quot;:&quot;px&quot;,&quot;size&quot;:&quot;&quot;,&quot;sizes&quot;:[]}}\">\n\t\t\t\t<div class=\"elementor-element elementor-element-e145062 elementor-view-default elementor-widget elementor-widget-icon\" data-id=\"e145062\" data-element_type=\"widget\" data-e-type=\"widget\" data-widget_type=\"icon.default\">\n\t\t\t\t<div class=\"elementor-widget-container\">\n\t\t\t\t\t\t\t<div class=\"elementor-icon-wrapper\">\n\t\t\t<div class=\"elementor-icon\">\n\t\t\t<i aria-hidden=\"true\" class=\"huge huge-bot\"><\/i>\t\t\t<\/div>\n\t\t<\/div>\n\t\t\t\t\t\t<\/div>\n\t\t\t\t<\/div>\n\t\t\t\t<div class=\"elementor-element elementor-element-a456b4a elementor-widget elementor-widget-heading\" data-id=\"a456b4a\" data-element_type=\"widget\" data-e-type=\"widget\" data-widget_type=\"heading.default\">\n\t\t\t\t<div class=\"elementor-widget-container\">\n\t\t\t\t\t<h1 class=\"elementor-heading-title elementor-size-default\">Concurso Harvard Quantum Shorts<\/h1>\t\t\t\t<\/div>\n\t\t\t\t<\/div>\n\t\t\t\t<div class=\"elementor-element elementor-element-327262e elementor-widget__width-initial elementor-widget elementor-widget-text-editor\" data-id=\"327262e\" data-element_type=\"widget\" data-e-type=\"widget\" data-widget_type=\"text-editor.default\">\n\t\t\t\t<div class=\"elementor-widget-container\">\n\t\t\t\t\t\t\t\t\t<p><span style=\"font-weight: 400;\">El Concurso Quantum Shorts anima a los j\u00f3venes estudiantes a explicar un tema de ciencia cu\u00e1ntica de su elecci\u00f3n a trav\u00e9s de v\u00eddeos creativos. <\/span><\/p><p><span style=\"font-weight: 400;\">Apoyando a los estudiantes con <\/span><span style=\"font-weight: 400;\">Recursos introductorios para aprender sobre la ciencia cu\u00e1ntica. Nuestra actividad aumenta el inter\u00e9s del p\u00fablico por la ciencia cu\u00e1ntica al hacer que este campo sea m\u00e1s accesible para todos los estudiantes. El concurso culmina con una presentaci\u00f3n en v\u00eddeo en el Museo de Ciencias de Boston, lo que ampl\u00eda a\u00fan m\u00e1s la exposici\u00f3n p\u00fablica a los conceptos cu\u00e1nticos.  <\/span><\/p><p><span style=\"font-weight: 400;\">Los v\u00eddeos ganadores se compartir\u00e1n en plataformas de redes sociales como YouTube, ampliando as\u00ed su alcance e impacto. Mediante una convocatoria global para la presentaci\u00f3n de v\u00eddeos, el concurso fomenta la cooperaci\u00f3n mundial, la concienciaci\u00f3n y la educaci\u00f3n en ciencia cu\u00e1ntica.  <\/span><\/p><p><strong>Fechas: <\/strong>Del 6 de junio al 15 de septiembre de 2025<\/p><p><span style=\"font-weight: 400;\"><strong>Ubicaci\u00f3n: <\/strong><\/span>Universidad de Harvard, Edificio Goel de Ciencia e Ingenier\u00eda Cu\u00e1ntica, 60 Oxford Street, Cambridge, MA 02138<\/p>\t\t\t\t\t\t\t\t<\/div>\n\t\t\t\t<\/div>\n\t\t\t\t<div class=\"elementor-element elementor-element-7a025dd elementor-button-info elementor-widget elementor-widget-button\" data-id=\"7a025dd\" data-element_type=\"widget\" data-e-type=\"widget\" data-widget_type=\"button.default\">\n\t\t\t\t<div class=\"elementor-widget-container\">\n\t\t\t\t\t\t\t\t\t<div class=\"elementor-button-wrapper\">\n\t\t\t\t\t<a class=\"elementor-button elementor-button-link elementor-size-sm\" href=\"https:\/\/www.hqi-blog.com\/contest\" target=\"_blank\" id=\"Link\">\n\t\t\t\t\t\t<span class=\"elementor-button-content-wrapper\">\n\t\t\t\t\t\t<span class=\"elementor-button-icon\">\n\t\t\t\t<svg aria-hidden=\"true\" class=\"e-font-icon-svg e-fas-arrow-right\" viewBox=\"0 0 448 512\" xmlns=\"http:\/\/www.w3.org\/2000\/svg\"><path d=\"M190.5 66.9l22.2-22.2c9.4-9.4 24.6-9.4 33.9 0L441 239c9.4 9.4 9.4 24.6 0 33.9L246.6 467.3c-9.4 9.4-24.6 9.4-33.9 0l-22.2-22.2c-9.5-9.5-9.3-25 .4-34.3L311.4 296H24c-13.3 0-24-10.7-24-24v-32c0-13.3 10.7-24 24-24h287.4L190.9 101.2c-9.8-9.3-10-24.8-.4-34.3z\"><\/path><\/svg>\t\t\t<\/span>\n\t\t\t\t\t\t\t\t\t<span class=\"elementor-button-text\">Detalles del evento<\/span>\n\t\t\t\t\t<\/span>\n\t\t\t\t\t<\/a>\n\t\t\t\t<\/div>\n\t\t\t\t\t\t\t\t<\/div>\n\t\t\t\t<\/div>\n\t\t\t\t<\/div>\n\t\t<div class=\"elementor-element elementor-element-445d904 e-con-full e-transform e-flex e-con e-child\" data-id=\"445d904\" data-element_type=\"container\" data-e-type=\"container\" data-settings=\"{&quot;background_background&quot;:&quot;classic&quot;,&quot;jet_parallax_layout_list&quot;:[],&quot;_transform_scale_effect_hover&quot;:{&quot;unit&quot;:&quot;px&quot;,&quot;size&quot;:1.05,&quot;sizes&quot;:[]},&quot;_ha_eqh_enable&quot;:false,&quot;_transform_scale_effect_hover_tablet&quot;:{&quot;unit&quot;:&quot;px&quot;,&quot;size&quot;:&quot;&quot;,&quot;sizes&quot;:[]},&quot;_transform_scale_effect_hover_mobile&quot;:{&quot;unit&quot;:&quot;px&quot;,&quot;size&quot;:&quot;&quot;,&quot;sizes&quot;:[]}}\">\n\t\t\t\t<div class=\"elementor-element elementor-element-68135d6 elementor-view-default elementor-widget elementor-widget-icon\" data-id=\"68135d6\" data-element_type=\"widget\" data-e-type=\"widget\" data-widget_type=\"icon.default\">\n\t\t\t\t<div class=\"elementor-widget-container\">\n\t\t\t\t\t\t\t<div class=\"elementor-icon-wrapper\">\n\t\t\t<div class=\"elementor-icon\">\n\t\t\t<svg aria-hidden=\"true\" class=\"e-font-icon-svg e-fas-camera\" viewBox=\"0 0 512 512\" xmlns=\"http:\/\/www.w3.org\/2000\/svg\"><path d=\"M512 144v288c0 26.5-21.5 48-48 48H48c-26.5 0-48-21.5-48-48V144c0-26.5 21.5-48 48-48h88l12.3-32.9c7-18.7 24.9-31.1 44.9-31.1h125.5c20 0 37.9 12.4 44.9 31.1L376 96h88c26.5 0 48 21.5 48 48zM376 288c0-66.2-53.8-120-120-120s-120 53.8-120 120 53.8 120 120 120 120-53.8 120-120zm-32 0c0 48.5-39.5 88-88 88s-88-39.5-88-88 39.5-88 88-88 88 39.5 88 88z\"><\/path><\/svg>\t\t\t<\/div>\n\t\t<\/div>\n\t\t\t\t\t\t<\/div>\n\t\t\t\t<\/div>\n\t\t\t\t<div class=\"elementor-element elementor-element-7d0a2ea elementor-widget elementor-widget-heading\" data-id=\"7d0a2ea\" data-element_type=\"widget\" data-e-type=\"widget\" data-widget_type=\"heading.default\">\n\t\t\t\t<div class=\"elementor-widget-container\">\n\t\t\t\t\t<h1 class=\"elementor-heading-title elementor-size-default\">Concurso fotogr\u00e1fico IUPAP-IYQ2025<\/h1>\t\t\t\t<\/div>\n\t\t\t\t<\/div>\n\t\t\t\t<div class=\"elementor-element elementor-element-11fe280 elementor-widget__width-initial elementor-widget elementor-widget-text-editor\" data-id=\"11fe280\" data-element_type=\"widget\" data-e-type=\"widget\" data-widget_type=\"text-editor.default\">\n\t\t\t\t<div class=\"elementor-widget-container\">\n\t\t\t\t\t\t\t\t\t<p><span style=\"box-sizing: border-box; margin: 0px; padding: 0px;\">La Uni\u00f3n Internacional de F\u00edsica Pura y Aplicada (<a href=\"https:\/\/iupap.org\/\" target=\"_blank\" rel=\"noopener\">IUPAP<\/a>) lanza un concurso internacional de fotograf\u00eda para retratar la belleza de los procesos cu\u00e1nticos, la presencia y el impacto de la ciencia y la tecnolog\u00eda cu\u00e1nticas en nuestra vida cotidiana, y las formas en que se llevan a cabo la investigaci\u00f3n y la educaci\u00f3n cu\u00e1nticas en todo el mundo.<\/span><\/p>\n<p><span style=\"font-weight: 400;\">Las inscripciones est\u00e1n abiertas en dos categor\u00edas: <em>M\u00e1s all\u00e1 de nuestros ojos<\/em>, dedicada a im\u00e1genes obtenidas mediante equipos cient\u00edficos o producidas a trav\u00e9s de simulaciones num\u00e9ricas de procesos cu\u00e1nticos, y <em>A simple vista<\/em>&nbsp;para todas las dem\u00e1s fotos, incluidas aquellas que ilustran el valor est\u00e9tico de los propios equipos cient\u00edficos, as\u00ed como los efectos cu\u00e1nticos visibles en la naturaleza, como la luz, y cualquier otra cosa que se le ocurra al fot\u00f3grafo.<\/span><\/p>\n<p><strong>Fechas<\/strong><\/p>\n<p><span style=\"font-weight: 400;\">Concurso abierto a inscripciones: del 9 de junio al 31 de agosto.&nbsp; &nbsp;<\/span><\/p>\n<p><span style=\"font-weight: 400;\">Anuncio de los ganadores: 24 de octubre.&nbsp;<\/span><\/p>\n<p><span style=\"font-weight: 400;\">Lugar: <strong>Virtual <\/strong>&nbsp;<\/span><\/p>\t\t\t\t\t\t\t\t<\/div>\n\t\t\t\t<\/div>\n\t\t\t\t<div class=\"elementor-element elementor-element-54a4e47 elementor-button-info elementor-widget elementor-widget-button\" data-id=\"54a4e47\" data-element_type=\"widget\" data-e-type=\"widget\" data-widget_type=\"button.default\">\n\t\t\t\t<div class=\"elementor-widget-container\">\n\t\t\t\t\t\t\t\t\t<div class=\"elementor-button-wrapper\">\n\t\t\t\t\t<a class=\"elementor-button elementor-button-link elementor-size-sm\" href=\"https:\/\/iupap.org\/strategic-plan\/outreach\/iyqst25\/iupap-iyq2025-photo-contest\/\" target=\"_blank\" id=\"Link\">\n\t\t\t\t\t\t<span class=\"elementor-button-content-wrapper\">\n\t\t\t\t\t\t<span class=\"elementor-button-icon\">\n\t\t\t\t<svg aria-hidden=\"true\" class=\"e-font-icon-svg e-fas-arrow-right\" viewBox=\"0 0 448 512\" xmlns=\"http:\/\/www.w3.org\/2000\/svg\"><path d=\"M190.5 66.9l22.2-22.2c9.4-9.4 24.6-9.4 33.9 0L441 239c9.4 9.4 9.4 24.6 0 33.9L246.6 467.3c-9.4 9.4-24.6 9.4-33.9 0l-22.2-22.2c-9.5-9.5-9.3-25 .4-34.3L311.4 296H24c-13.3 0-24-10.7-24-24v-32c0-13.3 10.7-24 24-24h287.4L190.9 101.2c-9.8-9.3-10-24.8-.4-34.3z\"><\/path><\/svg>\t\t\t<\/span>\n\t\t\t\t\t\t\t\t\t<span class=\"elementor-button-text\">Detalles del evento<\/span>\n\t\t\t\t\t<\/span>\n\t\t\t\t\t<\/a>\n\t\t\t\t<\/div>\n\t\t\t\t\t\t\t\t<\/div>\n\t\t\t\t<\/div>\n\t\t\t\t<\/div>\n\t\t<div class=\"elementor-element elementor-element-05c7507 e-transform e-con-full e-flex e-con e-child\" data-id=\"05c7507\" data-element_type=\"container\" data-e-type=\"container\" data-settings=\"{&quot;background_background&quot;:&quot;classic&quot;,&quot;jet_parallax_layout_list&quot;:[],&quot;_transform_scale_effect_hover&quot;:{&quot;unit&quot;:&quot;px&quot;,&quot;size&quot;:1.05,&quot;sizes&quot;:[]},&quot;_ha_eqh_enable&quot;:false,&quot;_transform_scale_effect_hover_tablet&quot;:{&quot;unit&quot;:&quot;px&quot;,&quot;size&quot;:&quot;&quot;,&quot;sizes&quot;:[]},&quot;_transform_scale_effect_hover_mobile&quot;:{&quot;unit&quot;:&quot;px&quot;,&quot;size&quot;:&quot;&quot;,&quot;sizes&quot;:[]}}\">\n\t\t\t\t<div class=\"elementor-element elementor-element-24f4daa elementor-view-default elementor-widget elementor-widget-icon\" data-id=\"24f4daa\" data-element_type=\"widget\" data-e-type=\"widget\" data-widget_type=\"icon.default\">\n\t\t\t\t<div class=\"elementor-widget-container\">\n\t\t\t\t\t\t\t<div class=\"elementor-icon-wrapper\">\n\t\t\t<div class=\"elementor-icon\">\n\t\t\t<i aria-hidden=\"true\" class=\"huge huge-bounding-box\"><\/i>\t\t\t<\/div>\n\t\t<\/div>\n\t\t\t\t\t\t<\/div>\n\t\t\t\t<\/div>\n\t\t\t\t<div class=\"elementor-element elementor-element-4d1118d elementor-widget elementor-widget-heading\" data-id=\"4d1118d\" data-element_type=\"widget\" data-e-type=\"widget\" data-widget_type=\"heading.default\">\n\t\t\t\t<div class=\"elementor-widget-container\">\n\t\t\t\t\t<h1 class=\"elementor-heading-title elementor-size-default\">Cu\u00e1ntica Ahora<\/h1>\t\t\t\t<\/div>\n\t\t\t\t<\/div>\n\t\t\t\t<div class=\"elementor-element elementor-element-8a3ce7c elementor-widget__width-initial elementor-widget elementor-widget-text-editor\" data-id=\"8a3ce7c\" data-element_type=\"widget\" data-e-type=\"widget\" data-widget_type=\"text-editor.default\">\n\t\t\t\t<div class=\"elementor-widget-container\">\n\t\t\t\t\t\t\t\t\t<p data-pm-slice=\"1 1 []\">CU\u00c1NTICA AHORA es el principal foro para ejecutivos que analiza el presente de la industria cu\u00e1ntica y la innovaci\u00f3n, y brinda a l\u00edderes y tomadores de decisiones una visi\u00f3n estrat\u00e9gica, redes de contacto y herramientas clave para avanzar en la nueva econom\u00eda cu\u00e1ntica. <\/p><p>El evento se llevar\u00e1 a cabo los d\u00edas 18 y 19 de junio en Montreal, Quebec, Canad\u00e1, en el marco del A\u00f1o Internacional de la Ciencia y la Tecnolog\u00eda Cu\u00e1nticas. Contar\u00e1 con un programa cuidadosamente seleccionado que abordar\u00e1 temas clave como el estado actual del sector cu\u00e1ntico, c\u00f3mo entender y aprovechar las ventajas econ\u00f3micas de la cu\u00e1ntica, la importancia de la colaboraci\u00f3n internacional para acelerar su desarrollo, casos de uso reales y rutas pr\u00e1cticas para su adopci\u00f3n.<\/p><p><strong>Fechas<\/strong><span style=\"font-weight: 400;\"><strong>: <\/strong>del 18 al 19 de junio,<\/span><span style=\"font-weight: 400;\"> 2025<\/span><\/p><p><span style=\"font-weight: 400;\"><strong>Lugar: <\/strong>Grand Quay of the Port of Montreal<br>Montreal, Quebec, Canad\u00e1 <\/span><\/p>\t\t\t\t\t\t\t\t<\/div>\n\t\t\t\t<\/div>\n\t\t\t\t<div class=\"elementor-element elementor-element-7af5397 elementor-button-info elementor-widget elementor-widget-button\" data-id=\"7af5397\" data-element_type=\"widget\" data-e-type=\"widget\" data-widget_type=\"button.default\">\n\t\t\t\t<div class=\"elementor-widget-container\">\n\t\t\t\t\t\t\t\t\t<div class=\"elementor-button-wrapper\">\n\t\t\t\t\t<a class=\"elementor-button elementor-button-link elementor-size-sm\" href=\"https:\/\/site.pheedloop.com\/event\/QuantumNow\/home\" target=\"_blank\" id=\"Link\">\n\t\t\t\t\t\t<span class=\"elementor-button-content-wrapper\">\n\t\t\t\t\t\t<span class=\"elementor-button-icon\">\n\t\t\t\t<svg aria-hidden=\"true\" class=\"e-font-icon-svg e-fas-arrow-right\" viewBox=\"0 0 448 512\" xmlns=\"http:\/\/www.w3.org\/2000\/svg\"><path d=\"M190.5 66.9l22.2-22.2c9.4-9.4 24.6-9.4 33.9 0L441 239c9.4 9.4 9.4 24.6 0 33.9L246.6 467.3c-9.4 9.4-24.6 9.4-33.9 0l-22.2-22.2c-9.5-9.5-9.3-25 .4-34.3L311.4 296H24c-13.3 0-24-10.7-24-24v-32c0-13.3 10.7-24 24-24h287.4L190.9 101.2c-9.8-9.3-10-24.8-.4-34.3z\"><\/path><\/svg>\t\t\t<\/span>\n\t\t\t\t\t\t\t\t\t<span class=\"elementor-button-text\">Detalles del evento<\/span>\n\t\t\t\t\t<\/span>\n\t\t\t\t\t<\/a>\n\t\t\t\t<\/div>\n\t\t\t\t\t\t\t\t<\/div>\n\t\t\t\t<\/div>\n\t\t\t\t<\/div>\n\t\t<div class=\"elementor-element elementor-element-41b7b5a e-transform e-con-full e-flex e-con e-child\" data-id=\"41b7b5a\" data-element_type=\"container\" data-e-type=\"container\" data-settings=\"{&quot;background_background&quot;:&quot;classic&quot;,&quot;jet_parallax_layout_list&quot;:[],&quot;_transform_scale_effect_hover&quot;:{&quot;unit&quot;:&quot;px&quot;,&quot;size&quot;:1.05,&quot;sizes&quot;:[]},&quot;_ha_eqh_enable&quot;:false,&quot;_transform_scale_effect_hover_tablet&quot;:{&quot;unit&quot;:&quot;px&quot;,&quot;size&quot;:&quot;&quot;,&quot;sizes&quot;:[]},&quot;_transform_scale_effect_hover_mobile&quot;:{&quot;unit&quot;:&quot;px&quot;,&quot;size&quot;:&quot;&quot;,&quot;sizes&quot;:[]}}\">\n\t\t\t\t<div class=\"elementor-element elementor-element-2738d96 elementor-view-default elementor-widget elementor-widget-icon\" data-id=\"2738d96\" data-element_type=\"widget\" data-e-type=\"widget\" data-widget_type=\"icon.default\">\n\t\t\t\t<div class=\"elementor-widget-container\">\n\t\t\t\t\t\t\t<div class=\"elementor-icon-wrapper\">\n\t\t\t<div class=\"elementor-icon\">\n\t\t\t<svg aria-hidden=\"true\" class=\"e-font-icon-svg e-fas-microphone-alt\" viewBox=\"0 0 352 512\" xmlns=\"http:\/\/www.w3.org\/2000\/svg\"><path d=\"M336 192h-16c-8.84 0-16 7.16-16 16v48c0 74.8-64.49 134.82-140.79 127.38C96.71 376.89 48 317.11 48 250.3V208c0-8.84-7.16-16-16-16H16c-8.84 0-16 7.16-16 16v40.16c0 89.64 63.97 169.55 152 181.69V464H96c-8.84 0-16 7.16-16 16v16c0 8.84 7.16 16 16 16h160c8.84 0 16-7.16 16-16v-16c0-8.84-7.16-16-16-16h-56v-33.77C285.71 418.47 352 344.9 352 256v-48c0-8.84-7.16-16-16-16zM176 352c53.02 0 96-42.98 96-96h-85.33c-5.89 0-10.67-3.58-10.67-8v-16c0-4.42 4.78-8 10.67-8H272v-32h-85.33c-5.89 0-10.67-3.58-10.67-8v-16c0-4.42 4.78-8 10.67-8H272v-32h-85.33c-5.89 0-10.67-3.58-10.67-8v-16c0-4.42 4.78-8 10.67-8H272c0-53.02-42.98-96-96-96S80 42.98 80 96v160c0 53.02 42.98 96 96 96z\"><\/path><\/svg>\t\t\t<\/div>\n\t\t<\/div>\n\t\t\t\t\t\t<\/div>\n\t\t\t\t<\/div>\n\t\t\t\t<div class=\"elementor-element elementor-element-0b1706d elementor-widget elementor-widget-heading\" data-id=\"0b1706d\" data-element_type=\"widget\" data-e-type=\"widget\" data-widget_type=\"heading.default\">\n\t\t\t\t<div class=\"elementor-widget-container\">\n\t\t\t\t\t<h1 class=\"elementor-heading-title elementor-size-default\">Comunicar la Ciencia y la Tecnolog\u00eda Cu\u00e1nticas al P\u00fablico<\/h1>\t\t\t\t<\/div>\n\t\t\t\t<\/div>\n\t\t\t\t<div class=\"elementor-element elementor-element-e352d99 elementor-widget__width-initial elementor-widget elementor-widget-text-editor\" data-id=\"e352d99\" data-element_type=\"widget\" data-e-type=\"widget\" data-widget_type=\"text-editor.default\">\n\t\t\t\t<div class=\"elementor-widget-container\">\n\t\t\t\t\t\t\t\t\t<p><span style=\"font-weight: 400;\">El evento reunir\u00e1 a expertos nacionales e internacionales en divulgaci\u00f3n y comunicaci\u00f3n cient\u00edfica, as\u00ed como a profesionales de las tecnolog\u00edas cu\u00e1nticas, para debatir las cuestiones, dificultades y oportunidades relacionadas con la comunicaci\u00f3n p\u00fablica de las tecnolog\u00edas cu\u00e1nticas. Se tratar\u00e1n temas como la exageraci\u00f3n, la desinformaci\u00f3n, las falsas expectativas y las funciones y responsabilidades de los diferentes actores. Tambi\u00e9n se incluir\u00e1n debates sobre el papel de los medios de entretenimiento (pel\u00edculas, programas de televisi\u00f3n, juegos, redes sociales) en la comunicaci\u00f3n p\u00fablica de las tecnolog\u00edas cu\u00e1nticas.   <\/span><\/p><p><strong>Fechas: <\/strong><span style=\"font-weight: 400;\"> 28 de junio, 2025<\/span><\/p><p><strong>Lugar: <\/strong><span style=\"font-weight: 400;\">Yonsei University, <\/span><span style=\"font-weight: 400;\">Seoul, <\/span><span style=\"font-weight: 400;\">Republic of Korea (South Korea)<\/span><\/p><p> <\/p>\t\t\t\t\t\t\t\t<\/div>\n\t\t\t\t<\/div>\n\t\t\t\t<div class=\"elementor-element elementor-element-94612ef elementor-button-info elementor-widget elementor-widget-button\" data-id=\"94612ef\" data-element_type=\"widget\" data-e-type=\"widget\" data-widget_type=\"button.default\">\n\t\t\t\t<div class=\"elementor-widget-container\">\n\t\t\t\t\t\t\t\t\t<div class=\"elementor-button-wrapper\">\n\t\t\t\t\t<a class=\"elementor-button elementor-button-link elementor-size-sm\" href=\"https:\/\/iyq.yonsei.ac.kr\/\" target=\"_blank\" id=\"Link\">\n\t\t\t\t\t\t<span class=\"elementor-button-content-wrapper\">\n\t\t\t\t\t\t<span class=\"elementor-button-icon\">\n\t\t\t\t<svg aria-hidden=\"true\" class=\"e-font-icon-svg e-fas-arrow-right\" viewBox=\"0 0 448 512\" xmlns=\"http:\/\/www.w3.org\/2000\/svg\"><path d=\"M190.5 66.9l22.2-22.2c9.4-9.4 24.6-9.4 33.9 0L441 239c9.4 9.4 9.4 24.6 0 33.9L246.6 467.3c-9.4 9.4-24.6 9.4-33.9 0l-22.2-22.2c-9.5-9.5-9.3-25 .4-34.3L311.4 296H24c-13.3 0-24-10.7-24-24v-32c0-13.3 10.7-24 24-24h287.4L190.9 101.2c-9.8-9.3-10-24.8-.4-34.3z\"><\/path><\/svg>\t\t\t<\/span>\n\t\t\t\t\t\t\t\t\t<span class=\"elementor-button-text\">Detalles del evento<\/span>\n\t\t\t\t\t<\/span>\n\t\t\t\t\t<\/a>\n\t\t\t\t<\/div>\n\t\t\t\t\t\t\t\t<\/div>\n\t\t\t\t<\/div>\n\t\t\t\t<\/div>\n\t\t<div class=\"elementor-element elementor-element-0877c25 e-con-full e-transform e-flex e-con e-child\" data-id=\"0877c25\" data-element_type=\"container\" data-e-type=\"container\" data-settings=\"{&quot;background_background&quot;:&quot;classic&quot;,&quot;jet_parallax_layout_list&quot;:[],&quot;_transform_scale_effect_hover&quot;:{&quot;unit&quot;:&quot;px&quot;,&quot;size&quot;:1.05,&quot;sizes&quot;:[]},&quot;_ha_eqh_enable&quot;:false,&quot;_transform_scale_effect_hover_tablet&quot;:{&quot;unit&quot;:&quot;px&quot;,&quot;size&quot;:&quot;&quot;,&quot;sizes&quot;:[]},&quot;_transform_scale_effect_hover_mobile&quot;:{&quot;unit&quot;:&quot;px&quot;,&quot;size&quot;:&quot;&quot;,&quot;sizes&quot;:[]}}\">\n\t\t\t\t<div class=\"elementor-element elementor-element-7cfc3eb elementor-view-default elementor-widget elementor-widget-icon\" data-id=\"7cfc3eb\" data-element_type=\"widget\" data-e-type=\"widget\" data-widget_type=\"icon.default\">\n\t\t\t\t<div class=\"elementor-widget-container\">\n\t\t\t\t\t\t\t<div class=\"elementor-icon-wrapper\">\n\t\t\t<div class=\"elementor-icon\">\n\t\t\t<i aria-hidden=\"true\" class=\"huge huge-paint-board\"><\/i>\t\t\t<\/div>\n\t\t<\/div>\n\t\t\t\t\t\t<\/div>\n\t\t\t\t<\/div>\n\t\t\t\t<div class=\"elementor-element elementor-element-836a8be elementor-widget elementor-widget-heading\" data-id=\"836a8be\" data-element_type=\"widget\" data-e-type=\"widget\" data-widget_type=\"heading.default\">\n\t\t\t\t<div class=\"elementor-widget-container\">\n\t\t\t\t\t<h1 class=\"elementor-heading-title elementor-size-default\">Encrucijada Cu\u00e1ntica \u2013 en la intersecci\u00f3n del arte, la cultura y la ciencia y tecnolog\u00eda cu\u00e1nticas<\/h1>\t\t\t\t<\/div>\n\t\t\t\t<\/div>\n\t\t\t\t<div class=\"elementor-element elementor-element-b650249 elementor-widget__width-initial elementor-widget elementor-widget-text-editor\" data-id=\"b650249\" data-element_type=\"widget\" data-e-type=\"widget\" data-widget_type=\"text-editor.default\">\n\t\t\t\t<div class=\"elementor-widget-container\">\n\t\t\t\t\t\t\t\t\t<p>Quantum Crossroads es un evento global patrocinado por el A\u00f1o Internacional de la Ciencia y la Tecnolog\u00eda Cu\u00e1nticas. Reunir\u00e1 a expertos y partes interesadas a debatir la intersecci\u00f3n de la ciencia y la tecnolog\u00eda cu\u00e1nticas con las artes, la cultura y las tecnolog\u00edas creativas. El evento est\u00e1 dirigido por un comit\u00e9 global y organizado por el centro Te Whai Ao &#8211; Dodd-Walls y el museo T\u016bhura, Otago.  <\/p><p><strong style=\"color: var( --e-global-color-ddf149c );\">Fechas: <\/strong>del 7 al 8 de julio, <span style=\"color: var( --e-global-color-ddf149c );\"> 2025<\/span><\/p><p><strong>Lugar: <\/strong><span class=\"eventitem-meta-address-line eventitem-meta-address-line--title\">T\u016bhura, <\/span><span class=\"eventitem-meta-address-line\">Dunedin, <\/span><span class=\"eventitem-meta-address-line\">Nueva Zelandia<\/span><\/p>\t\t\t\t\t\t\t\t<\/div>\n\t\t\t\t<\/div>\n\t\t\t\t<div class=\"elementor-element elementor-element-b0cca10 elementor-button-info elementor-widget elementor-widget-button\" data-id=\"b0cca10\" data-element_type=\"widget\" data-e-type=\"widget\" data-widget_type=\"button.default\">\n\t\t\t\t<div class=\"elementor-widget-container\">\n\t\t\t\t\t\t\t\t\t<div class=\"elementor-button-wrapper\">\n\t\t\t\t\t<a class=\"elementor-button elementor-button-link elementor-size-sm\" href=\"https:\/\/qxroads.org\/\" target=\"_blank\" id=\"Link\">\n\t\t\t\t\t\t<span class=\"elementor-button-content-wrapper\">\n\t\t\t\t\t\t<span class=\"elementor-button-icon\">\n\t\t\t\t<svg aria-hidden=\"true\" class=\"e-font-icon-svg e-fas-arrow-right\" viewBox=\"0 0 448 512\" xmlns=\"http:\/\/www.w3.org\/2000\/svg\"><path d=\"M190.5 66.9l22.2-22.2c9.4-9.4 24.6-9.4 33.9 0L441 239c9.4 9.4 9.4 24.6 0 33.9L246.6 467.3c-9.4 9.4-24.6 9.4-33.9 0l-22.2-22.2c-9.5-9.5-9.3-25 .4-34.3L311.4 296H24c-13.3 0-24-10.7-24-24v-32c0-13.3 10.7-24 24-24h287.4L190.9 101.2c-9.8-9.3-10-24.8-.4-34.3z\"><\/path><\/svg>\t\t\t<\/span>\n\t\t\t\t\t\t\t\t\t<span class=\"elementor-button-text\">Detalles del evento<\/span>\n\t\t\t\t\t<\/span>\n\t\t\t\t\t<\/a>\n\t\t\t\t<\/div>\n\t\t\t\t\t\t\t\t<\/div>\n\t\t\t\t<\/div>\n\t\t\t\t<\/div>\n\t\t<div class=\"elementor-element elementor-element-b17736d e-con-full e-transform e-flex e-con e-child\" data-id=\"b17736d\" data-element_type=\"container\" data-e-type=\"container\" data-settings=\"{&quot;background_background&quot;:&quot;classic&quot;,&quot;jet_parallax_layout_list&quot;:[],&quot;_transform_scale_effect_hover&quot;:{&quot;unit&quot;:&quot;px&quot;,&quot;size&quot;:1.05,&quot;sizes&quot;:[]},&quot;_ha_eqh_enable&quot;:false,&quot;_transform_scale_effect_hover_tablet&quot;:{&quot;unit&quot;:&quot;px&quot;,&quot;size&quot;:&quot;&quot;,&quot;sizes&quot;:[]},&quot;_transform_scale_effect_hover_mobile&quot;:{&quot;unit&quot;:&quot;px&quot;,&quot;size&quot;:&quot;&quot;,&quot;sizes&quot;:[]}}\">\n\t\t\t\t<div class=\"elementor-element elementor-element-2a6b36d elementor-view-default elementor-widget elementor-widget-icon\" data-id=\"2a6b36d\" data-element_type=\"widget\" data-e-type=\"widget\" data-widget_type=\"icon.default\">\n\t\t\t\t<div class=\"elementor-widget-container\">\n\t\t\t\t\t\t\t<div class=\"elementor-icon-wrapper\">\n\t\t\t<div class=\"elementor-icon\">\n\t\t\t<svg aria-hidden=\"true\" class=\"e-font-icon-svg e-fas-robot\" viewBox=\"0 0 640 512\" xmlns=\"http:\/\/www.w3.org\/2000\/svg\"><path d=\"M32,224H64V416H32A31.96166,31.96166,0,0,1,0,384V256A31.96166,31.96166,0,0,1,32,224Zm512-48V448a64.06328,64.06328,0,0,1-64,64H160a64.06328,64.06328,0,0,1-64-64V176a79.974,79.974,0,0,1,80-80H288V32a32,32,0,0,1,64,0V96H464A79.974,79.974,0,0,1,544,176ZM264,256a40,40,0,1,0-40,40A39.997,39.997,0,0,0,264,256Zm-8,128H192v32h64Zm96,0H288v32h64ZM456,256a40,40,0,1,0-40,40A39.997,39.997,0,0,0,456,256Zm-8,128H384v32h64ZM640,256V384a31.96166,31.96166,0,0,1-32,32H576V224h32A31.96166,31.96166,0,0,1,640,256Z\"><\/path><\/svg>\t\t\t<\/div>\n\t\t<\/div>\n\t\t\t\t\t\t<\/div>\n\t\t\t\t<\/div>\n\t\t\t\t<div class=\"elementor-element elementor-element-7209b5d elementor-widget elementor-widget-heading\" data-id=\"7209b5d\" data-element_type=\"widget\" data-e-type=\"widget\" data-widget_type=\"heading.default\">\n\t\t\t\t<div class=\"elementor-widget-container\">\n\t\t\t\t\t<h1 class=\"elementor-heading-title elementor-size-default\">Simposio Internacional sobre Ciencia, Tecnolog\u00eda e Innovaci\u00f3n Cu\u00e1nticas 2025 (Innovaci\u00f3n Cu\u00e1ntica 2025)<\/h1>\t\t\t\t<\/div>\n\t\t\t\t<\/div>\n\t\t\t\t<div class=\"elementor-element elementor-element-3ba228c elementor-widget__width-initial elementor-widget elementor-widget-text-editor\" data-id=\"3ba228c\" data-element_type=\"widget\" data-e-type=\"widget\" data-widget_type=\"text-editor.default\">\n\t\t\t\t<div class=\"elementor-widget-container\">\n\t\t\t\t\t\t\t\t\t<p>La Innovaci\u00f3n Cu\u00e1ntica, organizada por el gobierno japon\u00e9s, institutos de investigaci\u00f3n y alianzas industriales, es un simposio internacional cuyo objetivo es reunir a investigadores de diversas disciplinas para presentar e intercambiar ideas innovadoras en el campo de la ciencia y la tecnolog\u00eda cu\u00e1nticas. El evento abarca una amplia gama de temas, incluyendo los logros m\u00e1s recientes, tendencias y necesidades en \u00e1reas como la computaci\u00f3n cu\u00e1ntica, la detecci\u00f3n cu\u00e1ntica, la criptograf\u00eda cu\u00e1ntica y la comunicaci\u00f3n cu\u00e1ntica. <\/p><p><strong>Fechas<\/strong><span style=\"font-weight: 400;\"><strong>: desde el 29 de <\/strong>julio<\/span> al 2 de Agosto<span style=\"font-weight: 400;\">, 2025<\/span><\/p><p><strong>Lugar<\/strong><strong style=\"font-weight: 400;\">: <\/strong>Osaka, Japan <\/p>\t\t\t\t\t\t\t\t<\/div>\n\t\t\t\t<\/div>\n\t\t\t\t<div class=\"elementor-element elementor-element-2a2bb0c elementor-button-info elementor-widget elementor-widget-button\" data-id=\"2a2bb0c\" data-element_type=\"widget\" data-e-type=\"widget\" data-widget_type=\"button.default\">\n\t\t\t\t<div class=\"elementor-widget-container\">\n\t\t\t\t\t\t\t\t\t<div class=\"elementor-button-wrapper\">\n\t\t\t\t\t<a class=\"elementor-button elementor-button-link elementor-size-sm\" href=\"https:\/\/quantum-innovation.riken.jp\/QI2025.html\" target=\"_blank\" id=\"Link\">\n\t\t\t\t\t\t<span class=\"elementor-button-content-wrapper\">\n\t\t\t\t\t\t<span class=\"elementor-button-icon\">\n\t\t\t\t<svg aria-hidden=\"true\" class=\"e-font-icon-svg e-fas-arrow-right\" viewBox=\"0 0 448 512\" xmlns=\"http:\/\/www.w3.org\/2000\/svg\"><path d=\"M190.5 66.9l22.2-22.2c9.4-9.4 24.6-9.4 33.9 0L441 239c9.4 9.4 9.4 24.6 0 33.9L246.6 467.3c-9.4 9.4-24.6 9.4-33.9 0l-22.2-22.2c-9.5-9.5-9.3-25 .4-34.3L311.4 296H24c-13.3 0-24-10.7-24-24v-32c0-13.3 10.7-24 24-24h287.4L190.9 101.2c-9.8-9.3-10-24.8-.4-34.3z\"><\/path><\/svg>\t\t\t<\/span>\n\t\t\t\t\t\t\t\t\t<span class=\"elementor-button-text\">Detalles del evento<\/span>\n\t\t\t\t\t<\/span>\n\t\t\t\t\t<\/a>\n\t\t\t\t<\/div>\n\t\t\t\t\t\t\t\t<\/div>\n\t\t\t\t<\/div>\n\t\t\t\t<\/div>\n\t\t<div class=\"elementor-element elementor-element-4502569 e-con-full e-transform e-flex e-con e-child\" data-id=\"4502569\" data-element_type=\"container\" data-e-type=\"container\" data-settings=\"{&quot;background_background&quot;:&quot;classic&quot;,&quot;jet_parallax_layout_list&quot;:[],&quot;_transform_scale_effect_hover&quot;:{&quot;unit&quot;:&quot;px&quot;,&quot;size&quot;:1.05,&quot;sizes&quot;:[]},&quot;_ha_eqh_enable&quot;:false,&quot;_transform_scale_effect_hover_tablet&quot;:{&quot;unit&quot;:&quot;px&quot;,&quot;size&quot;:&quot;&quot;,&quot;sizes&quot;:[]},&quot;_transform_scale_effect_hover_mobile&quot;:{&quot;unit&quot;:&quot;px&quot;,&quot;size&quot;:&quot;&quot;,&quot;sizes&quot;:[]}}\">\n\t\t\t\t<div class=\"elementor-element elementor-element-189dd67 elementor-view-default elementor-widget elementor-widget-icon\" data-id=\"189dd67\" data-element_type=\"widget\" data-e-type=\"widget\" data-widget_type=\"icon.default\">\n\t\t\t\t<div class=\"elementor-widget-container\">\n\t\t\t\t\t\t\t<div class=\"elementor-icon-wrapper\">\n\t\t\t<div class=\"elementor-icon\">\n\t\t\t<i aria-hidden=\"true\" class=\"huge huge-conference\"><\/i>\t\t\t<\/div>\n\t\t<\/div>\n\t\t\t\t\t\t<\/div>\n\t\t\t\t<\/div>\n\t\t\t\t<div class=\"elementor-element elementor-element-89f029a elementor-widget elementor-widget-heading\" data-id=\"89f029a\" data-element_type=\"widget\" data-e-type=\"widget\" data-widget_type=\"heading.default\">\n\t\t\t\t<div class=\"elementor-widget-container\">\n\t\t\t\t\t<h1 class=\"elementor-heading-title elementor-size-default\">Conferencia sobre informaci\u00f3n, ciencia y tecnolog\u00eda cu\u00e1nticas en Filipinas 2025<\/h1>\t\t\t\t<\/div>\n\t\t\t\t<\/div>\n\t\t\t\t<div class=\"elementor-element elementor-element-b0e43a4 elementor-widget__width-initial elementor-widget elementor-widget-text-editor\" data-id=\"b0e43a4\" data-element_type=\"widget\" data-e-type=\"widget\" data-widget_type=\"text-editor.default\">\n\t\t\t\t<div class=\"elementor-widget-container\">\n\t\t\t\t\t\t\t\t\t<p class=\"p1\">La Conferencia sobre Informaci\u00f3n, Ciencia y Tecnolog\u00eda Cu\u00e1nticas en Filipinas 2025 (QISTCon.ph 2025) ser\u00e1 el lugar donde las empresas cu\u00e1nticas se reunir\u00e1n con la industria, los acad\u00e9micos presentar\u00e1n sus investigaciones y los responsables pol\u00edticos del gobierno y la comunidad debatir\u00e1n sobre la responsabilidad de desarrollar e invertir en tecnolog\u00edas cu\u00e1nticas.<\/p><p class=\"p1\">Con sede en Filipinas, est\u00e1 dise\u00f1ado para servir como centro regional con conexiones globales, consolidando la presencia del sudeste asi\u00e1tico en el panorama cu\u00e1ntico mundial.<\/p><p class=\"p1\">A trav\u00e9s de ponentes internacionales, participaci\u00f3n en l\u00ednea y contenido de acceso libre, QISTCon.ph 2025 ampl\u00eda su alcance mucho m\u00e1s all\u00e1 de las fronteras geogr\u00e1ficas, promoviendo la colaboraci\u00f3n global, la educaci\u00f3n y la innovaci\u00f3n en la ciencia y la tecnolog\u00eda de la informaci\u00f3n cu\u00e1ntica.<\/p><p><strong>Fechas: <\/strong>Del 30 de julio al 1 de agosto de 2025<\/p><p><span style=\"font-weight: 400;\"><strong>Ubicaci\u00f3n: <\/strong><\/span>Parque acu\u00e1tico JPark, Lapu-Lapu City, Ceb\u00fa, Filipinas<\/p>\t\t\t\t\t\t\t\t<\/div>\n\t\t\t\t<\/div>\n\t\t\t\t<div class=\"elementor-element elementor-element-c68491f elementor-button-info elementor-widget elementor-widget-button\" data-id=\"c68491f\" data-element_type=\"widget\" data-e-type=\"widget\" data-widget_type=\"button.default\">\n\t\t\t\t<div class=\"elementor-widget-container\">\n\t\t\t\t\t\t\t\t\t<div class=\"elementor-button-wrapper\">\n\t\t\t\t\t<a class=\"elementor-button elementor-button-link elementor-size-sm\" href=\"https:\/\/www.qistcon.ph\/\" target=\"_blank\" id=\"Link\">\n\t\t\t\t\t\t<span class=\"elementor-button-content-wrapper\">\n\t\t\t\t\t\t<span class=\"elementor-button-icon\">\n\t\t\t\t<svg aria-hidden=\"true\" class=\"e-font-icon-svg e-fas-arrow-right\" viewBox=\"0 0 448 512\" xmlns=\"http:\/\/www.w3.org\/2000\/svg\"><path d=\"M190.5 66.9l22.2-22.2c9.4-9.4 24.6-9.4 33.9 0L441 239c9.4 9.4 9.4 24.6 0 33.9L246.6 467.3c-9.4 9.4-24.6 9.4-33.9 0l-22.2-22.2c-9.5-9.5-9.3-25 .4-34.3L311.4 296H24c-13.3 0-24-10.7-24-24v-32c0-13.3 10.7-24 24-24h287.4L190.9 101.2c-9.8-9.3-10-24.8-.4-34.3z\"><\/path><\/svg>\t\t\t<\/span>\n\t\t\t\t\t\t\t\t\t<span class=\"elementor-button-text\">Detalles del evento<\/span>\n\t\t\t\t\t<\/span>\n\t\t\t\t\t<\/a>\n\t\t\t\t<\/div>\n\t\t\t\t\t\t\t\t<\/div>\n\t\t\t\t<\/div>\n\t\t\t\t<\/div>\n\t\t<div class=\"elementor-element elementor-element-3963445 e-con-full e-transform e-flex e-con e-child\" data-id=\"3963445\" data-element_type=\"container\" data-e-type=\"container\" data-settings=\"{&quot;background_background&quot;:&quot;classic&quot;,&quot;jet_parallax_layout_list&quot;:[],&quot;_transform_scale_effect_hover&quot;:{&quot;unit&quot;:&quot;px&quot;,&quot;size&quot;:1.05,&quot;sizes&quot;:[]},&quot;_ha_eqh_enable&quot;:false,&quot;_transform_scale_effect_hover_tablet&quot;:{&quot;unit&quot;:&quot;px&quot;,&quot;size&quot;:&quot;&quot;,&quot;sizes&quot;:[]},&quot;_transform_scale_effect_hover_mobile&quot;:{&quot;unit&quot;:&quot;px&quot;,&quot;size&quot;:&quot;&quot;,&quot;sizes&quot;:[]}}\">\n\t\t\t\t<div class=\"elementor-element elementor-element-5fcdecb elementor-view-default elementor-widget elementor-widget-icon\" data-id=\"5fcdecb\" data-element_type=\"widget\" data-e-type=\"widget\" data-widget_type=\"icon.default\">\n\t\t\t\t<div class=\"elementor-widget-container\">\n\t\t\t\t\t\t\t<div class=\"elementor-icon-wrapper\">\n\t\t\t<div class=\"elementor-icon\">\n\t\t\t<i aria-hidden=\"true\" class=\"huge huge-computer-programming-01\"><\/i>\t\t\t<\/div>\n\t\t<\/div>\n\t\t\t\t\t\t<\/div>\n\t\t\t\t<\/div>\n\t\t\t\t<div class=\"elementor-element elementor-element-6eb9d01 elementor-widget elementor-widget-heading\" data-id=\"6eb9d01\" data-element_type=\"widget\" data-e-type=\"widget\" data-widget_type=\"heading.default\">\n\t\t\t\t<div class=\"elementor-widget-container\">\n\t\t\t\t\t<h1 class=\"elementor-heading-title elementor-size-default\">Quantum India Bengaluru 2025 (QIB 2025)<\/h1>\t\t\t\t<\/div>\n\t\t\t\t<\/div>\n\t\t\t\t<div class=\"elementor-element elementor-element-832a216 elementor-widget__width-initial elementor-widget elementor-widget-text-editor\" data-id=\"832a216\" data-element_type=\"widget\" data-e-type=\"widget\" data-widget_type=\"text-editor.default\">\n\t\t\t\t<div class=\"elementor-widget-container\">\n\t\t\t\t\t\t\t\t\t<p>QIB tendr\u00e1 como objetivo mostrar lo \u00faltimo en ciencia y tecnolog\u00edas cu\u00e1nticas y promover la colaboraci\u00f3n y la sinergia entre los profesionales (acad\u00e9micos, industria y empresarios) que trabajan en la India y en el extranjero. Con el ambicioso objetivo de crear un ecosistema de investigaci\u00f3n y negocios cu\u00e1nticos para el desarrollo sostenible, nuestra visi\u00f3n es convertir Bangalore en la \u00abciudad cu\u00e1ntica\u00bb del futuro.  <\/p><p><strong style=\"color: var( --e-global-color-ddf149c );\">Fechas: <\/strong>Del 31 de julio al 2 de agosto<span style=\"color: var( --e-global-color-ddf149c );\"> de 2025.<\/span><\/p><p><strong>Ubicaci\u00f3n: <\/strong>Hotel Hilton, Embassy Manyata Business Park, Bangalore, India.<\/p>\t\t\t\t\t\t\t\t<\/div>\n\t\t\t\t<\/div>\n\t\t\t\t<div class=\"elementor-element elementor-element-ef772a0 elementor-button-info elementor-widget elementor-widget-button\" data-id=\"ef772a0\" data-element_type=\"widget\" data-e-type=\"widget\" data-widget_type=\"button.default\">\n\t\t\t\t<div class=\"elementor-widget-container\">\n\t\t\t\t\t\t\t\t\t<div class=\"elementor-button-wrapper\">\n\t\t\t\t\t<a class=\"elementor-button elementor-button-link elementor-size-sm\" href=\"https:\/\/www.quantumindiabengaluru.com\/conference.php#program-at-a-glance\" target=\"_blank\" id=\"Link\">\n\t\t\t\t\t\t<span class=\"elementor-button-content-wrapper\">\n\t\t\t\t\t\t<span class=\"elementor-button-icon\">\n\t\t\t\t<svg aria-hidden=\"true\" class=\"e-font-icon-svg e-fas-arrow-right\" viewBox=\"0 0 448 512\" xmlns=\"http:\/\/www.w3.org\/2000\/svg\"><path d=\"M190.5 66.9l22.2-22.2c9.4-9.4 24.6-9.4 33.9 0L441 239c9.4 9.4 9.4 24.6 0 33.9L246.6 467.3c-9.4 9.4-24.6 9.4-33.9 0l-22.2-22.2c-9.5-9.5-9.3-25 .4-34.3L311.4 296H24c-13.3 0-24-10.7-24-24v-32c0-13.3 10.7-24 24-24h287.4L190.9 101.2c-9.8-9.3-10-24.8-.4-34.3z\"><\/path><\/svg>\t\t\t<\/span>\n\t\t\t\t\t\t\t\t\t<span class=\"elementor-button-text\">Detalles del evento<\/span>\n\t\t\t\t\t<\/span>\n\t\t\t\t\t<\/a>\n\t\t\t\t<\/div>\n\t\t\t\t\t\t\t\t<\/div>\n\t\t\t\t<\/div>\n\t\t\t\t<\/div>\n\t\t<div class=\"elementor-element elementor-element-e412565 e-con-full e-transform e-flex e-con e-child\" data-id=\"e412565\" data-element_type=\"container\" data-e-type=\"container\" data-settings=\"{&quot;background_background&quot;:&quot;classic&quot;,&quot;jet_parallax_layout_list&quot;:[],&quot;_transform_scale_effect_hover&quot;:{&quot;unit&quot;:&quot;px&quot;,&quot;size&quot;:1.05,&quot;sizes&quot;:[]},&quot;_ha_eqh_enable&quot;:false,&quot;_transform_scale_effect_hover_tablet&quot;:{&quot;unit&quot;:&quot;px&quot;,&quot;size&quot;:&quot;&quot;,&quot;sizes&quot;:[]},&quot;_transform_scale_effect_hover_mobile&quot;:{&quot;unit&quot;:&quot;px&quot;,&quot;size&quot;:&quot;&quot;,&quot;sizes&quot;:[]}}\">\n\t\t\t\t<div class=\"elementor-element elementor-element-d2b16bb elementor-view-default elementor-widget elementor-widget-icon\" data-id=\"d2b16bb\" data-element_type=\"widget\" data-e-type=\"widget\" data-widget_type=\"icon.default\">\n\t\t\t\t<div class=\"elementor-widget-container\">\n\t\t\t\t\t\t\t<div class=\"elementor-icon-wrapper\">\n\t\t\t<div class=\"elementor-icon\">\n\t\t\t<i aria-hidden=\"true\" class=\"huge huge-mentoring\"><\/i>\t\t\t<\/div>\n\t\t<\/div>\n\t\t\t\t\t\t<\/div>\n\t\t\t\t<\/div>\n\t\t\t\t<div class=\"elementor-element elementor-element-949bcf4 elementor-widget elementor-widget-heading\" data-id=\"949bcf4\" data-element_type=\"widget\" data-e-type=\"widget\" data-widget_type=\"heading.default\">\n\t\t\t\t<div class=\"elementor-widget-container\">\n\t\t\t\t\t<h1 class=\"elementor-heading-title elementor-size-default\">ARC-EDS: Impulsando el Emprendimiento y la Innovaci\u00f3n para Combatir el Desempleo Juvenil<\/h1>\t\t\t\t<\/div>\n\t\t\t\t<\/div>\n\t\t\t\t<div class=\"elementor-element elementor-element-56bb6a2 elementor-widget__width-initial elementor-widget elementor-widget-text-editor\" data-id=\"56bb6a2\" data-element_type=\"widget\" data-e-type=\"widget\" data-widget_type=\"text-editor.default\">\n\t\t\t\t<div class=\"elementor-widget-container\">\n\t\t\t\t\t\t\t\t\t<p>El Evento Global en celebraci\u00f3n del A\u00f1o Internacional de la Ciencia y la Tecnolog\u00eda Cu\u00e1nticas (IYQ 2025) se organizar\u00e1 como un componente clave de la Conferencia y Exposici\u00f3n Regional de \u00c1frica sobre Educaci\u00f3n y Desarrollo de Competencias (ARC-EDS). Este Evento Global impulsar\u00e1 el desarrollo de la educaci\u00f3n cu\u00e1ntica a nivel mundial. <\/p><p><strong>Fechas: <\/strong>del 5 al 7 de agosto, 2025<\/p><p><strong>Ubicaci\u00f3n: <\/strong>Centro Internacional de Conferencias de Accra (AICC), Accra, Ghana.<\/p>\t\t\t\t\t\t\t\t<\/div>\n\t\t\t\t<\/div>\n\t\t\t\t<div class=\"elementor-element elementor-element-55f3f52 elementor-button-info elementor-widget elementor-widget-button\" data-id=\"55f3f52\" data-element_type=\"widget\" data-e-type=\"widget\" data-widget_type=\"button.default\">\n\t\t\t\t<div class=\"elementor-widget-container\">\n\t\t\t\t\t\t\t\t\t<div class=\"elementor-button-wrapper\">\n\t\t\t\t\t<a class=\"elementor-button elementor-button-link elementor-size-sm\" href=\"https:\/\/arc-eds.com\/\" target=\"_blank\" id=\"Link\">\n\t\t\t\t\t\t<span class=\"elementor-button-content-wrapper\">\n\t\t\t\t\t\t<span class=\"elementor-button-icon\">\n\t\t\t\t<svg aria-hidden=\"true\" class=\"e-font-icon-svg e-fas-arrow-right\" viewBox=\"0 0 448 512\" xmlns=\"http:\/\/www.w3.org\/2000\/svg\"><path d=\"M190.5 66.9l22.2-22.2c9.4-9.4 24.6-9.4 33.9 0L441 239c9.4 9.4 9.4 24.6 0 33.9L246.6 467.3c-9.4 9.4-24.6 9.4-33.9 0l-22.2-22.2c-9.5-9.5-9.3-25 .4-34.3L311.4 296H24c-13.3 0-24-10.7-24-24v-32c0-13.3 10.7-24 24-24h287.4L190.9 101.2c-9.8-9.3-10-24.8-.4-34.3z\"><\/path><\/svg>\t\t\t<\/span>\n\t\t\t\t\t\t\t\t\t<span class=\"elementor-button-text\">Detalles del evento<\/span>\n\t\t\t\t\t<\/span>\n\t\t\t\t\t<\/a>\n\t\t\t\t<\/div>\n\t\t\t\t\t\t\t\t<\/div>\n\t\t\t\t<\/div>\n\t\t\t\t<\/div>\n\t\t<div class=\"elementor-element elementor-element-06aab14 e-con-full e-transform e-flex e-con e-child\" data-id=\"06aab14\" data-element_type=\"container\" data-e-type=\"container\" data-settings=\"{&quot;background_background&quot;:&quot;classic&quot;,&quot;jet_parallax_layout_list&quot;:[],&quot;_transform_scale_effect_hover&quot;:{&quot;unit&quot;:&quot;px&quot;,&quot;size&quot;:1.05,&quot;sizes&quot;:[]},&quot;_ha_eqh_enable&quot;:false,&quot;_transform_scale_effect_hover_tablet&quot;:{&quot;unit&quot;:&quot;px&quot;,&quot;size&quot;:&quot;&quot;,&quot;sizes&quot;:[]},&quot;_transform_scale_effect_hover_mobile&quot;:{&quot;unit&quot;:&quot;px&quot;,&quot;size&quot;:&quot;&quot;,&quot;sizes&quot;:[]}}\">\n\t\t\t\t<div class=\"elementor-element elementor-element-91feb81 elementor-view-default elementor-widget elementor-widget-icon\" data-id=\"91feb81\" data-element_type=\"widget\" data-e-type=\"widget\" data-widget_type=\"icon.default\">\n\t\t\t\t<div class=\"elementor-widget-container\">\n\t\t\t\t\t\t\t<div class=\"elementor-icon-wrapper\">\n\t\t\t<div class=\"elementor-icon\">\n\t\t\t<i aria-hidden=\"true\" class=\"huge huge-books-02\"><\/i>\t\t\t<\/div>\n\t\t<\/div>\n\t\t\t\t\t\t<\/div>\n\t\t\t\t<\/div>\n\t\t\t\t<div class=\"elementor-element elementor-element-a866d47 elementor-widget elementor-widget-heading\" data-id=\"a866d47\" data-element_type=\"widget\" data-e-type=\"widget\" data-widget_type=\"heading.default\">\n\t\t\t\t<div class=\"elementor-widget-container\">\n\t\t\t\t\t<h1 class=\"elementor-heading-title elementor-size-default\">V Conferencia Internacional sobre la Historia de la F\u00edsica Cu\u00e1ntica<\/h1>\t\t\t\t<\/div>\n\t\t\t\t<\/div>\n\t\t\t\t<div class=\"elementor-element elementor-element-1037505 elementor-widget__width-initial elementor-widget elementor-widget-text-editor\" data-id=\"1037505\" data-element_type=\"widget\" data-e-type=\"widget\" data-widget_type=\"text-editor.default\">\n\t\t\t\t<div class=\"elementor-widget-container\">\n\t\t\t\t\t\t\t\t\t<p>El centenario de la mec\u00e1nica cu\u00e1ntica y el A\u00f1o Internacional de la Ciencia y la Tecnolog\u00eda Cu\u00e1nticas de las Naciones Unidas brindan una oportunidad ideal para revivir la influyente serie de conferencias \u00abHQ\u00bb sobre la Historia de la F\u00edsica Cu\u00e1ntica, iniciada por el Instituto Max Planck de Historia de la Ciencia de Berl\u00edn. <\/p><p><strong style=\"color: var( --e-global-color-ddf149c );\">Fechas: <\/strong>11 al 14 de agosto, 2025<\/p><p><strong>Lugar:<\/strong> Federal University of Bahia, Salvador, Brazil<\/p>\t\t\t\t\t\t\t\t<\/div>\n\t\t\t\t<\/div>\n\t\t\t\t<div class=\"elementor-element elementor-element-bb18840 elementor-button-info elementor-widget elementor-widget-button\" data-id=\"bb18840\" data-element_type=\"widget\" data-e-type=\"widget\" data-widget_type=\"button.default\">\n\t\t\t\t<div class=\"elementor-widget-container\">\n\t\t\t\t\t\t\t\t\t<div class=\"elementor-button-wrapper\">\n\t\t\t\t\t<a class=\"elementor-button elementor-button-link elementor-size-sm\" href=\"https:\/\/www.iuchpp.org\/hq5\" target=\"_blank\" id=\"Link\">\n\t\t\t\t\t\t<span class=\"elementor-button-content-wrapper\">\n\t\t\t\t\t\t<span class=\"elementor-button-icon\">\n\t\t\t\t<svg aria-hidden=\"true\" class=\"e-font-icon-svg e-fas-arrow-right\" viewBox=\"0 0 448 512\" xmlns=\"http:\/\/www.w3.org\/2000\/svg\"><path d=\"M190.5 66.9l22.2-22.2c9.4-9.4 24.6-9.4 33.9 0L441 239c9.4 9.4 9.4 24.6 0 33.9L246.6 467.3c-9.4 9.4-24.6 9.4-33.9 0l-22.2-22.2c-9.5-9.5-9.3-25 .4-34.3L311.4 296H24c-13.3 0-24-10.7-24-24v-32c0-13.3 10.7-24 24-24h287.4L190.9 101.2c-9.8-9.3-10-24.8-.4-34.3z\"><\/path><\/svg>\t\t\t<\/span>\n\t\t\t\t\t\t\t\t\t<span class=\"elementor-button-text\">Detalles del evento<\/span>\n\t\t\t\t\t<\/span>\n\t\t\t\t\t<\/a>\n\t\t\t\t<\/div>\n\t\t\t\t\t\t\t\t<\/div>\n\t\t\t\t<\/div>\n\t\t\t\t<\/div>\n\t\t<div class=\"elementor-element elementor-element-f475df6 e-con-full e-transform e-flex e-con e-child\" data-id=\"f475df6\" data-element_type=\"container\" data-e-type=\"container\" data-settings=\"{&quot;background_background&quot;:&quot;classic&quot;,&quot;jet_parallax_layout_list&quot;:[],&quot;_transform_scale_effect_hover&quot;:{&quot;unit&quot;:&quot;px&quot;,&quot;size&quot;:1.05,&quot;sizes&quot;:[]},&quot;_ha_eqh_enable&quot;:false,&quot;_transform_scale_effect_hover_tablet&quot;:{&quot;unit&quot;:&quot;px&quot;,&quot;size&quot;:&quot;&quot;,&quot;sizes&quot;:[]},&quot;_transform_scale_effect_hover_mobile&quot;:{&quot;unit&quot;:&quot;px&quot;,&quot;size&quot;:&quot;&quot;,&quot;sizes&quot;:[]}}\">\n\t\t\t\t<div class=\"elementor-element elementor-element-f55520a elementor-view-default elementor-widget elementor-widget-icon\" data-id=\"f55520a\" data-element_type=\"widget\" data-e-type=\"widget\" data-widget_type=\"icon.default\">\n\t\t\t\t<div class=\"elementor-widget-container\">\n\t\t\t\t\t\t\t<div class=\"elementor-icon-wrapper\">\n\t\t\t<div class=\"elementor-icon\">\n\t\t\t<svg aria-hidden=\"true\" class=\"e-font-icon-svg e-fas-hands-helping\" viewBox=\"0 0 640 512\" xmlns=\"http:\/\/www.w3.org\/2000\/svg\"><path d=\"M488 192H336v56c0 39.7-32.3 72-72 72s-72-32.3-72-72V126.4l-64.9 39C107.8 176.9 96 197.8 96 220.2v47.3l-80 46.2C.7 322.5-4.6 342.1 4.3 357.4l80 138.6c8.8 15.3 28.4 20.5 43.7 11.7L231.4 448H368c35.3 0 64-28.7 64-64h16c17.7 0 32-14.3 32-32v-64h8c13.3 0 24-10.7 24-24v-48c0-13.3-10.7-24-24-24zm147.7-37.4L555.7 16C546.9.7 527.3-4.5 512 4.3L408.6 64H306.4c-12 0-23.7 3.4-33.9 9.7L239 94.6c-9.4 5.8-15 16.1-15 27.1V248c0 22.1 17.9 40 40 40s40-17.9 40-40v-88h184c30.9 0 56 25.1 56 56v28.5l80-46.2c15.3-8.9 20.5-28.4 11.7-43.7z\"><\/path><\/svg>\t\t\t<\/div>\n\t\t<\/div>\n\t\t\t\t\t\t<\/div>\n\t\t\t\t<\/div>\n\t\t\t\t<div class=\"elementor-element elementor-element-729366e elementor-widget elementor-widget-heading\" data-id=\"729366e\" data-element_type=\"widget\" data-e-type=\"widget\" data-widget_type=\"heading.default\">\n\t\t\t\t<div class=\"elementor-widget-container\">\n\t\t\t\t\t<h1 class=\"elementor-heading-title elementor-size-default\">La Conferencia Internacional Quantum Africa 7 (QA7)<\/h1>\t\t\t\t<\/div>\n\t\t\t\t<\/div>\n\t\t\t\t<div class=\"elementor-element elementor-element-78c3fff elementor-widget__width-initial elementor-widget elementor-widget-text-editor\" data-id=\"78c3fff\" data-element_type=\"widget\" data-e-type=\"widget\" data-widget_type=\"text-editor.default\">\n\t\t\t\t<div class=\"elementor-widget-container\">\n\t\t\t\t\t\t\t\t\t<p class=\"p1\"> <\/p><p class=\"p1\">Quantum Africa 7 re\u00fane a investigadores, estudiantes y p\u00fablico de todo el continente, as\u00ed como a cient\u00edficos de renombre de todo el mundo, con el fin de apoyar la posici\u00f3n de \u00c1frica y sus contribuciones a la investigaci\u00f3n en ciencia cu\u00e1ntica, y tender puentes de colaboraci\u00f3n internacional y local en el \u00e1mbito del conocimiento cu\u00e1ntico.<\/p><p><strong>Fechas: <\/strong>del 22 al 26 de septiembre de 2025<\/p><p><span style=\"font-weight: 400;\"><strong>Ubicaci\u00f3n: <\/strong>Facultad de Ciencias, Universidad Ibn Tofail, Kenitra, Marruecos.<\/span><\/p>\t\t\t\t\t\t\t\t<\/div>\n\t\t\t\t<\/div>\n\t\t\t\t<div class=\"elementor-element elementor-element-e7d2cbd elementor-button-info elementor-widget elementor-widget-button\" data-id=\"e7d2cbd\" data-element_type=\"widget\" data-e-type=\"widget\" data-widget_type=\"button.default\">\n\t\t\t\t<div class=\"elementor-widget-container\">\n\t\t\t\t\t\t\t\t\t<div class=\"elementor-button-wrapper\">\n\t\t\t\t\t<a class=\"elementor-button elementor-button-link elementor-size-sm\" href=\"https:\/\/fs.uit.ac.ma\/international-conference-quantum-africa-7-qa7-22-26-september-2025-kenitra-morocco\/\" target=\"_blank\" id=\"Link\">\n\t\t\t\t\t\t<span class=\"elementor-button-content-wrapper\">\n\t\t\t\t\t\t<span class=\"elementor-button-icon\">\n\t\t\t\t<svg aria-hidden=\"true\" class=\"e-font-icon-svg e-fas-arrow-right\" viewBox=\"0 0 448 512\" xmlns=\"http:\/\/www.w3.org\/2000\/svg\"><path d=\"M190.5 66.9l22.2-22.2c9.4-9.4 24.6-9.4 33.9 0L441 239c9.4 9.4 9.4 24.6 0 33.9L246.6 467.3c-9.4 9.4-24.6 9.4-33.9 0l-22.2-22.2c-9.5-9.5-9.3-25 .4-34.3L311.4 296H24c-13.3 0-24-10.7-24-24v-32c0-13.3 10.7-24 24-24h287.4L190.9 101.2c-9.8-9.3-10-24.8-.4-34.3z\"><\/path><\/svg>\t\t\t<\/span>\n\t\t\t\t\t\t\t\t\t<span class=\"elementor-button-text\">Detalles del evento<\/span>\n\t\t\t\t\t<\/span>\n\t\t\t\t\t<\/a>\n\t\t\t\t<\/div>\n\t\t\t\t\t\t\t\t<\/div>\n\t\t\t\t<\/div>\n\t\t\t\t<\/div>\n\t\t<div class=\"elementor-element elementor-element-6c9bdaa e-con-full e-transform e-flex e-con e-child\" data-id=\"6c9bdaa\" data-element_type=\"container\" data-e-type=\"container\" data-settings=\"{&quot;background_background&quot;:&quot;classic&quot;,&quot;jet_parallax_layout_list&quot;:[],&quot;_transform_scale_effect_hover&quot;:{&quot;unit&quot;:&quot;px&quot;,&quot;size&quot;:1.05,&quot;sizes&quot;:[]},&quot;_ha_eqh_enable&quot;:false,&quot;_transform_scale_effect_hover_tablet&quot;:{&quot;unit&quot;:&quot;px&quot;,&quot;size&quot;:&quot;&quot;,&quot;sizes&quot;:[]},&quot;_transform_scale_effect_hover_mobile&quot;:{&quot;unit&quot;:&quot;px&quot;,&quot;size&quot;:&quot;&quot;,&quot;sizes&quot;:[]}}\">\n\t\t\t\t<div class=\"elementor-element elementor-element-92246d9 elementor-view-default elementor-widget elementor-widget-icon\" data-id=\"92246d9\" data-element_type=\"widget\" data-e-type=\"widget\" data-widget_type=\"icon.default\">\n\t\t\t\t<div class=\"elementor-widget-container\">\n\t\t\t\t\t\t\t<div class=\"elementor-icon-wrapper\">\n\t\t\t<div class=\"elementor-icon\">\n\t\t\t<svg aria-hidden=\"true\" class=\"e-font-icon-svg e-fas-tachometer-alt\" viewBox=\"0 0 576 512\" xmlns=\"http:\/\/www.w3.org\/2000\/svg\"><path d=\"M288 32C128.94 32 0 160.94 0 320c0 52.8 14.25 102.26 39.06 144.8 5.61 9.62 16.3 15.2 27.44 15.2h443c11.14 0 21.83-5.58 27.44-15.2C561.75 422.26 576 372.8 576 320c0-159.06-128.94-288-288-288zm0 64c14.71 0 26.58 10.13 30.32 23.65-1.11 2.26-2.64 4.23-3.45 6.67l-9.22 27.67c-5.13 3.49-10.97 6.01-17.64 6.01-17.67 0-32-14.33-32-32S270.33 96 288 96zM96 384c-17.67 0-32-14.33-32-32s14.33-32 32-32 32 14.33 32 32-14.33 32-32 32zm48-160c-17.67 0-32-14.33-32-32s14.33-32 32-32 32 14.33 32 32-14.33 32-32 32zm246.77-72.41l-61.33 184C343.13 347.33 352 364.54 352 384c0 11.72-3.38 22.55-8.88 32H232.88c-5.5-9.45-8.88-20.28-8.88-32 0-33.94 26.5-61.43 59.9-63.59l61.34-184.01c4.17-12.56 17.73-19.45 30.36-15.17 12.57 4.19 19.35 17.79 15.17 30.36zm14.66 57.2l15.52-46.55c3.47-1.29 7.13-2.23 11.05-2.23 17.67 0 32 14.33 32 32s-14.33 32-32 32c-11.38-.01-20.89-6.28-26.57-15.22zM480 384c-17.67 0-32-14.33-32-32s14.33-32 32-32 32 14.33 32 32-14.33 32-32 32z\"><\/path><\/svg>\t\t\t<\/div>\n\t\t<\/div>\n\t\t\t\t\t\t<\/div>\n\t\t\t\t<\/div>\n\t\t\t\t<div class=\"elementor-element elementor-element-085196c elementor-widget elementor-widget-heading\" data-id=\"085196c\" data-element_type=\"widget\" data-e-type=\"widget\" data-widget_type=\"heading.default\">\n\t\t\t\t<div class=\"elementor-widget-container\">\n\t\t\t\t\t<h1 class=\"elementor-heading-title elementor-size-default\">Metrolog\u00eda Cu\u00e1ntica: De los Fundamentos al Futuro<\/h1>\t\t\t\t<\/div>\n\t\t\t\t<\/div>\n\t\t\t\t<div class=\"elementor-element elementor-element-6077db5 elementor-widget__width-initial elementor-widget elementor-widget-text-editor\" data-id=\"6077db5\" data-element_type=\"widget\" data-e-type=\"widget\" data-widget_type=\"text-editor.default\">\n\t\t\t\t<div class=\"elementor-widget-container\">\n\t\t\t\t\t\t\t\t\t<p> <\/p><p><span style=\"font-weight: 400;\">El evento reunir\u00e1 a expertos de todo el mundo en una combinaci\u00f3n de conferencias magistrales, paneles de discusi\u00f3n, demostraciones pr\u00e1cticas y exhibiciones interactivas. Se inaugurar\u00e1 con una conferencia magistral que explorar\u00e1 los fundamentos y el impacto emergente de la metrolog\u00eda cu\u00e1ntica.  <\/span><b>La historia de la metrolog\u00eda en la ciencia cu\u00e1ntica<\/b> <span style=\"font-weight: 400;\">servir\u00e1 como introducci\u00f3n para debates sobre c\u00f3mo la ciencia de la medici\u00f3n puede potenciar su impacto<\/span> <b>en industrias como la navegaci\u00f3n, la computaci\u00f3n y la salud.<\/b><span style=\"font-weight: 400;\">. A trav\u00e9s de historias personales se mostrar\u00e1 <\/span><b>c\u00f3mo las tecnolog\u00edas cu\u00e1nticas transforman vidas,<\/b> <span style=\"font-weight: 400;\">y un<\/span> <b>panel internacional reflexionar\u00e1 sobre el valor de la colaboraci\u00f3n global<\/b><span style=\"font-weight: 400;\">.<\/span> <\/p><p><strong>Fechas: <\/strong><span style=\"font-weight: 400;\">Del 3 al 7 de noviembre de 2025.<\/span><\/p><p><strong>Ubicaci\u00f3n: <span style=\"font-weight: 400;\">Laboratorio Nacional de F\u00edsica (NPL), Teddington, suroeste de Londres, Reino Unido.<\/span><\/strong><\/p>\t\t\t\t\t\t\t\t<\/div>\n\t\t\t\t<\/div>\n\t\t\t\t<div class=\"elementor-element elementor-element-93bd37f elementor-button-info elementor-widget elementor-widget-button\" data-id=\"93bd37f\" data-element_type=\"widget\" data-e-type=\"widget\" data-widget_type=\"button.default\">\n\t\t\t\t<div class=\"elementor-widget-container\">\n\t\t\t\t\t\t\t\t\t<div class=\"elementor-button-wrapper\">\n\t\t\t\t\t<a class=\"elementor-button elementor-button-link elementor-size-sm\" href=\"https:\/\/www.npl.co.uk\/events\/quantum-metrology-from-foundations-to-the-future\" target=\"_blank\" id=\"Link\">\n\t\t\t\t\t\t<span class=\"elementor-button-content-wrapper\">\n\t\t\t\t\t\t<span class=\"elementor-button-icon\">\n\t\t\t\t<svg aria-hidden=\"true\" class=\"e-font-icon-svg e-fas-arrow-right\" viewBox=\"0 0 448 512\" xmlns=\"http:\/\/www.w3.org\/2000\/svg\"><path d=\"M190.5 66.9l22.2-22.2c9.4-9.4 24.6-9.4 33.9 0L441 239c9.4 9.4 9.4 24.6 0 33.9L246.6 467.3c-9.4 9.4-24.6 9.4-33.9 0l-22.2-22.2c-9.5-9.5-9.3-25 .4-34.3L311.4 296H24c-13.3 0-24-10.7-24-24v-32c0-13.3 10.7-24 24-24h287.4L190.9 101.2c-9.8-9.3-10-24.8-.4-34.3z\"><\/path><\/svg>\t\t\t<\/span>\n\t\t\t\t\t\t\t\t\t<span class=\"elementor-button-text\">Detalles del evento<\/span>\n\t\t\t\t\t<\/span>\n\t\t\t\t\t<\/a>\n\t\t\t\t<\/div>\n\t\t\t\t\t\t\t\t<\/div>\n\t\t\t\t<\/div>\n\t\t\t\t<\/div>\n\t\t<div class=\"elementor-element elementor-element-3519803 e-con-full e-transform e-flex e-con e-child\" data-id=\"3519803\" data-element_type=\"container\" data-e-type=\"container\" data-settings=\"{&quot;background_background&quot;:&quot;classic&quot;,&quot;jet_parallax_layout_list&quot;:[],&quot;_transform_scale_effect_hover&quot;:{&quot;unit&quot;:&quot;px&quot;,&quot;size&quot;:1.05,&quot;sizes&quot;:[]},&quot;_ha_eqh_enable&quot;:&quot;yes&quot;,&quot;_ha_eqh_disable_on_tablet&quot;:&quot;yes&quot;,&quot;_ha_eqh_to&quot;:&quot;widget&quot;,&quot;_ha_eqh_disable_on_mobile&quot;:&quot;yes&quot;,&quot;_transform_scale_effect_hover_tablet&quot;:{&quot;unit&quot;:&quot;px&quot;,&quot;size&quot;:&quot;&quot;,&quot;sizes&quot;:[]},&quot;_transform_scale_effect_hover_mobile&quot;:{&quot;unit&quot;:&quot;px&quot;,&quot;size&quot;:&quot;&quot;,&quot;sizes&quot;:[]}}\">\n\t\t\t\t<div class=\"elementor-element elementor-element-6fa543c elementor-view-default elementor-widget elementor-widget-icon\" data-id=\"6fa543c\" data-element_type=\"widget\" data-e-type=\"widget\" data-widget_type=\"icon.default\">\n\t\t\t\t<div class=\"elementor-widget-container\">\n\t\t\t\t\t\t\t<div class=\"elementor-icon-wrapper\">\n\t\t\t<div class=\"elementor-icon\">\n\t\t\t<i aria-hidden=\"true\" class=\"huge huge-global-education\"><\/i>\t\t\t<\/div>\n\t\t<\/div>\n\t\t\t\t\t\t<\/div>\n\t\t\t\t<\/div>\n\t\t\t\t<div class=\"elementor-element elementor-element-6282227 elementor-widget elementor-widget-heading\" data-id=\"6282227\" data-element_type=\"widget\" data-e-type=\"widget\" data-widget_type=\"heading.default\">\n\t\t\t\t<div class=\"elementor-widget-container\">\n\t\t\t\t\t<h1 class=\"elementor-heading-title elementor-size-default\">Los aspectos \u00e9ticos, legales y sociales de la ampliaci\u00f3n de la propiedad global de las tecnolog\u00edas cu\u00e1nticas<\/h1>\t\t\t\t<\/div>\n\t\t\t\t<\/div>\n\t\t\t\t<div class=\"elementor-element elementor-element-2c6b484 elementor-widget__width-initial elementor-widget elementor-widget-text-editor\" data-id=\"2c6b484\" data-element_type=\"widget\" data-e-type=\"widget\" data-widget_type=\"text-editor.default\">\n\t\t\t\t<div class=\"elementor-widget-container\">\n\t\t\t\t\t\t\t\t\t<p><span style=\"color: var( --e-global-color-ddf149c );\">El evento tratar\u00e1 sobre cuestiones transversales relacionadas con los aspectos \u00e9ticos, legales y sociales (ELSA) de las tecnolog\u00edas cu\u00e1nticas en todo el mundo y sobre la ampliaci\u00f3n de la <\/span><span style=\"color: var( --e-global-color-ddf149c );\">propiedad de las tecnolog\u00edas cu\u00e1nticas, con especial atenci\u00f3n al contexto de los pa\u00edses subdesarrollados y <\/span><span style=\"color: var( --e-global-color-ddf149c );\">pa\u00edses y regiones en desarrollo.<\/span><\/p><p><strong style=\"color: var( --e-global-color-ddf149c );\">Fechas: 20-21 de noviembre<\/strong> de <span style=\"color: var( --e-global-color-ddf149c );\">2025.<\/span><\/p><p><strong>Ubicaci\u00f3n:<\/strong> Facultad de Ingenier\u00eda y Ciencias Naturales, Universidad Sabanci, Estambul, Turqu\u00eda.<\/p>\t\t\t\t\t\t\t\t<\/div>\n\t\t\t\t<\/div>\n\t\t\t\t<div class=\"elementor-element elementor-element-2145da5 elementor-button-info elementor-widget elementor-widget-button\" data-id=\"2145da5\" data-element_type=\"widget\" data-e-type=\"widget\" data-widget_type=\"button.default\">\n\t\t\t\t<div class=\"elementor-widget-container\">\n\t\t\t\t\t\t\t\t\t<div class=\"elementor-button-wrapper\">\n\t\t\t\t\t<a class=\"elementor-button elementor-button-link elementor-size-sm\" href=\"https:\/\/fens.sabanciuniv.edu\/en\/iyq\" target=\"_blank\" id=\"Link\">\n\t\t\t\t\t\t<span class=\"elementor-button-content-wrapper\">\n\t\t\t\t\t\t<span class=\"elementor-button-icon\">\n\t\t\t\t<svg aria-hidden=\"true\" class=\"e-font-icon-svg e-fas-arrow-right\" viewBox=\"0 0 448 512\" xmlns=\"http:\/\/www.w3.org\/2000\/svg\"><path d=\"M190.5 66.9l22.2-22.2c9.4-9.4 24.6-9.4 33.9 0L441 239c9.4 9.4 9.4 24.6 0 33.9L246.6 467.3c-9.4 9.4-24.6 9.4-33.9 0l-22.2-22.2c-9.5-9.5-9.3-25 .4-34.3L311.4 296H24c-13.3 0-24-10.7-24-24v-32c0-13.3 10.7-24 24-24h287.4L190.9 101.2c-9.8-9.3-10-24.8-.4-34.3z\"><\/path><\/svg>\t\t\t<\/span>\n\t\t\t\t\t\t\t\t\t<span class=\"elementor-button-text\">Detalles del evento<\/span>\n\t\t\t\t\t<\/span>\n\t\t\t\t\t<\/a>\n\t\t\t\t<\/div>\n\t\t\t\t\t\t\t\t<\/div>\n\t\t\t\t<\/div>\n\t\t\t\t<\/div>\n\t\t<div class=\"elementor-element elementor-element-5090941 e-con-full e-transform e-flex e-con e-child\" data-id=\"5090941\" data-element_type=\"container\" data-e-type=\"container\" data-settings=\"{&quot;background_background&quot;:&quot;classic&quot;,&quot;jet_parallax_layout_list&quot;:[],&quot;_transform_scale_effect_hover&quot;:{&quot;unit&quot;:&quot;px&quot;,&quot;size&quot;:1.05,&quot;sizes&quot;:[]},&quot;_ha_eqh_enable&quot;:false,&quot;_transform_scale_effect_hover_tablet&quot;:{&quot;unit&quot;:&quot;px&quot;,&quot;size&quot;:&quot;&quot;,&quot;sizes&quot;:[]},&quot;_transform_scale_effect_hover_mobile&quot;:{&quot;unit&quot;:&quot;px&quot;,&quot;size&quot;:&quot;&quot;,&quot;sizes&quot;:[]}}\">\n\t\t\t\t<div class=\"elementor-element elementor-element-eba7f3c elementor-view-default elementor-widget elementor-widget-icon\" data-id=\"eba7f3c\" data-element_type=\"widget\" data-e-type=\"widget\" data-widget_type=\"icon.default\">\n\t\t\t\t<div class=\"elementor-widget-container\">\n\t\t\t\t\t\t\t<div class=\"elementor-icon-wrapper\">\n\t\t\t<div class=\"elementor-icon\">\n\t\t\t<svg aria-hidden=\"true\" class=\"e-font-icon-svg e-far-newspaper\" viewBox=\"0 0 576 512\" xmlns=\"http:\/\/www.w3.org\/2000\/svg\"><path d=\"M552 64H112c-20.858 0-38.643 13.377-45.248 32H24c-13.255 0-24 10.745-24 24v272c0 30.928 25.072 56 56 56h496c13.255 0 24-10.745 24-24V88c0-13.255-10.745-24-24-24zM48 392V144h16v248c0 4.411-3.589 8-8 8s-8-3.589-8-8zm480 8H111.422c.374-2.614.578-5.283.578-8V112h416v288zM172 280h136c6.627 0 12-5.373 12-12v-96c0-6.627-5.373-12-12-12H172c-6.627 0-12 5.373-12 12v96c0 6.627 5.373 12 12 12zm28-80h80v40h-80v-40zm-40 140v-24c0-6.627 5.373-12 12-12h136c6.627 0 12 5.373 12 12v24c0 6.627-5.373 12-12 12H172c-6.627 0-12-5.373-12-12zm192 0v-24c0-6.627 5.373-12 12-12h104c6.627 0 12 5.373 12 12v24c0 6.627-5.373 12-12 12H364c-6.627 0-12-5.373-12-12zm0-144v-24c0-6.627 5.373-12 12-12h104c6.627 0 12 5.373 12 12v24c0 6.627-5.373 12-12 12H364c-6.627 0-12-5.373-12-12zm0 72v-24c0-6.627 5.373-12 12-12h104c6.627 0 12 5.373 12 12v24c0 6.627-5.373 12-12 12H364c-6.627 0-12-5.373-12-12z\"><\/path><\/svg>\t\t\t<\/div>\n\t\t<\/div>\n\t\t\t\t\t\t<\/div>\n\t\t\t\t<\/div>\n\t\t\t\t<div class=\"elementor-element elementor-element-17a65f5 elementor-widget elementor-widget-heading\" data-id=\"17a65f5\" data-element_type=\"widget\" data-e-type=\"widget\" data-widget_type=\"heading.default\">\n\t\t\t\t<div class=\"elementor-widget-container\">\n\t\t\t\t\t<h1 class=\"elementor-heading-title elementor-size-default\">Taller Quantum para periodistas<\/h1>\t\t\t\t<\/div>\n\t\t\t\t<\/div>\n\t\t\t\t<div class=\"elementor-element elementor-element-f200be1 elementor-widget__width-initial elementor-widget elementor-widget-text-editor\" data-id=\"f200be1\" data-element_type=\"widget\" data-e-type=\"widget\" data-widget_type=\"text-editor.default\">\n\t\t\t\t<div class=\"elementor-widget-container\">\n\t\t\t\t\t\t\t\t\t<h3>Conferencia Mundial de Periodistas Cient\u00edficos 2025 Formaci\u00f3n de periodistas en ciencia y tecnolog\u00eda cu\u00e1nticas <\/h3><p><span style=\"font-weight: 400;\">Dirigido por investigadores de primer nivel, el taller ofrecer\u00e1 explicaciones accesibles sobre las tecnolog\u00edas cu\u00e1nticas \u2014desde la comunicaci\u00f3n segura hasta los sensores de \u00faltima generaci\u00f3n\u2014 y abordar\u00e1 c\u00f3mo evaluar las afirmaciones, detectar el sensacionalismo y comunicar los matices. Los participantes tambi\u00e9n tendr\u00e1n la oportunidad de debatir las dimensiones \u00e9ticas, pol\u00edticas y econ\u00f3micas de la \u00abrevoluci\u00f3n cu\u00e1ntica\u00bb, en particular en lo que respecta a los pa\u00edses en desarrollo.  <br><\/span><\/p><p><strong>Fechas: <\/strong>Del 1 al 5 de diciembre de 2025.<\/p><p><strong>Ubicaci\u00f3n: <\/strong> Pretoria, Sud\u00e1frica. <\/p>\t\t\t\t\t\t\t\t<\/div>\n\t\t\t\t<\/div>\n\t\t\t\t<div class=\"elementor-element elementor-element-5dd2277 elementor-button-info elementor-widget elementor-widget-button\" data-id=\"5dd2277\" data-element_type=\"widget\" data-e-type=\"widget\" data-widget_type=\"button.default\">\n\t\t\t\t<div class=\"elementor-widget-container\">\n\t\t\t\t\t\t\t\t\t<div class=\"elementor-button-wrapper\">\n\t\t\t\t\t<a class=\"elementor-button elementor-button-link elementor-size-sm\" href=\"https:\/\/www.wcsj2025.org\/\" target=\"_blank\" id=\"Link\">\n\t\t\t\t\t\t<span class=\"elementor-button-content-wrapper\">\n\t\t\t\t\t\t<span class=\"elementor-button-icon\">\n\t\t\t\t<svg aria-hidden=\"true\" class=\"e-font-icon-svg e-fas-arrow-right\" viewBox=\"0 0 448 512\" xmlns=\"http:\/\/www.w3.org\/2000\/svg\"><path d=\"M190.5 66.9l22.2-22.2c9.4-9.4 24.6-9.4 33.9 0L441 239c9.4 9.4 9.4 24.6 0 33.9L246.6 467.3c-9.4 9.4-24.6 9.4-33.9 0l-22.2-22.2c-9.5-9.5-9.3-25 .4-34.3L311.4 296H24c-13.3 0-24-10.7-24-24v-32c0-13.3 10.7-24 24-24h287.4L190.9 101.2c-9.8-9.3-10-24.8-.4-34.3z\"><\/path><\/svg>\t\t\t<\/span>\n\t\t\t\t\t\t\t\t\t<span class=\"elementor-button-text\">Detalles del evento<\/span>\n\t\t\t\t\t<\/span>\n\t\t\t\t\t<\/a>\n\t\t\t\t<\/div>\n\t\t\t\t\t\t\t\t<\/div>\n\t\t\t\t<\/div>\n\t\t\t\t<\/div>\n\t\t<div class=\"elementor-element elementor-element-cf64c3c e-con-full e-transform e-flex e-con e-child\" data-id=\"cf64c3c\" data-element_type=\"container\" data-e-type=\"container\" data-settings=\"{&quot;background_background&quot;:&quot;classic&quot;,&quot;jet_parallax_layout_list&quot;:[],&quot;_transform_scale_effect_hover&quot;:{&quot;unit&quot;:&quot;px&quot;,&quot;size&quot;:1.05,&quot;sizes&quot;:[]},&quot;_ha_eqh_enable&quot;:false,&quot;_transform_scale_effect_hover_tablet&quot;:{&quot;unit&quot;:&quot;px&quot;,&quot;size&quot;:&quot;&quot;,&quot;sizes&quot;:[]},&quot;_transform_scale_effect_hover_mobile&quot;:{&quot;unit&quot;:&quot;px&quot;,&quot;size&quot;:&quot;&quot;,&quot;sizes&quot;:[]}}\">\n\t\t\t\t<div class=\"elementor-element elementor-element-dbc74bd elementor-view-default elementor-widget elementor-widget-icon\" data-id=\"dbc74bd\" data-element_type=\"widget\" data-e-type=\"widget\" data-widget_type=\"icon.default\">\n\t\t\t\t<div class=\"elementor-widget-container\">\n\t\t\t\t\t\t\t<div class=\"elementor-icon-wrapper\">\n\t\t\t<div class=\"elementor-icon\">\n\t\t\t<i aria-hidden=\"true\" class=\"huge huge-teacher\"><\/i>\t\t\t<\/div>\n\t\t<\/div>\n\t\t\t\t\t\t<\/div>\n\t\t\t\t<\/div>\n\t\t\t\t<div class=\"elementor-element elementor-element-1c9d3a1 elementor-widget elementor-widget-heading\" data-id=\"1c9d3a1\" data-element_type=\"widget\" data-e-type=\"widget\" data-widget_type=\"heading.default\">\n\t\t\t\t<div class=\"elementor-widget-container\">\n\t\t\t\t\t<h1 class=\"elementor-heading-title elementor-size-default\">Cumbre de Educaci\u00f3n Cu\u00e1ntica 2025: Moldeando el futuro, empoderando mentes<\/h1>\t\t\t\t<\/div>\n\t\t\t\t<\/div>\n\t\t\t\t<div class=\"elementor-element elementor-element-29a9d9d elementor-widget__width-initial elementor-widget elementor-widget-text-editor\" data-id=\"29a9d9d\" data-element_type=\"widget\" data-e-type=\"widget\" data-widget_type=\"text-editor.default\">\n\t\t\t\t<div class=\"elementor-widget-container\">\n\t\t\t\t\t\t\t\t\t<p> <\/p><p><span style=\"font-weight: 400;\">La Cumbre de Educaci\u00f3n Cu\u00e1ntica promueve la conciencia global y la educaci\u00f3n inclusiva. <\/span><span style=\"font-weight: 400;\">en la ciencia cu\u00e1ntica, reuniendo a una comunidad diversa e internacional de estudiantes, <\/span><span style=\"font-weight: 400;\">educadores, investigadores y responsables pol\u00edticos. <\/span> <\/p><p><span style=\"font-weight: 400;\">El evento cuenta con ponentes de alto nivel procedentes del sur de Europa, el norte de \u00c1frica y el <\/span><span style=\"font-weight: 400;\">Magreb, con un fuerte liderazgo en innovaci\u00f3n educativa cu\u00e1ntica. Esto respalda  <\/span><span style=\"font-weight: 400;\">la cooperaci\u00f3n internacional y el intercambio de buenas pr\u00e1cticas.<\/span><\/p><p><strong>Fechas: <\/strong>Del 3 al 5 de diciembre de 2025.<\/p><p><strong>Ubicaci\u00f3n: <\/strong>CosmoCaixa, Carrer d&#8217;Isaac Newton, 26, Sarri\u00e0-Sant Gervasi, 08022 Barcelona.<\/p><p> <\/p>\t\t\t\t\t\t\t\t<\/div>\n\t\t\t\t<\/div>\n\t\t\t\t<div class=\"elementor-element elementor-element-5aeaa6d elementor-button-info elementor-widget elementor-widget-button\" data-id=\"5aeaa6d\" data-element_type=\"widget\" data-e-type=\"widget\" data-widget_type=\"button.default\">\n\t\t\t\t<div class=\"elementor-widget-container\">\n\t\t\t\t\t\t\t\t\t<div class=\"elementor-button-wrapper\">\n\t\t\t\t\t<a class=\"elementor-button elementor-button-link elementor-size-sm\" href=\"https:\/\/quantumeducationsummit.eu\/\" target=\"_blank\" id=\"Link\">\n\t\t\t\t\t\t<span class=\"elementor-button-content-wrapper\">\n\t\t\t\t\t\t<span class=\"elementor-button-icon\">\n\t\t\t\t<svg aria-hidden=\"true\" class=\"e-font-icon-svg e-fas-arrow-right\" viewBox=\"0 0 448 512\" xmlns=\"http:\/\/www.w3.org\/2000\/svg\"><path d=\"M190.5 66.9l22.2-22.2c9.4-9.4 24.6-9.4 33.9 0L441 239c9.4 9.4 9.4 24.6 0 33.9L246.6 467.3c-9.4 9.4-24.6 9.4-33.9 0l-22.2-22.2c-9.5-9.5-9.3-25 .4-34.3L311.4 296H24c-13.3 0-24-10.7-24-24v-32c0-13.3 10.7-24 24-24h287.4L190.9 101.2c-9.8-9.3-10-24.8-.4-34.3z\"><\/path><\/svg>\t\t\t<\/span>\n\t\t\t\t\t\t\t\t\t<span class=\"elementor-button-text\">Detalles del evento<\/span>\n\t\t\t\t\t<\/span>\n\t\t\t\t\t<\/a>\n\t\t\t\t<\/div>\n\t\t\t\t\t\t\t\t<\/div>\n\t\t\t\t<\/div>\n\t\t\t\t<\/div>\n\t\t<div class=\"elementor-element elementor-element-1224072 e-con-full e-transform e-flex e-con e-child\" data-id=\"1224072\" data-element_type=\"container\" data-e-type=\"container\" data-settings=\"{&quot;background_background&quot;:&quot;classic&quot;,&quot;jet_parallax_layout_list&quot;:[],&quot;_transform_scale_effect_hover&quot;:{&quot;unit&quot;:&quot;px&quot;,&quot;size&quot;:1.05,&quot;sizes&quot;:[]},&quot;_ha_eqh_enable&quot;:false,&quot;_transform_scale_effect_hover_tablet&quot;:{&quot;unit&quot;:&quot;px&quot;,&quot;size&quot;:&quot;&quot;,&quot;sizes&quot;:[]},&quot;_transform_scale_effect_hover_mobile&quot;:{&quot;unit&quot;:&quot;px&quot;,&quot;size&quot;:&quot;&quot;,&quot;sizes&quot;:[]}}\">\n\t\t\t\t<div class=\"elementor-element elementor-element-aab7f9c elementor-view-default elementor-widget elementor-widget-icon\" data-id=\"aab7f9c\" data-element_type=\"widget\" data-e-type=\"widget\" data-widget_type=\"icon.default\">\n\t\t\t\t<div class=\"elementor-widget-container\">\n\t\t\t\t\t\t\t<div class=\"elementor-icon-wrapper\">\n\t\t\t<div class=\"elementor-icon\">\n\t\t\t<svg aria-hidden=\"true\" class=\"e-font-icon-svg e-fas-globe-africa\" viewBox=\"0 0 496 512\" xmlns=\"http:\/\/www.w3.org\/2000\/svg\"><path d=\"M248 8C111.03 8 0 119.03 0 256s111.03 248 248 248 248-111.03 248-248S384.97 8 248 8zm160 215.5v6.93c0 5.87-3.32 11.24-8.57 13.86l-15.39 7.7a15.485 15.485 0 0 1-15.53-.97l-18.21-12.14a15.52 15.52 0 0 0-13.5-1.81l-2.65.88c-9.7 3.23-13.66 14.79-7.99 23.3l13.24 19.86c2.87 4.31 7.71 6.9 12.89 6.9h8.21c8.56 0 15.5 6.94 15.5 15.5v11.34c0 3.35-1.09 6.62-3.1 9.3l-18.74 24.98c-1.42 1.9-2.39 4.1-2.83 6.43l-4.3 22.83c-.62 3.29-2.29 6.29-4.76 8.56a159.608 159.608 0 0 0-25 29.16l-13.03 19.55a27.756 27.756 0 0 1-23.09 12.36c-10.51 0-20.12-5.94-24.82-15.34a78.902 78.902 0 0 1-8.33-35.29V367.5c0-8.56-6.94-15.5-15.5-15.5h-25.88c-14.49 0-28.38-5.76-38.63-16a54.659 54.659 0 0 1-16-38.63v-14.06c0-17.19 8.1-33.38 21.85-43.7l27.58-20.69a54.663 54.663 0 0 1 32.78-10.93h.89c8.48 0 16.85 1.97 24.43 5.77l14.72 7.36c3.68 1.84 7.93 2.14 11.83.84l47.31-15.77c6.33-2.11 10.6-8.03 10.6-14.7 0-8.56-6.94-15.5-15.5-15.5h-10.09c-4.11 0-8.05-1.63-10.96-4.54l-6.92-6.92a15.493 15.493 0 0 0-10.96-4.54H199.5c-8.56 0-15.5-6.94-15.5-15.5v-4.4c0-7.11 4.84-13.31 11.74-15.04l14.45-3.61c3.74-.94 7-3.23 9.14-6.44l8.08-12.11c2.87-4.31 7.71-6.9 12.89-6.9h24.21c8.56 0 15.5-6.94 15.5-15.5v-21.7C359.23 71.63 422.86 131.02 441.93 208H423.5c-8.56 0-15.5 6.94-15.5 15.5z\"><\/path><\/svg>\t\t\t<\/div>\n\t\t<\/div>\n\t\t\t\t\t\t<\/div>\n\t\t\t\t<\/div>\n\t\t\t\t<div class=\"elementor-element elementor-element-418565f elementor-widget elementor-widget-heading\" data-id=\"418565f\" data-element_type=\"widget\" data-e-type=\"widget\" data-widget_type=\"heading.default\">\n\t\t\t\t<div class=\"elementor-widget-container\">\n\t\t\t\t\t<h1 class=\"elementor-heading-title elementor-size-default\">Evento global IYQ sobre ciencia y tecnolog\u00eda cu\u00e1nticas para el desarrollo sostenible<\/h1>\t\t\t\t<\/div>\n\t\t\t\t<\/div>\n\t\t\t\t<div class=\"elementor-element elementor-element-17ba4df elementor-widget__width-initial elementor-widget elementor-widget-text-editor\" data-id=\"17ba4df\" data-element_type=\"widget\" data-e-type=\"widget\" data-widget_type=\"text-editor.default\">\n\t\t\t\t<div class=\"elementor-widget-container\">\n\t\t\t\t\t\t\t\t\t<p>La conferencia producir\u00e1 contenido p\u00fablico atractivo que destacar\u00e1 c\u00f3mo la ciencia y las tecnolog\u00edas cu\u00e1nticas contribuyen a los objetivos de sostenibilidad. Los materiales traducir\u00e1n conceptos cu\u00e1nticos complejos a formatos accesibles para el p\u00fablico en general y demostrar\u00e1n aplicaciones pr\u00e1cticas para abordar los desaf\u00edos globales. <\/p><p><strong>Fechas: <\/strong>Del 10 al 11 de diciembre de 2025.<\/p><p><strong>Ubicaci\u00f3n: <\/strong>Universidad Khalifa, Abu Dabi, Emiratos \u00c1rabes Unidos.<\/p>\t\t\t\t\t\t\t\t<\/div>\n\t\t\t\t<\/div>\n\t\t\t\t<div class=\"elementor-element elementor-element-b49b2dc elementor-button-info elementor-widget elementor-widget-button\" data-id=\"b49b2dc\" data-element_type=\"widget\" data-e-type=\"widget\" data-widget_type=\"button.default\">\n\t\t\t\t<div class=\"elementor-widget-container\">\n\t\t\t\t\t\t\t\t\t<div class=\"elementor-button-wrapper\">\n\t\t\t\t\t<a class=\"elementor-button elementor-button-link elementor-size-sm\" href=\"https:\/\/ku.events\/QSTSD\/\" target=\"_blank\" id=\"Link\">\n\t\t\t\t\t\t<span class=\"elementor-button-content-wrapper\">\n\t\t\t\t\t\t<span class=\"elementor-button-icon\">\n\t\t\t\t<svg aria-hidden=\"true\" class=\"e-font-icon-svg e-fas-arrow-right\" viewBox=\"0 0 448 512\" xmlns=\"http:\/\/www.w3.org\/2000\/svg\"><path d=\"M190.5 66.9l22.2-22.2c9.4-9.4 24.6-9.4 33.9 0L441 239c9.4 9.4 9.4 24.6 0 33.9L246.6 467.3c-9.4 9.4-24.6 9.4-33.9 0l-22.2-22.2c-9.5-9.5-9.3-25 .4-34.3L311.4 296H24c-13.3 0-24-10.7-24-24v-32c0-13.3 10.7-24 24-24h287.4L190.9 101.2c-9.8-9.3-10-24.8-.4-34.3z\"><\/path><\/svg>\t\t\t<\/span>\n\t\t\t\t\t\t\t\t\t<span class=\"elementor-button-text\">Detalles del evento<\/span>\n\t\t\t\t\t<\/span>\n\t\t\t\t\t<\/a>\n\t\t\t\t<\/div>\n\t\t\t\t\t\t\t\t<\/div>\n\t\t\t\t<\/div>\n\t\t\t\t<\/div>\n\t\t<div class=\"elementor-element elementor-element-ca77580 e-transform e-con-full e-flex e-con e-child\" data-id=\"ca77580\" data-element_type=\"container\" data-e-type=\"container\" data-settings=\"{&quot;background_background&quot;:&quot;classic&quot;,&quot;jet_parallax_layout_list&quot;:[],&quot;_transform_scale_effect_hover&quot;:{&quot;unit&quot;:&quot;px&quot;,&quot;size&quot;:1.05,&quot;sizes&quot;:[]},&quot;_ha_eqh_enable&quot;:false,&quot;_transform_scale_effect_hover_tablet&quot;:{&quot;unit&quot;:&quot;px&quot;,&quot;size&quot;:&quot;&quot;,&quot;sizes&quot;:[]},&quot;_transform_scale_effect_hover_mobile&quot;:{&quot;unit&quot;:&quot;px&quot;,&quot;size&quot;:&quot;&quot;,&quot;sizes&quot;:[]}}\">\n\t\t\t\t<div class=\"elementor-element elementor-element-cf80e87 elementor-view-default elementor-widget elementor-widget-icon\" data-id=\"cf80e87\" data-element_type=\"widget\" data-e-type=\"widget\" data-widget_type=\"icon.default\">\n\t\t\t\t<div class=\"elementor-widget-container\">\n\t\t\t\t\t\t\t<div class=\"elementor-icon-wrapper\">\n\t\t\t<div class=\"elementor-icon\">\n\t\t\t<i aria-hidden=\"true\" class=\"huge huge-camera-video\"><\/i>\t\t\t<\/div>\n\t\t<\/div>\n\t\t\t\t\t\t<\/div>\n\t\t\t\t<\/div>\n\t\t\t\t<div class=\"elementor-element elementor-element-f56c11e elementor-widget elementor-widget-heading\" data-id=\"f56c11e\" data-element_type=\"widget\" data-e-type=\"widget\" data-widget_type=\"heading.default\">\n\t\t\t\t<div class=\"elementor-widget-container\">\n\t\t\t\t\t<h1 class=\"elementor-heading-title elementor-size-default\">Cortos cu\u00e1nticos: Encore<\/h1>\t\t\t\t<\/div>\n\t\t\t\t<\/div>\n\t\t\t\t<div class=\"elementor-element elementor-element-b461971 elementor-widget__width-initial elementor-widget elementor-widget-text-editor\" data-id=\"b461971\" data-element_type=\"widget\" data-e-type=\"widget\" data-widget_type=\"text-editor.default\">\n\t\t\t\t<div class=\"elementor-widget-container\">\n\t\t\t\t\t\t\t\t\t<p class=\"p1\">Cortos cu\u00e1nticos: Encore re\u00fane una serie de proyecciones de las pel\u00edculas ganadoras del festival de cine Quantum Shorts, organizado en Singapur entre 2012 y 2024.<\/p><p class=\"p1\">Las pel\u00edculas, creadas tanto por cineastas aficionados como profesionales, combinan elementos narrativos y abstractos para contar historias a trav\u00e9s de una lente cu\u00e1ntica.<\/p><p class=\"p1\"><span class=\"Apple-converted-space\">El cine es una expresi\u00f3n cultural esencial que puede ayudar a sensibilizar al p\u00fablico sobre la importancia de la ciencia cu\u00e1ntica y sus aplicaciones. <\/span><\/p><p><strong>Fechas y duraci\u00f3n del evento<\/strong>: m\u00faltiples eventos a lo largo del a\u00f1o 2025<\/p>\t\t\t\t\t\t\t\t<\/div>\n\t\t\t\t<\/div>\n\t\t\t\t<div class=\"elementor-element elementor-element-aa0dd1d elementor-button-info elementor-widget elementor-widget-button\" data-id=\"aa0dd1d\" data-element_type=\"widget\" data-e-type=\"widget\" data-widget_type=\"button.default\">\n\t\t\t\t<div class=\"elementor-widget-container\">\n\t\t\t\t\t\t\t\t\t<div class=\"elementor-button-wrapper\">\n\t\t\t\t\t<a class=\"elementor-button elementor-button-link elementor-size-sm\" href=\"https:\/\/shorts.quantumlah.org\/news\/quantum-shorts-encore\/\" target=\"_blank\" id=\"Link\">\n\t\t\t\t\t\t<span class=\"elementor-button-content-wrapper\">\n\t\t\t\t\t\t<span class=\"elementor-button-icon\">\n\t\t\t\t<svg aria-hidden=\"true\" class=\"e-font-icon-svg e-fas-arrow-right\" viewBox=\"0 0 448 512\" xmlns=\"http:\/\/www.w3.org\/2000\/svg\"><path d=\"M190.5 66.9l22.2-22.2c9.4-9.4 24.6-9.4 33.9 0L441 239c9.4 9.4 9.4 24.6 0 33.9L246.6 467.3c-9.4 9.4-24.6 9.4-33.9 0l-22.2-22.2c-9.5-9.5-9.3-25 .4-34.3L311.4 296H24c-13.3 0-24-10.7-24-24v-32c0-13.3 10.7-24 24-24h287.4L190.9 101.2c-9.8-9.3-10-24.8-.4-34.3z\"><\/path><\/svg>\t\t\t<\/span>\n\t\t\t\t\t\t\t\t\t<span class=\"elementor-button-text\">Detalles del evento<\/span>\n\t\t\t\t\t<\/span>\n\t\t\t\t\t<\/a>\n\t\t\t\t<\/div>\n\t\t\t\t\t\t\t\t<\/div>\n\t\t\t\t<\/div>\n\t\t\t\t<\/div>\n\t\t<div class=\"elementor-element elementor-element-03be897 e-con-full e-transform e-flex e-con e-child\" data-id=\"03be897\" data-element_type=\"container\" data-e-type=\"container\" data-settings=\"{&quot;background_background&quot;:&quot;classic&quot;,&quot;jet_parallax_layout_list&quot;:[],&quot;_transform_scale_effect_hover&quot;:{&quot;unit&quot;:&quot;px&quot;,&quot;size&quot;:1.05,&quot;sizes&quot;:[]},&quot;_ha_eqh_enable&quot;:false,&quot;_transform_scale_effect_hover_tablet&quot;:{&quot;unit&quot;:&quot;px&quot;,&quot;size&quot;:&quot;&quot;,&quot;sizes&quot;:[]},&quot;_transform_scale_effect_hover_mobile&quot;:{&quot;unit&quot;:&quot;px&quot;,&quot;size&quot;:&quot;&quot;,&quot;sizes&quot;:[]}}\">\n\t\t\t\t<div class=\"elementor-element elementor-element-19a96b8 elementor-view-default elementor-widget elementor-widget-icon\" data-id=\"19a96b8\" data-element_type=\"widget\" data-e-type=\"widget\" data-widget_type=\"icon.default\">\n\t\t\t\t<div class=\"elementor-widget-container\">\n\t\t\t\t\t\t\t<div class=\"elementor-icon-wrapper\">\n\t\t\t<div class=\"elementor-icon\">\n\t\t\t<i aria-hidden=\"true\" class=\"huge huge-mentoring\"><\/i>\t\t\t<\/div>\n\t\t<\/div>\n\t\t\t\t\t\t<\/div>\n\t\t\t\t<\/div>\n\t\t\t\t<div class=\"elementor-element elementor-element-a67b177 elementor-widget elementor-widget-heading\" data-id=\"a67b177\" data-element_type=\"widget\" data-e-type=\"widget\" data-widget_type=\"heading.default\">\n\t\t\t\t<div class=\"elementor-widget-container\">\n\t\t\t\t\t<h1 class=\"elementor-heading-title elementor-size-default\">Contando historias desde el laboratorio<\/h1>\t\t\t\t<\/div>\n\t\t\t\t<\/div>\n\t\t\t\t<div class=\"elementor-element elementor-element-fd6fb28 elementor-widget__width-initial elementor-widget elementor-widget-text-editor\" data-id=\"fd6fb28\" data-element_type=\"widget\" data-e-type=\"widget\" data-widget_type=\"text-editor.default\">\n\t\t\t\t<div class=\"elementor-widget-container\">\n\t\t\t\t\t\t\t\t\t<p>Contando historias desde el laboratorio es una iniciativa innovadora de recorridos virtuales y narraci\u00f3n cient\u00edfica, dise\u00f1ada para hacer que la ciencia cu\u00e1ntica sea accesible y atractiva para los j\u00f3venes estudiantes. Nuestra propuesta integra visitas virtuales a laboratorios, donde investigadores cu\u00e1nticos explican conceptos fundamentales de forma sencilla y cercana, junto con un segmento de narraci\u00f3n cient\u00edfica, en el que un\/a cient\u00edfico\/a lee un libro infantil relacionado con la tecnolog\u00eda cu\u00e1ntica o temas generales de ciencia. Los eventos virtuales y la exposici\u00f3n a tecnolog\u00edas cu\u00e1nticas son especialmente importantes para estudiantes que no viven cerca de laboratorios, empresas cu\u00e1nticas o centros de investigaci\u00f3n, y que no tienen acceso a eventos presenciales de alcance global.  <\/p><p><strong>Fechas<\/strong><span style=\"font-weight: 400;\"><strong>: <\/strong><\/span><span style=\"font-weight: 400;\">Todo el a\u00f1o.<\/span><\/p><p><span style=\"font-weight: 400;\"><strong>Lugar: <\/strong>Virtual<\/span><\/p><p><em>El enlace al evento estar\u00e1 disponible en breve.<\/em><\/p>\t\t\t\t\t\t\t\t<\/div>\n\t\t\t\t<\/div>\n\t\t\t\t<\/div>\n\t\t\t\t<\/div>\n\t\t\t\t<\/div>\n\t\t\t\t\t<\/div>\n\t\t<\/div>\n\t\t\t\t\t\t<\/div>\n\t\t\t\t<\/div>\n\t\t\t\t<div class=\"elementor-element elementor-element-18ab346 elementor-widget elementor-widget-spacer\" data-id=\"18ab346\" data-element_type=\"widget\" data-e-type=\"widget\" data-widget_type=\"spacer.default\">\n\t\t\t\t<div class=\"elementor-widget-container\">\n\t\t\t\t\t\t\t<div class=\"elementor-spacer\">\n\t\t\t<div class=\"elementor-spacer-inner\"><\/div>\n\t\t<\/div>\n\t\t\t\t\t\t<\/div>\n\t\t\t\t<\/div>\n\t\t\t\t\t<\/div>\n\t\t\t\t<\/div>\n\t\t\t\t<\/div>\n\t\t","protected":false},"excerpt":{"rendered":"<p>Eventos Globales IYQ El A\u00f1o Internacional de la Ciencia y Tecnolog\u00eda Cu\u00e1ntica se celebra en todo el mundo a trav\u00e9s de cientos de eventos y actividades organizadas de forma independiente. El Comit\u00e9 Directivo del IYQ selecciona eventos con alcance e impacto global, designados especialmente como \u201cEvento Global IYQ\u201d y que est\u00e1n recibiendo apoyo financiero de [&hellip;]<\/p>\n","protected":false},"author":6,"featured_media":2199,"parent":0,"menu_order":0,"comment_status":"closed","ping_status":"closed","template":"elementor_header_footer","meta":{"_acf_changed":false,"footnotes":""},"class_list":["post-4580","page","type-page","status-publish","has-post-thumbnail","hentry"],"acf":[],"yoast_head":"<!-- This site is optimized with the Yoast SEO plugin v27.4 - https:\/\/yoast.com\/product\/yoast-seo-wordpress\/ -->\n<title>IYQ 2025<\/title>\n<meta name=\"description\" content=\"La misi\u00f3n del A\u00f1o Internacional de la Ciencia y la Tecnolog\u00eda Cu\u00e1nticas (IYQ) es ayudar a sensibilizar al p\u00fablico sobre la importancia y el impacto de la ciencia cu\u00e1ntica y sus aplicaciones en todos los aspectos de la vida.\" \/>\n<meta name=\"robots\" content=\"index, follow, max-snippet:-1, max-image-preview:large, max-video-preview:-1\" \/>\n<meta property=\"og:locale\" content=\"es_ES\" \/>\n<meta property=\"og:type\" content=\"article\" \/>\n<meta property=\"og:description\" content=\"La misi\u00f3n del A\u00f1o Internacional de la Ciencia y la Tecnolog\u00eda Cu\u00e1nticas (IYQ) es ayudar a sensibilizar al p\u00fablico sobre la importancia y el impacto de la ciencia cu\u00e1ntica y sus aplicaciones en todos los aspectos de la vida.\" \/>\n<meta property=\"og:url\" content=\"https:\/\/quantum2025.org\/es\/eventos-globales-iyq\/\" \/>\n<meta property=\"og:site_name\" content=\"IYQ 2025\" \/>\n<meta property=\"article:publisher\" content=\"https:\/\/www.facebook.com\/quantumyear2025\" \/>\n<meta property=\"article:modified_time\" content=\"2026-01-12T15:38:49+00:00\" \/>\n<meta property=\"og:image\" content=\"https:\/\/quantum2025.org\/wp-content\/uploads\/2024\/12\/tile-element-placeholder.jpg\" \/>\n\t<meta property=\"og:image:width\" content=\"1920\" \/>\n\t<meta property=\"og:image:height\" content=\"1080\" \/>\n\t<meta property=\"og:image:type\" content=\"image\/jpeg\" \/>\n<meta name=\"twitter:card\" content=\"summary_large_image\" \/>\n<meta name=\"twitter:site\" content=\"@QuantumYear2025\" \/>\n<meta name=\"twitter:label1\" content=\"Est. reading time\" \/>\n\t<meta name=\"twitter:data1\" content=\"8 minutos\" \/>\n<script type=\"application\/ld+json\" class=\"yoast-schema-graph\">{\"@context\":\"https:\\\/\\\/schema.org\",\"@graph\":[{\"@type\":\"WebPage\",\"@id\":\"https:\\\/\\\/quantum2025.org\\\/es\\\/eventos-globales-iyq\\\/\",\"url\":\"https:\\\/\\\/quantum2025.org\\\/es\\\/eventos-globales-iyq\\\/\",\"name\":\"\",\"isPartOf\":{\"@id\":\"https:\\\/\\\/quantum2025.org\\\/#website\"},\"primaryImageOfPage\":{\"@id\":\"https:\\\/\\\/quantum2025.org\\\/es\\\/eventos-globales-iyq\\\/#primaryimage\"},\"image\":{\"@id\":\"https:\\\/\\\/quantum2025.org\\\/es\\\/eventos-globales-iyq\\\/#primaryimage\"},\"thumbnailUrl\":\"https:\\\/\\\/quantum2025.org\\\/wp-content\\\/uploads\\\/2024\\\/12\\\/tile-element-placeholder.jpg\",\"datePublished\":\"2025-03-06T07:03:59+00:00\",\"dateModified\":\"2026-01-12T15:38:49+00:00\",\"description\":\"La misi\u00f3n del A\u00f1o Internacional de la Ciencia y la Tecnolog\u00eda Cu\u00e1nticas (IYQ) es ayudar a sensibilizar al p\u00fablico sobre la importancia y el impacto de la ciencia cu\u00e1ntica y sus aplicaciones en todos los aspectos de la vida.\",\"breadcrumb\":{\"@id\":\"https:\\\/\\\/quantum2025.org\\\/es\\\/eventos-globales-iyq\\\/#breadcrumb\"},\"inLanguage\":\"es\",\"potentialAction\":[{\"@type\":\"ReadAction\",\"target\":[\"https:\\\/\\\/quantum2025.org\\\/es\\\/eventos-globales-iyq\\\/\"]}]},{\"@type\":\"ImageObject\",\"inLanguage\":\"es\",\"@id\":\"https:\\\/\\\/quantum2025.org\\\/es\\\/eventos-globales-iyq\\\/#primaryimage\",\"url\":\"https:\\\/\\\/quantum2025.org\\\/wp-content\\\/uploads\\\/2024\\\/12\\\/tile-element-placeholder.jpg\",\"contentUrl\":\"https:\\\/\\\/quantum2025.org\\\/wp-content\\\/uploads\\\/2024\\\/12\\\/tile-element-placeholder.jpg\",\"width\":1920,\"height\":1080},{\"@type\":\"BreadcrumbList\",\"@id\":\"https:\\\/\\\/quantum2025.org\\\/es\\\/eventos-globales-iyq\\\/#breadcrumb\",\"itemListElement\":[{\"@type\":\"ListItem\",\"position\":1,\"name\":\"Home\",\"item\":\"https:\\\/\\\/quantum2025.org\\\/\"},{\"@type\":\"ListItem\",\"position\":2,\"name\":\"Eventos Globales IYQ\"}]},{\"@type\":\"WebSite\",\"@id\":\"https:\\\/\\\/quantum2025.org\\\/#website\",\"url\":\"https:\\\/\\\/quantum2025.org\\\/\",\"name\":\"IYQ 2025\",\"description\":\"International Year of Quantum\",\"potentialAction\":[{\"@type\":\"SearchAction\",\"target\":{\"@type\":\"EntryPoint\",\"urlTemplate\":\"https:\\\/\\\/quantum2025.org\\\/?s={search_term_string}\"},\"query-input\":{\"@type\":\"PropertyValueSpecification\",\"valueRequired\":true,\"valueName\":\"search_term_string\"}}],\"inLanguage\":\"es\"}]}<\/script>\n<!-- \/ Yoast SEO plugin. -->","yoast_head_json":{"title":"IYQ 2025","description":"La misi\u00f3n del A\u00f1o Internacional de la Ciencia y la Tecnolog\u00eda Cu\u00e1nticas (IYQ) es ayudar a sensibilizar al p\u00fablico sobre la importancia y el impacto de la ciencia cu\u00e1ntica y sus aplicaciones en todos los aspectos de la vida.","robots":{"index":"index","follow":"follow","max-snippet":"max-snippet:-1","max-image-preview":"max-image-preview:large","max-video-preview":"max-video-preview:-1"},"og_locale":"es_ES","og_type":"article","og_description":"La misi\u00f3n del A\u00f1o Internacional de la Ciencia y la Tecnolog\u00eda Cu\u00e1nticas (IYQ) es ayudar a sensibilizar al p\u00fablico sobre la importancia y el impacto de la ciencia cu\u00e1ntica y sus aplicaciones en todos los aspectos de la vida.","og_url":"https:\/\/quantum2025.org\/es\/eventos-globales-iyq\/","og_site_name":"IYQ 2025","article_publisher":"https:\/\/www.facebook.com\/quantumyear2025","article_modified_time":"2026-01-12T15:38:49+00:00","og_image":[{"width":1920,"height":1080,"url":"https:\/\/quantum2025.org\/wp-content\/uploads\/2024\/12\/tile-element-placeholder.jpg","type":"image\/jpeg"}],"twitter_card":"summary_large_image","twitter_site":"@QuantumYear2025","twitter_misc":{"Est. reading time":"8 minutos"},"schema":{"@context":"https:\/\/schema.org","@graph":[{"@type":"WebPage","@id":"https:\/\/quantum2025.org\/es\/eventos-globales-iyq\/","url":"https:\/\/quantum2025.org\/es\/eventos-globales-iyq\/","name":"","isPartOf":{"@id":"https:\/\/quantum2025.org\/#website"},"primaryImageOfPage":{"@id":"https:\/\/quantum2025.org\/es\/eventos-globales-iyq\/#primaryimage"},"image":{"@id":"https:\/\/quantum2025.org\/es\/eventos-globales-iyq\/#primaryimage"},"thumbnailUrl":"https:\/\/quantum2025.org\/wp-content\/uploads\/2024\/12\/tile-element-placeholder.jpg","datePublished":"2025-03-06T07:03:59+00:00","dateModified":"2026-01-12T15:38:49+00:00","description":"La misi\u00f3n del A\u00f1o Internacional de la Ciencia y la Tecnolog\u00eda Cu\u00e1nticas (IYQ) es ayudar a sensibilizar al p\u00fablico sobre la importancia y el impacto de la ciencia cu\u00e1ntica y sus aplicaciones en todos los aspectos de la vida.","breadcrumb":{"@id":"https:\/\/quantum2025.org\/es\/eventos-globales-iyq\/#breadcrumb"},"inLanguage":"es","potentialAction":[{"@type":"ReadAction","target":["https:\/\/quantum2025.org\/es\/eventos-globales-iyq\/"]}]},{"@type":"ImageObject","inLanguage":"es","@id":"https:\/\/quantum2025.org\/es\/eventos-globales-iyq\/#primaryimage","url":"https:\/\/quantum2025.org\/wp-content\/uploads\/2024\/12\/tile-element-placeholder.jpg","contentUrl":"https:\/\/quantum2025.org\/wp-content\/uploads\/2024\/12\/tile-element-placeholder.jpg","width":1920,"height":1080},{"@type":"BreadcrumbList","@id":"https:\/\/quantum2025.org\/es\/eventos-globales-iyq\/#breadcrumb","itemListElement":[{"@type":"ListItem","position":1,"name":"Home","item":"https:\/\/quantum2025.org\/"},{"@type":"ListItem","position":2,"name":"Eventos Globales IYQ"}]},{"@type":"WebSite","@id":"https:\/\/quantum2025.org\/#website","url":"https:\/\/quantum2025.org\/","name":"IYQ 2025","description":"International Year of Quantum","potentialAction":[{"@type":"SearchAction","target":{"@type":"EntryPoint","urlTemplate":"https:\/\/quantum2025.org\/?s={search_term_string}"},"query-input":{"@type":"PropertyValueSpecification","valueRequired":true,"valueName":"search_term_string"}}],"inLanguage":"es"}]}},"_links":{"self":[{"href":"https:\/\/quantum2025.org\/es\/wp-json\/wp\/v2\/pages\/4580","targetHints":{"allow":["GET"]}}],"collection":[{"href":"https:\/\/quantum2025.org\/es\/wp-json\/wp\/v2\/pages"}],"about":[{"href":"https:\/\/quantum2025.org\/es\/wp-json\/wp\/v2\/types\/page"}],"author":[{"embeddable":true,"href":"https:\/\/quantum2025.org\/es\/wp-json\/wp\/v2\/users\/6"}],"replies":[{"embeddable":true,"href":"https:\/\/quantum2025.org\/es\/wp-json\/wp\/v2\/comments?post=4580"}],"version-history":[{"count":0,"href":"https:\/\/quantum2025.org\/es\/wp-json\/wp\/v2\/pages\/4580\/revisions"}],"wp:featuredmedia":[{"embeddable":true,"href":"https:\/\/quantum2025.org\/es\/wp-json\/wp\/v2\/media\/2199"}],"wp:attachment":[{"href":"https:\/\/quantum2025.org\/es\/wp-json\/wp\/v2\/media?parent=4580"}],"curies":[{"name":"wp","href":"https:\/\/api.w.org\/{rel}","templated":true}]}}