{"id":10808,"date":"2026-04-13T06:29:50","date_gmt":"2026-04-13T06:29:50","guid":{"rendered":"https:\/\/quantum2025.org\/equipo-de-gobernanza-y-asistencia\/"},"modified":"2026-04-28T09:41:30","modified_gmt":"2026-04-28T09:41:30","slug":"equipo-de-gobernanza-y-asistencia","status":"publish","type":"page","link":"https:\/\/quantum2025.org\/es\/equipo-de-gobernanza-y-asistencia\/","title":{"rendered":"Equipo de gobernanza y asistencia"},"content":{"rendered":"\t\t<div data-elementor-type=\"wp-page\" data-elementor-id=\"10808\" class=\"elementor elementor-10808 elementor-10777\" data-elementor-post-type=\"page\">\n\t\t\t\t<div class=\"elementor-element elementor-element-9c6fd97 e-flex e-con-boxed e-con e-parent\" data-id=\"9c6fd97\" data-element_type=\"container\" data-e-type=\"container\" data-settings=\"{&quot;jet_parallax_layout_list&quot;:[],&quot;background_background&quot;:&quot;gradient&quot;,&quot;_ha_eqh_enable&quot;:false}\">\n\t\t\t\t\t<div class=\"e-con-inner\">\n\t\t\t\t<div class=\"elementor-element elementor-element-cc0a7fb elementor-widget__width-initial elementor-widget-tablet__width-inherit elementor-invisible elementor-widget elementor-widget-ha-gradient-heading happy-addon ha-gradient-heading\" data-id=\"cc0a7fb\" data-element_type=\"widget\" data-e-type=\"widget\" data-settings=\"{&quot;_animation&quot;:&quot;fadeInUp&quot;}\" data-widget_type=\"ha-gradient-heading.default\">\n\t\t\t\t<div class=\"elementor-widget-container\">\n\t\t\t\t\t<h1 class=\"ha-gradient-heading\">Equipo de gobernanza y asistencia<\/h1>\t\t\t\t<\/div>\n\t\t\t\t<\/div>\n\t\t\t\t<div class=\"elementor-element elementor-element-15f7b48 elementor-widget elementor-widget-heading\" data-id=\"15f7b48\" data-element_type=\"widget\" data-e-type=\"widget\" data-widget_type=\"heading.default\">\n\t\t\t\t<div class=\"elementor-widget-container\">\n\t\t\t\t\t<h1 class=\"elementor-heading-title elementor-size-default\">La Secretar\u00eda del IYQ<\/h1>\t\t\t\t<\/div>\n\t\t\t\t<\/div>\n\t\t\t\t<div class=\"elementor-element elementor-element-024122e elementor-widget__width-initial elementor-widget elementor-widget-text-editor\" data-id=\"024122e\" data-element_type=\"widget\" data-e-type=\"widget\" data-widget_type=\"text-editor.default\">\n\t\t\t\t<div class=\"elementor-widget-container\">\n\t\t\t\t\t\t\t\t\t<p><span style=\"background-color: transparent;\">La Secretar\u00eda actu\u00f3 como principal \u00f3rgano operativo encargado de coordinar y gestionar las actividades relacionadas con el A\u00f1o Internacional. Su mandato incluye supervisar la puesta en marcha de las iniciativas aprobadas, gestionar el Fondo de Coordinaci\u00f3n Global del A\u00f1o Internacional de la Cu\u00e1ntica, administrado por la Sociedad Americana de F\u00edsica (APS, por sus siglas en ingl\u00e9s), y actuar como centro de comunicaci\u00f3n principal para las partes interesadas. &nbsp;<\/span><\/p>\n<p><span style=\"font-weight: 400;\">La Secretar\u00eda fue asumida conjuntamente por la UNESCO y la APS. Sus actividades cotidianas est\u00e1n a cargo de una Oficina de Coordinaci\u00f3n Mundial integrada por funcionarios con conocimientos especializados espec\u00edficos relacionados con la misi\u00f3n y la supervisi\u00f3n de las actividades del IYQ. <\/span><\/p>\n<ul>\n<li style=\"font-weight: 400;\" aria-level=\"1\"><b>Oficina de Coordinaci\u00f3n Global:<\/b><span style=\"font-weight: 400;\">Claudia Fracchiolla, Mark Elsesser, Joe Niemela y Paul Cadden-Zimansky.<\/span><\/li>\n<li style=\"font-weight: 400;\" aria-level=\"1\"><b>Responsables de asesoramiento:<\/b><span style=\"font-weight: 400;\">John Dudley y Ana Mar\u00eda Cetto.<\/span><\/li>\n<li style=\"font-weight: 400;\" aria-level=\"1\"><b>Personal de apoyo de la Secretar\u00eda:<\/b><span style=\"font-weight: 400;\">Yewande Lewis, Jackie Billek y otros miembros del personal de APS que participan en el IYQ.<\/span><\/li>\n<li aria-level=\"1\"><strong>Responsables de recaudaci\u00f3n de fondos<\/strong>:&nbsp; Marsha Maxwell y Kevin Kase<\/li><li aria-level=\"1\"><strong>Responsables del programa:&nbsp;<\/strong> C\u00e9sar Rodr\u00edguez y Brianne Wheeler<\/li>\n<li style=\"font-weight: 400;\" aria-level=\"1\"><b>Equipo de la UNESCO: <\/b><span style=\"font-weight: 400;\">Amal Kasry y Jing Zhao<\/span><\/li>\n<\/ul>\t\t\t\t\t\t\t\t<\/div>\n\t\t\t\t<\/div>\n\t\t\t\t<div class=\"elementor-element elementor-element-210b3c9 elementor-widget elementor-widget-heading\" data-id=\"210b3c9\" data-element_type=\"widget\" data-e-type=\"widget\" data-widget_type=\"heading.default\">\n\t\t\t\t<div class=\"elementor-widget-container\">\n\t\t\t\t\t<h1 class=\"elementor-heading-title elementor-size-default\">El Comit\u00e9 Directivo del IYQ<\/h1>\t\t\t\t<\/div>\n\t\t\t\t<\/div>\n\t\t\t\t<div class=\"elementor-element elementor-element-f924715 elementor-widget__width-initial elementor-widget elementor-widget-text-editor\" data-id=\"f924715\" data-element_type=\"widget\" data-e-type=\"widget\" data-widget_type=\"text-editor.default\">\n\t\t\t\t<div class=\"elementor-widget-container\">\n\t\t\t\t\t\t\t\t\t<p><span style=\"background-color: transparent;\">El Comit\u00e9 Directivo actu\u00f3 como \u00f3rgano decisorio de alto nivel. Su estructura de gobernanza se dise\u00f1\u00f3 para vincular el liderazgo cient\u00edfico con el di\u00e1logo pol\u00edtico multilateral. En consonancia con este doble mandato, el Comit\u00e9 est\u00e1 dirigido por dos copresidentes, uno en representaci\u00f3n de la comunidad cient\u00edfica mundial y otro en representaci\u00f3n de la comunidad pol\u00edtica internacional y multilateral, lo que garantiza tanto la credibilidad t\u00e9cnica como la relevancia pol\u00edtica.  <\/span><\/p><p><span style=\"font-weight: 400;\">El Comit\u00e9 Directivo se encarg\u00f3 de examinar y aprobar las propuestas relativas a los principales eventos mundiales, autorizar los gastos importantes con cargo al Fondo Global y refrendar los informes estrat\u00e9gicos. Su composici\u00f3n incluye a representantes de seis socios fundadores \u2014la Sociedad Americana de F\u00edsica (APS), la Sociedad Alemana de F\u00edsica (DPG), Optica, SPIE, la Sociedad China de \u00d3ptica (COS) y el Instituto de F\u00edsica (IOP)\u2014, junto con expertos distinguidos designados tras consultar con la UNESCO y las organizaciones asociadas. <\/span><\/p>\t\t\t\t\t\t\t\t<\/div>\n\t\t\t\t<\/div>\n\t\t\t\t<div class=\"elementor-element elementor-element-ed03615 elementor-widget__width-initial elementor-drop-cap-yes elementor-drop-cap-view-default elementor-widget elementor-widget-text-editor\" data-id=\"ed03615\" data-element_type=\"widget\" data-e-type=\"widget\" data-settings=\"{&quot;drop_cap&quot;:&quot;yes&quot;}\" data-widget_type=\"text-editor.default\">\n\t\t\t\t<div class=\"elementor-widget-container\">\n\t\t\t\t\t\t\t\t\t<ul><li><b>Copresidente:<\/b> <b>Sir Peter Knight<\/b><span style=\"font-weight: 400;\">\u2013 Investigador principal, Imperial College London; presidente del Consejo Asesor Estrat\u00e9gico del Programa Nacional de Tecnolog\u00eda Cu\u00e1ntica del Reino Unido; Optica.<\/span><\/li><li><b>Copresidente:<\/b> <b>Rosario Fazio<\/b><span style=\"font-weight: 400;\">\u2013 Jefe de la Secci\u00f3n de F\u00edsica de la Materia Condensada y F\u00edsica Estad\u00edstica del ICTP-UNESCO; director del Instituto de Tecnolog\u00edas Cu\u00e1nticas de Trieste (TQT).<\/span><\/li><li><b>Aba Andam<\/b><span style=\"font-weight: 400;\">\u2013 Miembro y expresidente de la Academia de Artes y Ciencias de Ghana.<\/span><\/li><li><b>Louis Barson<\/b><span style=\"font-weight: 400;\">\u2013 Director de Ciencia, Innovaci\u00f3n y Competencias del Instituto de F\u00edsica (IOP).<\/span><\/li><li><b>Hyoung Joon Choi<\/b><span style=\"font-weight: 400;\">\u2013 Presidente de la Asociaci\u00f3n de Sociedades de F\u00edsica de Asia-Pac\u00edfico (AAPPS); profesor de la Universidad de Yonsei.<\/span><\/li><li><b>Silvina Ponce Dawson<\/b><span style=\"font-weight: 400;\">\u2013 Presidente de la IUPAP; catedr\u00e1tico de la Universidad de Buenos Aires e investigador superior del CONICET, Argentina.<\/span><\/li><li><b>John Doyle<\/b><span style=\"font-weight: 400;\">\u2013 Expresidente de la Sociedad Americana de F\u00edsica (APS); catedr\u00e1tico Henry B. Silsbee de F\u00edsica en la Universidad de Harvard.<\/span><\/li><li><b>Emily Edwards<\/b><span style=\"font-weight: 400;\">\u2013 Codirector de la Asociaci\u00f3n Nacional de Educaci\u00f3n Q-12 de EE. UU.; profesor investigador asociado de la Universidad de Duke.<\/span><\/li><li><b>Jon Felbinger<\/b><span style=\"font-weight: 400;\">\u2013 Subdirector del Consorcio para el Desarrollo Econ\u00f3mico Cu\u00e1ntico (QED-C).<\/span><\/li><li><b>Andrew Forbes<\/b><span style=\"font-weight: 400;\">\u2013 Catedr\u00e1tico de F\u00edsica de la Universidad de Witwatersrand, Johannesburgo.<\/span><\/li><li><b>Bo Gu<\/b><span style=\"font-weight: 400;\">\u2013 Fundador, presidente y director t\u00e9cnico de Bos Photonics; Sociedad China de \u00d3ptica (COS).<\/span><\/li><li><b>Taeghwan Hyeon<\/b><span style=\"font-weight: 400;\">\u2013 Director del Centro de Investigaci\u00f3n de Nanopart\u00edculas del Instituto de Ciencias B\u00e1sicas de la Universidad Nacional de Se\u00fal.<\/span><\/li><li><b>Amal Kasry<\/b><span style=\"font-weight: 400;\">\u2013 Jefe de Ciencias B\u00e1sicas, Investigaci\u00f3n, Innovaci\u00f3n e Ingenier\u00eda, Sector de Ciencias Naturales, UNESCO.<\/span><\/li><li><b>Claus L\u00e4mmerzahl<\/b><span style=\"font-weight: 400;\">\u2013 Miembro de la Junta Directiva | Relaciones P\u00fablicas, Sociedad Alemana de F\u00edsica (DPG); Director de Ciencias Espaciales, ZARM, Universidad de Bremen.<\/span><\/li><li><b>Gillian Makamara<\/b><span style=\"font-weight: 400;\">\u2013 Responsable de proyectos, Uni\u00f3n Internacional de Telecomunicaciones (UIT).<\/span><\/li><li><b>Julio G. Mendoza-\u00c1lvarez<\/b><span style=\"font-weight: 400;\">\u2013 Presidente de la Sociedad Mexicana de F\u00edsica; profesor del Centro de Investigaci\u00f3n y Estudios Avanzados del Instituto Polit\u00e9cnico Nacional (IPN).<\/span><\/li><li><b>Joe Niemela<\/b><span style=\"font-weight: 400;\">\u2013 Cient\u00edfico em\u00e9rito del Centro Internacional de F\u00edsica Te\u00f3rica (ICTP).<\/span><\/li><li><b>Yasser Omar<\/b><span style=\"font-weight: 400;\">\u2013 Presidente del Instituto Cu\u00e1ntico Portugu\u00e9s (PQI); profesor de la Universidad de Lisboa; Iniciativa Cu\u00e1ntica de la UE.<\/span><\/li><li><b>Peggy Oti-Boateng<\/b><span style=\"font-weight: 400;\">\u2013 Director Ejecutivo de la Academia Africana de Ciencias.<\/span><\/li><li><b>Enrica Porcari<\/b><span style=\"font-weight: 400;\">\u2013 Jefe del Departamento de Tecnolog\u00edas de la Informaci\u00f3n del CERN.<\/span><\/li><li><b>Kent Rochford<\/b><span style=\"font-weight: 400;\">\u2013 Director general y director ejecutivo de SPIE, la Sociedad Internacional de \u00d3ptica y Fot\u00f3nica.<\/span><\/li><li><b>Mar\u00eda S\u00e1nchez-Colina<\/b><span style=\"font-weight: 400;\"> \u2013 President, Iberoamerican Federation of Societies of Physics (FEIASOFI); President, Cuban Society of Physics.<\/span><\/li><li><b>Smitha Vishveshwara<\/b><span style=\"font-weight: 400;\">\u2013 Catedr\u00e1tico de F\u00edsica de la Universidad de Illinois en Urbana-Champaign.<\/span><\/li><li><b>Carl Wieman<\/b><span style=\"font-weight: 400;\">\u2013 Catedr\u00e1tico de F\u00edsica y de la Escuela de Posgrado en Educaci\u00f3n de la Universidad de Stanford.<\/span><\/li><li><b>Ahmed Younes<\/b><span style=\"font-weight: 400;\">\u2013 Catedr\u00e1tico de Inform\u00e1tica Cu\u00e1ntica de la Universidad de Alejandr\u00eda; vicedecano de Educaci\u00f3n y Asuntos Estudiantiles de la Facultad de Ciencias de la Universidad de Alejandr\u00eda.<\/span><span style=\"font-weight: 400;\"><br><\/span><\/li><\/ul>\t\t\t\t\t\t\t\t<\/div>\n\t\t\t\t<\/div>\n\t\t\t\t<div class=\"elementor-element elementor-element-f609e13 elementor-widget elementor-widget-heading\" data-id=\"f609e13\" data-element_type=\"widget\" data-e-type=\"widget\" data-widget_type=\"heading.default\">\n\t\t\t\t<div class=\"elementor-widget-container\">\n\t\t\t\t\t<h1 class=\"elementor-heading-title elementor-size-default\">Responsables de la presencia digital del IYQ<\/h1>\t\t\t\t<\/div>\n\t\t\t\t<\/div>\n\t\t\t\t<div class=\"elementor-element elementor-element-a87e2b5 elementor-widget__width-initial elementor-widget elementor-widget-text-editor\" data-id=\"a87e2b5\" data-element_type=\"widget\" data-e-type=\"widget\" data-widget_type=\"text-editor.default\">\n\t\t\t\t<div class=\"elementor-widget-container\">\n\t\t\t\t\t\t\t\t\t<p>El personal responsable de la presencia digital del IYQ gestion\u00f3, recopil\u00f3 y cre\u00f3 contenidos para el sitio web y las redes sociales durante todo el a\u00f1o.<\/p><p><span style=\"font-weight: 400;\"><strong>Creadora y gerente de contenidos del sitio web:<\/strong>\u00a0Alexandra de Castro<\/span><\/p><p><span style=\"font-weight: 400;\"><strong>Responsable de redes sociales:<\/strong>\u00a0 Solmar Verela<\/span><\/p><p><span style=\"font-weight: 400;\"><strong>Creadora de contenido web y para redes sociales<\/strong>:\u00a0 Serena Krejci-Papa<\/span><\/p><p><span style=\"font-weight: 400;\"><strong>Becarios del programa JNIPER IYQ:<\/strong>\u00a0 Richard Sottie, Olivia Castillo y Elle Roc.<\/span><\/p>\t\t\t\t\t\t\t\t<\/div>\n\t\t\t\t<\/div>\n\t\t<div class=\"elementor-element elementor-element-fa86977 e-con-full elementor-hidden-mobile e-flex e-con e-child\" data-id=\"fa86977\" data-element_type=\"container\" data-e-type=\"container\" data-settings=\"{&quot;jet_parallax_layout_list&quot;:[],&quot;_ha_eqh_enable&quot;:false}\">\n\t\t\t\t<div class=\"elementor-element elementor-element-7525955 elementor-widget elementor-widget-raven-site-logo\" data-id=\"7525955\" data-element_type=\"widget\" data-e-type=\"widget\" data-widget_type=\"raven-site-logo.default\">\n\t\t\t\t<div class=\"elementor-widget-container\">\n\t\t\t\t\t\t\t<div class=\"raven-widget-wrapper\">\n\t\t\t<div class=\"raven-site-logo\">\n\t\t\t\t\t\t\t\t\t<a class=\"raven-site-logo-link\" href=\"https:\/\/quantum2025.org\/es\/\">\n\t\t\t\t\t\t\t\t<picture><img alt=\"IYQ 2025\" data-no-lazy=\"1\" src=' https:\/\/quantum2025.org\/wp-content\/uploads\/2024\/12\/IYQST-Logomark-FC.png '><\/picture>\t\t\t\t\t\t\t\t\t<\/a>\n\t\t\t\t\t\t\t<\/div>\n\t\t<\/div>\n\t\t\t\t\t\t<\/div>\n\t\t\t\t<\/div>\n\t\t\t\t<\/div>\n\t\t\t\t\t<\/div>\n\t\t\t\t<\/div>\n\t\t\t\t<\/div>\n\t\t","protected":false},"excerpt":{"rendered":"<p>La Secretar\u00eda del IYQ La Secretar\u00eda actu\u00f3 como principal \u00f3rgano operativo encargado de coordinar y gestionar las actividades relacionadas con el A\u00f1o Internacional. Su mandato incluye supervisar la puesta en marcha de las iniciativas aprobadas, gestionar el Fondo de Coordinaci\u00f3n Global del A\u00f1o Internacional de la Cu\u00e1ntica, administrado por la Sociedad Americana de F\u00edsica (APS, [&hellip;]<\/p>\n","protected":false},"author":6,"featured_media":2203,"parent":0,"menu_order":0,"comment_status":"closed","ping_status":"closed","template":"elementor_header_footer","meta":{"_acf_changed":false,"footnotes":""},"class_list":["post-10808","page","type-page","status-publish","has-post-thumbnail","hentry"],"acf":[],"yoast_head":"<!-- This site is optimized with the Yoast SEO plugin v27.4 - https:\/\/yoast.com\/product\/yoast-seo-wordpress\/ -->\n<title>IYQ 2025<\/title>\n<meta name=\"description\" content=\"La misi\u00f3n del A\u00f1o Internacional de la Ciencia y la Tecnolog\u00eda Cu\u00e1nticas (IYQ) es ayudar a sensibilizar al p\u00fablico sobre la importancia y el impacto de la ciencia cu\u00e1ntica y sus aplicaciones en todos los \u00e1mbitos de la vida.\" \/>\n<meta name=\"robots\" content=\"index, follow, max-snippet:-1, max-image-preview:large, max-video-preview:-1\" \/>\n<meta property=\"og:locale\" content=\"es_ES\" \/>\n<meta property=\"og:type\" content=\"article\" \/>\n<meta property=\"og:description\" content=\"La misi\u00f3n del A\u00f1o Internacional de la Ciencia y la Tecnolog\u00eda Cu\u00e1nticas (IYQ) es ayudar a sensibilizar al p\u00fablico sobre la importancia y el impacto de la ciencia cu\u00e1ntica y sus aplicaciones en todos los \u00e1mbitos de la vida.\" \/>\n<meta property=\"og:url\" content=\"https:\/\/quantum2025.org\/governance-support-team\/\" \/>\n<meta property=\"og:site_name\" content=\"IYQ 2025\" \/>\n<meta property=\"article:publisher\" content=\"https:\/\/www.facebook.com\/quantumyear2025\" \/>\n<meta property=\"article:modified_time\" content=\"2026-04-28T09:41:30+00:00\" \/>\n<meta property=\"og:image\" content=\"https:\/\/quantum2025.org\/wp-content\/uploads\/2024\/12\/IYQST-Logomark-FC.png\" \/>\n\t<meta property=\"og:image:width\" content=\"382\" \/>\n\t<meta property=\"og:image:height\" content=\"374\" \/>\n\t<meta property=\"og:image:type\" content=\"image\/png\" \/>\n<meta name=\"twitter:card\" content=\"summary_large_image\" \/>\n<meta name=\"twitter:site\" content=\"@QuantumYear2025\" \/>\n<meta name=\"twitter:label1\" content=\"Est. reading time\" \/>\n\t<meta name=\"twitter:data1\" content=\"5 minutos\" \/>\n<script type=\"application\/ld+json\" class=\"yoast-schema-graph\">{\"@context\":\"https:\\\/\\\/schema.org\",\"@graph\":[{\"@type\":\"WebPage\",\"@id\":\"https:\\\/\\\/quantum2025.org\\\/governance-support-team\\\/\",\"url\":\"https:\\\/\\\/quantum2025.org\\\/governance-support-team\\\/\",\"name\":\"\",\"isPartOf\":{\"@id\":\"https:\\\/\\\/quantum2025.org\\\/#website\"},\"primaryImageOfPage\":{\"@id\":\"https:\\\/\\\/quantum2025.org\\\/governance-support-team\\\/#primaryimage\"},\"image\":{\"@id\":\"https:\\\/\\\/quantum2025.org\\\/governance-support-team\\\/#primaryimage\"},\"thumbnailUrl\":\"https:\\\/\\\/quantum2025.org\\\/wp-content\\\/uploads\\\/2024\\\/12\\\/IYQST-Logomark-FC.png\",\"datePublished\":\"2026-04-13T06:29:50+00:00\",\"dateModified\":\"2026-04-28T09:41:30+00:00\",\"description\":\"La misi\u00f3n del A\u00f1o Internacional de la Ciencia y la Tecnolog\u00eda Cu\u00e1nticas (IYQ) es ayudar a sensibilizar al p\u00fablico sobre la importancia y el impacto de la ciencia cu\u00e1ntica y sus aplicaciones en todos los \u00e1mbitos de la vida.\",\"breadcrumb\":{\"@id\":\"https:\\\/\\\/quantum2025.org\\\/governance-support-team\\\/#breadcrumb\"},\"inLanguage\":\"es\",\"potentialAction\":[{\"@type\":\"ReadAction\",\"target\":[\"https:\\\/\\\/quantum2025.org\\\/governance-support-team\\\/\"]}]},{\"@type\":\"ImageObject\",\"inLanguage\":\"es\",\"@id\":\"https:\\\/\\\/quantum2025.org\\\/governance-support-team\\\/#primaryimage\",\"url\":\"https:\\\/\\\/quantum2025.org\\\/wp-content\\\/uploads\\\/2024\\\/12\\\/IYQST-Logomark-FC.png\",\"contentUrl\":\"https:\\\/\\\/quantum2025.org\\\/wp-content\\\/uploads\\\/2024\\\/12\\\/IYQST-Logomark-FC.png\",\"width\":382,\"height\":374},{\"@type\":\"BreadcrumbList\",\"@id\":\"https:\\\/\\\/quantum2025.org\\\/governance-support-team\\\/#breadcrumb\",\"itemListElement\":[{\"@type\":\"ListItem\",\"position\":1,\"name\":\"Home\",\"item\":\"https:\\\/\\\/quantum2025.org\\\/\"},{\"@type\":\"ListItem\",\"position\":2,\"name\":\"Equipo de gobernanza y asistencia\"}]},{\"@type\":\"WebSite\",\"@id\":\"https:\\\/\\\/quantum2025.org\\\/#website\",\"url\":\"https:\\\/\\\/quantum2025.org\\\/\",\"name\":\"IYQ 2025\",\"description\":\"International Year of Quantum\",\"potentialAction\":[{\"@type\":\"SearchAction\",\"target\":{\"@type\":\"EntryPoint\",\"urlTemplate\":\"https:\\\/\\\/quantum2025.org\\\/?s={search_term_string}\"},\"query-input\":{\"@type\":\"PropertyValueSpecification\",\"valueRequired\":true,\"valueName\":\"search_term_string\"}}],\"inLanguage\":\"es\"}]}<\/script>\n<!-- \/ Yoast SEO plugin. -->","yoast_head_json":{"title":"IYQ 2025","description":"La misi\u00f3n del A\u00f1o Internacional de la Ciencia y la Tecnolog\u00eda Cu\u00e1nticas (IYQ) es ayudar a sensibilizar al p\u00fablico sobre la importancia y el impacto de la ciencia cu\u00e1ntica y sus aplicaciones en todos los \u00e1mbitos de la vida.","robots":{"index":"index","follow":"follow","max-snippet":"max-snippet:-1","max-image-preview":"max-image-preview:large","max-video-preview":"max-video-preview:-1"},"og_locale":"es_ES","og_type":"article","og_description":"La misi\u00f3n del A\u00f1o Internacional de la Ciencia y la Tecnolog\u00eda Cu\u00e1nticas (IYQ) es ayudar a sensibilizar al p\u00fablico sobre la importancia y el impacto de la ciencia cu\u00e1ntica y sus aplicaciones en todos los \u00e1mbitos de la vida.","og_url":"https:\/\/quantum2025.org\/governance-support-team\/","og_site_name":"IYQ 2025","article_publisher":"https:\/\/www.facebook.com\/quantumyear2025","article_modified_time":"2026-04-28T09:41:30+00:00","og_image":[{"width":382,"height":374,"url":"https:\/\/quantum2025.org\/wp-content\/uploads\/2024\/12\/IYQST-Logomark-FC.png","type":"image\/png"}],"twitter_card":"summary_large_image","twitter_site":"@QuantumYear2025","twitter_misc":{"Est. reading time":"5 minutos"},"schema":{"@context":"https:\/\/schema.org","@graph":[{"@type":"WebPage","@id":"https:\/\/quantum2025.org\/governance-support-team\/","url":"https:\/\/quantum2025.org\/governance-support-team\/","name":"","isPartOf":{"@id":"https:\/\/quantum2025.org\/#website"},"primaryImageOfPage":{"@id":"https:\/\/quantum2025.org\/governance-support-team\/#primaryimage"},"image":{"@id":"https:\/\/quantum2025.org\/governance-support-team\/#primaryimage"},"thumbnailUrl":"https:\/\/quantum2025.org\/wp-content\/uploads\/2024\/12\/IYQST-Logomark-FC.png","datePublished":"2026-04-13T06:29:50+00:00","dateModified":"2026-04-28T09:41:30+00:00","description":"La misi\u00f3n del A\u00f1o Internacional de la Ciencia y la Tecnolog\u00eda Cu\u00e1nticas (IYQ) es ayudar a sensibilizar al p\u00fablico sobre la importancia y el impacto de la ciencia cu\u00e1ntica y sus aplicaciones en todos los \u00e1mbitos de la vida.","breadcrumb":{"@id":"https:\/\/quantum2025.org\/governance-support-team\/#breadcrumb"},"inLanguage":"es","potentialAction":[{"@type":"ReadAction","target":["https:\/\/quantum2025.org\/governance-support-team\/"]}]},{"@type":"ImageObject","inLanguage":"es","@id":"https:\/\/quantum2025.org\/governance-support-team\/#primaryimage","url":"https:\/\/quantum2025.org\/wp-content\/uploads\/2024\/12\/IYQST-Logomark-FC.png","contentUrl":"https:\/\/quantum2025.org\/wp-content\/uploads\/2024\/12\/IYQST-Logomark-FC.png","width":382,"height":374},{"@type":"BreadcrumbList","@id":"https:\/\/quantum2025.org\/governance-support-team\/#breadcrumb","itemListElement":[{"@type":"ListItem","position":1,"name":"Home","item":"https:\/\/quantum2025.org\/"},{"@type":"ListItem","position":2,"name":"Equipo de gobernanza y asistencia"}]},{"@type":"WebSite","@id":"https:\/\/quantum2025.org\/#website","url":"https:\/\/quantum2025.org\/","name":"IYQ 2025","description":"International Year of Quantum","potentialAction":[{"@type":"SearchAction","target":{"@type":"EntryPoint","urlTemplate":"https:\/\/quantum2025.org\/?s={search_term_string}"},"query-input":{"@type":"PropertyValueSpecification","valueRequired":true,"valueName":"search_term_string"}}],"inLanguage":"es"}]}},"_links":{"self":[{"href":"https:\/\/quantum2025.org\/es\/wp-json\/wp\/v2\/pages\/10808","targetHints":{"allow":["GET"]}}],"collection":[{"href":"https:\/\/quantum2025.org\/es\/wp-json\/wp\/v2\/pages"}],"about":[{"href":"https:\/\/quantum2025.org\/es\/wp-json\/wp\/v2\/types\/page"}],"author":[{"embeddable":true,"href":"https:\/\/quantum2025.org\/es\/wp-json\/wp\/v2\/users\/6"}],"replies":[{"embeddable":true,"href":"https:\/\/quantum2025.org\/es\/wp-json\/wp\/v2\/comments?post=10808"}],"version-history":[{"count":0,"href":"https:\/\/quantum2025.org\/es\/wp-json\/wp\/v2\/pages\/10808\/revisions"}],"wp:featuredmedia":[{"embeddable":true,"href":"https:\/\/quantum2025.org\/es\/wp-json\/wp\/v2\/media\/2203"}],"wp:attachment":[{"href":"https:\/\/quantum2025.org\/es\/wp-json\/wp\/v2\/media?parent=10808"}],"curies":[{"name":"wp","href":"https:\/\/api.w.org\/{rel}","templated":true}]}}