{"id":6754,"date":"2025-02-14T10:12:13","date_gmt":"2025-02-14T10:12:13","guid":{"rendered":"https:\/\/quantum2025.org\/iyq-event\/exposicion-que-cuantico-la-exposicion-sobre-el-ano-cuantico-2025\/"},"modified":"2025-05-16T10:16:21","modified_gmt":"2025-05-16T10:16:21","slug":"exposicion-que-cuantico-la-exposicion-sobre-el-ano-cuantico-2025","status":"publish","type":"iyq-event","link":"https:\/\/quantum2025.org\/es\/iyq-event\/exposicion-que-cuantico-la-exposicion-sobre-el-ano-cuantico-2025\/","title":{"rendered":"Exposici\u00f3n \u00ab\u00bfQu\u00e9 cu\u00e1ntico? La exposici\u00f3n sobre el a\u00f1o cu\u00e1ntico 2025\u00bb"},"content":{"rendered":"<div class=\"wp-block-image\">\n<figure class=\"alignright size-full\"><a href=\"https:\/\/quantum2025.org\/wp-content\/uploads\/2025\/02\/67adf899a65e2.jpg\"><img fetchpriority=\"high\" decoding=\"async\" width=\"359\" height=\"240\" src=\"https:\/\/quantum2025.org\/wp-content\/uploads\/2025\/02\/67adf899a65e2.jpg\" alt=\"\" class=\"wp-image-3816\" srcset=\"https:\/\/quantum2025.org\/wp-content\/uploads\/2025\/02\/67adf899a65e2.jpg 359w, https:\/\/quantum2025.org\/wp-content\/uploads\/2025\/02\/67adf899a65e2-300x201.jpg 300w\" sizes=\"(max-width: 359px) 100vw, 359px\" \/><\/a><\/figure>\n<\/div>\n<p>\u00ab\u00a1\u00bfQu\u00e9 cu\u00e1ntica?!\u00bb es una exposici\u00f3n para celebrar el A\u00f1o Cu\u00e1ntico 2025 en el Forum Wissen, el museo del conocimiento de la Universidad de Gotinga. El Forum Wissen dedica una gran exposici\u00f3n especial al tema de la mec\u00e1nica cu\u00e1ntica, cuya historia est\u00e1 estrechamente ligada a la Universidad de G\u00f6ttingen. La exposici\u00f3n cuenta la historia de la f\u00edsica cu\u00e1ntica desde el a\u00f1o 1900 hasta nuestros d\u00edas. Permanecer\u00e1 en el Foro Wissen del 27 de marzo al 5 de octubre de 2025.   <\/p>\n\n<p>La exposici\u00f3n especial del Foro Wissen explora c\u00f3mo se lleg\u00f3 a comprender la mec\u00e1nica cu\u00e1ntica en 1925. Ilustra que la ciencia es un esfuerzo de colaboraci\u00f3n que se apoya en el intercambio con otros. La exposici\u00f3n muestra el papel desempe\u00f1ado por las redes internacionales de investigaci\u00f3n, junto con las circunstancias financieras, pol\u00edticas y sociales de la \u00e9poca que hicieron posible el avance cient\u00edfico, y la tecnolog\u00eda actual que se basa en la f\u00edsica cu\u00e1ntica.  <\/p>\n\n<p>Los experimentos pr\u00e1cticos de f\u00edsica cu\u00e1ntica ilustran que el mundo funciona de forma muy diferente a nivel de \u00e1tomos individuales de lo que podr\u00edamos imaginar. Una amplia gama de ejemplos muestra d\u00f3nde se utilizan actualmente las tecnolog\u00edas cu\u00e1nticas. Las aportaciones l\u00fadicas y teatrales desarrolladas por los alumnos, as\u00ed como las instalaciones art\u00edsticas, invitan a los visitantes a explorar el mundo de los cuantos en el Forum Wissen.  <\/p>\n\n<p>La exposici\u00f3n fue desarrollada por las conservadoras del Forum Wissen, la Dra. Ramona D\u00f6lling y Christine Nawa, en colaboraci\u00f3n con el f\u00edsico de la Universidad de G\u00f6ttingen, el profesor Stefan Kehrein, y otros conservadores de colecciones de toda la Universidad.<\/p>\n\n<p>El patrocinador de la exposici\u00f3n es la Sociedad Alemana de F\u00edsica.<\/p>\n\n<p><\/p>\n","protected":false},"featured_media":0,"template":"","keywords":[81,63,54,72,62,64,55,57],"class_list":["post-6754","iyq-event","type-iyq-event","status-publish","hentry","keywords-art-and-culture","keywords-education","keywords-for-children","keywords-history","keywords-mathematics","keywords-physics","keywords-quantum-science","keywords-quantum-technology"],"acf":[],"yoast_head":"<!-- This site is optimized with the Yoast SEO plugin v27.4 - https:\/\/yoast.com\/product\/yoast-seo-wordpress\/ -->\n<title>Exposici\u00f3n &quot;\u00bfQu\u00e9 cu\u00e1ntico? La exposici\u00f3n sobre el a\u00f1o cu\u00e1ntico 2025&quot; - IYQ 2025<\/title>\n<meta name=\"description\" content=\"&quot;\u00a1\u00bfQu\u00e9 cu\u00e1ntica?!&quot; es una exposici\u00f3n para celebrar el A\u00f1o Cu\u00e1ntico 2025 en el Forum Wissen, el museo del conocimiento de la Universidad de Gotinga. El Forum Wissen dedica una gran exposici\u00f3n especial al tema de la mec\u00e1nica cu\u00e1ntica, cuya historia est\u00e1 estrechamente ligada a la Universidad de G\u00f6ttingen. La exposici\u00f3n cuenta la historia de la f\u00edsica cu\u00e1ntica desde el a\u00f1o 1900 hasta nuestros d\u00edas. Permanecer\u00e1 en el Foro Wissen del 27 de marzo al 5 de octubre de 2025.\" \/>\n<meta name=\"robots\" content=\"index, follow, max-snippet:-1, max-image-preview:large, max-video-preview:-1\" \/>\n<meta property=\"og:locale\" content=\"es_ES\" \/>\n<meta property=\"og:type\" content=\"article\" \/>\n<meta property=\"og:title\" content=\"Exposici\u00f3n &quot;\u00bfQu\u00e9 cu\u00e1ntico? La exposici\u00f3n sobre el a\u00f1o cu\u00e1ntico 2025&quot; - IYQ 2025\" \/>\n<meta property=\"og:description\" content=\"&quot;\u00a1\u00bfQu\u00e9 cu\u00e1ntica?!&quot; es una exposici\u00f3n para celebrar el A\u00f1o Cu\u00e1ntico 2025 en el Forum Wissen, el museo del conocimiento de la Universidad de Gotinga. El Forum Wissen dedica una gran exposici\u00f3n especial al tema de la mec\u00e1nica cu\u00e1ntica, cuya historia est\u00e1 estrechamente ligada a la Universidad de G\u00f6ttingen. La exposici\u00f3n cuenta la historia de la f\u00edsica cu\u00e1ntica desde el a\u00f1o 1900 hasta nuestros d\u00edas. Permanecer\u00e1 en el Foro Wissen del 27 de marzo al 5 de octubre de 2025.\" \/>\n<meta property=\"og:url\" content=\"https:\/\/quantum2025.org\/iyq-event\/exposicion-que-cuantico-la-exposicion-sobre-el-ano-cuantico-2025\/\" \/>\n<meta property=\"og:site_name\" content=\"IYQ 2025\" \/>\n<meta property=\"article:publisher\" content=\"https:\/\/www.facebook.com\/quantumyear2025\" \/>\n<meta property=\"article:modified_time\" content=\"2025-05-16T10:16:21+00:00\" \/>\n<meta property=\"og:image\" content=\"https:\/\/quantum2025.org\/wp-content\/uploads\/2025\/02\/67adf899a65e2.jpg\" \/>\n\t<meta property=\"og:image:width\" content=\"359\" \/>\n\t<meta property=\"og:image:height\" content=\"240\" \/>\n\t<meta property=\"og:image:type\" content=\"image\/jpeg\" \/>\n<meta name=\"twitter:card\" content=\"summary_large_image\" \/>\n<meta name=\"twitter:site\" content=\"@QuantumYear2025\" \/>\n<meta name=\"twitter:label1\" content=\"Est. reading time\" \/>\n\t<meta name=\"twitter:data1\" content=\"2 minutos\" \/>\n<script type=\"application\/ld+json\" class=\"yoast-schema-graph\">{\"@context\":\"https:\\\/\\\/schema.org\",\"@graph\":[{\"@type\":\"WebPage\",\"@id\":\"https:\\\/\\\/quantum2025.org\\\/iyq-event\\\/exposicion-que-cuantico-la-exposicion-sobre-el-ano-cuantico-2025\\\/\",\"url\":\"https:\\\/\\\/quantum2025.org\\\/iyq-event\\\/exposicion-que-cuantico-la-exposicion-sobre-el-ano-cuantico-2025\\\/\",\"name\":\"Exposici\u00f3n \\\"\u00bfQu\u00e9 cu\u00e1ntico? La exposici\u00f3n sobre el a\u00f1o cu\u00e1ntico 2025\\\" - IYQ 2025\",\"isPartOf\":{\"@id\":\"https:\\\/\\\/quantum2025.org\\\/#website\"},\"primaryImageOfPage\":{\"@id\":\"https:\\\/\\\/quantum2025.org\\\/iyq-event\\\/exposicion-que-cuantico-la-exposicion-sobre-el-ano-cuantico-2025\\\/#primaryimage\"},\"image\":{\"@id\":\"https:\\\/\\\/quantum2025.org\\\/iyq-event\\\/exposicion-que-cuantico-la-exposicion-sobre-el-ano-cuantico-2025\\\/#primaryimage\"},\"thumbnailUrl\":\"https:\\\/\\\/quantum2025.org\\\/wp-content\\\/uploads\\\/2025\\\/02\\\/67adf899a65e2.jpg\",\"datePublished\":\"2025-02-14T10:12:13+00:00\",\"dateModified\":\"2025-05-16T10:16:21+00:00\",\"description\":\"\\\"\u00a1\u00bfQu\u00e9 cu\u00e1ntica?!\\\" es una exposici\u00f3n para celebrar el A\u00f1o Cu\u00e1ntico 2025 en el Forum Wissen, el museo del conocimiento de la Universidad de Gotinga. El Forum Wissen dedica una gran exposici\u00f3n especial al tema de la mec\u00e1nica cu\u00e1ntica, cuya historia est\u00e1 estrechamente ligada a la Universidad de G\u00f6ttingen. La exposici\u00f3n cuenta la historia de la f\u00edsica cu\u00e1ntica desde el a\u00f1o 1900 hasta nuestros d\u00edas. Permanecer\u00e1 en el Foro Wissen del 27 de marzo al 5 de octubre de 2025.\",\"breadcrumb\":{\"@id\":\"https:\\\/\\\/quantum2025.org\\\/iyq-event\\\/exposicion-que-cuantico-la-exposicion-sobre-el-ano-cuantico-2025\\\/#breadcrumb\"},\"inLanguage\":\"es\",\"potentialAction\":[{\"@type\":\"ReadAction\",\"target\":[\"https:\\\/\\\/quantum2025.org\\\/iyq-event\\\/exposicion-que-cuantico-la-exposicion-sobre-el-ano-cuantico-2025\\\/\"]}]},{\"@type\":\"ImageObject\",\"inLanguage\":\"es\",\"@id\":\"https:\\\/\\\/quantum2025.org\\\/iyq-event\\\/exposicion-que-cuantico-la-exposicion-sobre-el-ano-cuantico-2025\\\/#primaryimage\",\"url\":\"https:\\\/\\\/quantum2025.org\\\/wp-content\\\/uploads\\\/2025\\\/02\\\/67adf899a65e2.jpg\",\"contentUrl\":\"https:\\\/\\\/quantum2025.org\\\/wp-content\\\/uploads\\\/2025\\\/02\\\/67adf899a65e2.jpg\"},{\"@type\":\"BreadcrumbList\",\"@id\":\"https:\\\/\\\/quantum2025.org\\\/iyq-event\\\/exposicion-que-cuantico-la-exposicion-sobre-el-ano-cuantico-2025\\\/#breadcrumb\",\"itemListElement\":[{\"@type\":\"ListItem\",\"position\":1,\"name\":\"Home\",\"item\":\"https:\\\/\\\/quantum2025.org\\\/\"},{\"@type\":\"ListItem\",\"position\":2,\"name\":\"Events\",\"item\":\"https:\\\/\\\/quantum2025.org\\\/iyq-event\\\/\"},{\"@type\":\"ListItem\",\"position\":3,\"name\":\"Exposici\u00f3n \u00ab\u00a0\u00bfQu\u00e9 cu\u00e1ntico? La exposici\u00f3n sobre el a\u00f1o cu\u00e1ntico 2025\u00a0\u00bb\"}]},{\"@type\":\"WebSite\",\"@id\":\"https:\\\/\\\/quantum2025.org\\\/#website\",\"url\":\"https:\\\/\\\/quantum2025.org\\\/\",\"name\":\"IYQ 2025\",\"description\":\"International Year of Quantum\",\"potentialAction\":[{\"@type\":\"SearchAction\",\"target\":{\"@type\":\"EntryPoint\",\"urlTemplate\":\"https:\\\/\\\/quantum2025.org\\\/?s={search_term_string}\"},\"query-input\":{\"@type\":\"PropertyValueSpecification\",\"valueRequired\":true,\"valueName\":\"search_term_string\"}}],\"inLanguage\":\"es\"}]}<\/script>\n<!-- \/ Yoast SEO plugin. -->","yoast_head_json":{"title":"Exposici\u00f3n \"\u00bfQu\u00e9 cu\u00e1ntico? La exposici\u00f3n sobre el a\u00f1o cu\u00e1ntico 2025\" - IYQ 2025","description":"\"\u00a1\u00bfQu\u00e9 cu\u00e1ntica?!\" es una exposici\u00f3n para celebrar el A\u00f1o Cu\u00e1ntico 2025 en el Forum Wissen, el museo del conocimiento de la Universidad de Gotinga. El Forum Wissen dedica una gran exposici\u00f3n especial al tema de la mec\u00e1nica cu\u00e1ntica, cuya historia est\u00e1 estrechamente ligada a la Universidad de G\u00f6ttingen. La exposici\u00f3n cuenta la historia de la f\u00edsica cu\u00e1ntica desde el a\u00f1o 1900 hasta nuestros d\u00edas. Permanecer\u00e1 en el Foro Wissen del 27 de marzo al 5 de octubre de 2025.","robots":{"index":"index","follow":"follow","max-snippet":"max-snippet:-1","max-image-preview":"max-image-preview:large","max-video-preview":"max-video-preview:-1"},"og_locale":"es_ES","og_type":"article","og_title":"Exposici\u00f3n \"\u00bfQu\u00e9 cu\u00e1ntico? La exposici\u00f3n sobre el a\u00f1o cu\u00e1ntico 2025\" - IYQ 2025","og_description":"\"\u00a1\u00bfQu\u00e9 cu\u00e1ntica?!\" es una exposici\u00f3n para celebrar el A\u00f1o Cu\u00e1ntico 2025 en el Forum Wissen, el museo del conocimiento de la Universidad de Gotinga. El Forum Wissen dedica una gran exposici\u00f3n especial al tema de la mec\u00e1nica cu\u00e1ntica, cuya historia est\u00e1 estrechamente ligada a la Universidad de G\u00f6ttingen. La exposici\u00f3n cuenta la historia de la f\u00edsica cu\u00e1ntica desde el a\u00f1o 1900 hasta nuestros d\u00edas. Permanecer\u00e1 en el Foro Wissen del 27 de marzo al 5 de octubre de 2025.","og_url":"https:\/\/quantum2025.org\/iyq-event\/exposicion-que-cuantico-la-exposicion-sobre-el-ano-cuantico-2025\/","og_site_name":"IYQ 2025","article_publisher":"https:\/\/www.facebook.com\/quantumyear2025","article_modified_time":"2025-05-16T10:16:21+00:00","og_image":[{"width":359,"height":240,"url":"https:\/\/quantum2025.org\/wp-content\/uploads\/2025\/02\/67adf899a65e2.jpg","type":"image\/jpeg"}],"twitter_card":"summary_large_image","twitter_site":"@QuantumYear2025","twitter_misc":{"Est. reading time":"2 minutos"},"schema":{"@context":"https:\/\/schema.org","@graph":[{"@type":"WebPage","@id":"https:\/\/quantum2025.org\/iyq-event\/exposicion-que-cuantico-la-exposicion-sobre-el-ano-cuantico-2025\/","url":"https:\/\/quantum2025.org\/iyq-event\/exposicion-que-cuantico-la-exposicion-sobre-el-ano-cuantico-2025\/","name":"Exposici\u00f3n \"\u00bfQu\u00e9 cu\u00e1ntico? La exposici\u00f3n sobre el a\u00f1o cu\u00e1ntico 2025\" - IYQ 2025","isPartOf":{"@id":"https:\/\/quantum2025.org\/#website"},"primaryImageOfPage":{"@id":"https:\/\/quantum2025.org\/iyq-event\/exposicion-que-cuantico-la-exposicion-sobre-el-ano-cuantico-2025\/#primaryimage"},"image":{"@id":"https:\/\/quantum2025.org\/iyq-event\/exposicion-que-cuantico-la-exposicion-sobre-el-ano-cuantico-2025\/#primaryimage"},"thumbnailUrl":"https:\/\/quantum2025.org\/wp-content\/uploads\/2025\/02\/67adf899a65e2.jpg","datePublished":"2025-02-14T10:12:13+00:00","dateModified":"2025-05-16T10:16:21+00:00","description":"\"\u00a1\u00bfQu\u00e9 cu\u00e1ntica?!\" es una exposici\u00f3n para celebrar el A\u00f1o Cu\u00e1ntico 2025 en el Forum Wissen, el museo del conocimiento de la Universidad de Gotinga. El Forum Wissen dedica una gran exposici\u00f3n especial al tema de la mec\u00e1nica cu\u00e1ntica, cuya historia est\u00e1 estrechamente ligada a la Universidad de G\u00f6ttingen. La exposici\u00f3n cuenta la historia de la f\u00edsica cu\u00e1ntica desde el a\u00f1o 1900 hasta nuestros d\u00edas. Permanecer\u00e1 en el Foro Wissen del 27 de marzo al 5 de octubre de 2025.","breadcrumb":{"@id":"https:\/\/quantum2025.org\/iyq-event\/exposicion-que-cuantico-la-exposicion-sobre-el-ano-cuantico-2025\/#breadcrumb"},"inLanguage":"es","potentialAction":[{"@type":"ReadAction","target":["https:\/\/quantum2025.org\/iyq-event\/exposicion-que-cuantico-la-exposicion-sobre-el-ano-cuantico-2025\/"]}]},{"@type":"ImageObject","inLanguage":"es","@id":"https:\/\/quantum2025.org\/iyq-event\/exposicion-que-cuantico-la-exposicion-sobre-el-ano-cuantico-2025\/#primaryimage","url":"https:\/\/quantum2025.org\/wp-content\/uploads\/2025\/02\/67adf899a65e2.jpg","contentUrl":"https:\/\/quantum2025.org\/wp-content\/uploads\/2025\/02\/67adf899a65e2.jpg"},{"@type":"BreadcrumbList","@id":"https:\/\/quantum2025.org\/iyq-event\/exposicion-que-cuantico-la-exposicion-sobre-el-ano-cuantico-2025\/#breadcrumb","itemListElement":[{"@type":"ListItem","position":1,"name":"Home","item":"https:\/\/quantum2025.org\/"},{"@type":"ListItem","position":2,"name":"Events","item":"https:\/\/quantum2025.org\/iyq-event\/"},{"@type":"ListItem","position":3,"name":"Exposici\u00f3n \u00ab\u00a0\u00bfQu\u00e9 cu\u00e1ntico? La exposici\u00f3n sobre el a\u00f1o cu\u00e1ntico 2025\u00a0\u00bb"}]},{"@type":"WebSite","@id":"https:\/\/quantum2025.org\/#website","url":"https:\/\/quantum2025.org\/","name":"IYQ 2025","description":"International Year of Quantum","potentialAction":[{"@type":"SearchAction","target":{"@type":"EntryPoint","urlTemplate":"https:\/\/quantum2025.org\/?s={search_term_string}"},"query-input":{"@type":"PropertyValueSpecification","valueRequired":true,"valueName":"search_term_string"}}],"inLanguage":"es"}]}},"_links":{"self":[{"href":"https:\/\/quantum2025.org\/es\/wp-json\/wp\/v2\/iyq-event\/6754","targetHints":{"allow":["GET"]}}],"collection":[{"href":"https:\/\/quantum2025.org\/es\/wp-json\/wp\/v2\/iyq-event"}],"about":[{"href":"https:\/\/quantum2025.org\/es\/wp-json\/wp\/v2\/types\/iyq-event"}],"version-history":[{"count":0,"href":"https:\/\/quantum2025.org\/es\/wp-json\/wp\/v2\/iyq-event\/6754\/revisions"}],"wp:attachment":[{"href":"https:\/\/quantum2025.org\/es\/wp-json\/wp\/v2\/media?parent=6754"}],"wp:term":[{"taxonomy":"keywords","embeddable":true,"href":"https:\/\/quantum2025.org\/es\/wp-json\/wp\/v2\/keywords?post=6754"}],"curies":[{"name":"wp","href":"https:\/\/api.w.org\/{rel}","templated":true}]}}