{"id":6720,"date":"2025-02-17T11:23:32","date_gmt":"2025-02-17T11:23:32","guid":{"rendered":"https:\/\/quantum2025.org\/iyq-event\/quantum-de-los-impactos-en-los-sectores-a-los-desafios-de-la-regulacion\/"},"modified":"2025-05-16T10:16:08","modified_gmt":"2025-05-16T10:16:08","slug":"quantum-de-los-impactos-en-los-sectores-a-los-desafios-de-la-regulacion","status":"publish","type":"iyq-event","link":"https:\/\/quantum2025.org\/es\/iyq-event\/quantum-de-los-impactos-en-los-sectores-a-los-desafios-de-la-regulacion\/","title":{"rendered":"Quantum: De los Impactos en los Sectores a los Desaf\u00edos de la Regulaci\u00f3n"},"content":{"rendered":"<div class=\"wp-block-image\">\n<figure class=\"aligncenter size-large\"><a href=\"https:\/\/quantum2025.org\/wp-content\/uploads\/2025\/02\/67af80156bb14.jpg\"><img fetchpriority=\"high\" decoding=\"async\" width=\"1024\" height=\"443\" src=\"https:\/\/quantum2025.org\/wp-content\/uploads\/2025\/02\/67af80156bb14-1024x443.jpg\" alt=\"\" class=\"wp-image-3939\" srcset=\"https:\/\/quantum2025.org\/wp-content\/uploads\/2025\/02\/67af80156bb14-1024x443.jpg 1024w, https:\/\/quantum2025.org\/wp-content\/uploads\/2025\/02\/67af80156bb14-300x130.jpg 300w, https:\/\/quantum2025.org\/wp-content\/uploads\/2025\/02\/67af80156bb14-768x332.jpg 768w, https:\/\/quantum2025.org\/wp-content\/uploads\/2025\/02\/67af80156bb14-1536x664.jpg 1536w, https:\/\/quantum2025.org\/wp-content\/uploads\/2025\/02\/67af80156bb14.jpg 1867w\" sizes=\"(max-width: 1024px) 100vw, 1024px\" \/><\/a><\/figure>\n<\/div>\n<p>Como parte del A\u00f1o Internacional de la Ciencia y la Tecnolog\u00eda Cu\u00e1nticas (IYQ), declarado por las Naciones Unidas para 2025, el PQI &#8211; Instituto Cu\u00e1ntico Portugu\u00e9s y Vieira de Almeida organizan una sesi\u00f3n dedicada a las Tecnolog\u00edas Cu\u00e1nticas (QT).<\/p>\n\n<p>Esta iniciativa pretende aumentar la concienciaci\u00f3n p\u00fablica sobre la importancia de la ciencia cu\u00e1ntica y sus aplicaciones, as\u00ed como fomentar el debate p\u00fablico sobre el impacto de estas tecnolog\u00edas en los sectores econ\u00f3micos, aline\u00e1ndolo con las cuestiones normativas.<\/p>\n\n<p>*Este acto se celebra en portugu\u00e9s.<\/p>\n\n<p><\/p>\n","protected":false},"featured_media":0,"template":"","keywords":[74,80,73,78,58,55,57,68],"class_list":["post-6720","iyq-event","type-iyq-event","status-publish","hentry","keywords-companies-industry","keywords-economics-jobs","keywords-international-cooperation","keywords-politics-and-government","keywords-quantum-information","keywords-quantum-science","keywords-quantum-technology","keywords-sustainability"],"acf":[],"yoast_head":"<!-- This site is optimized with the Yoast SEO plugin v27.4 - https:\/\/yoast.com\/product\/yoast-seo-wordpress\/ -->\n<title>Quantum: De los Impactos en los Sectores a los Desaf\u00edos de la Regulaci\u00f3n - IYQ 2025<\/title>\n<meta name=\"description\" content=\"En el marco del A\u00f1o Internacional de la Ciencia y la Tecnolog\u00eda Cu\u00e1nticas (IYQ), declarado por las Naciones Unidas para 2025, el PQI - Instituto Qu\u00e1ntico Portugu\u00e9s y Vieira de Almeida organizan una sesi\u00f3n dedicada a las Tecnolog\u00edas Cu\u00e1nticas (TQ). Esta iniciativa pretende aumentar la concienciaci\u00f3n p\u00fablica sobre la importancia de la ciencia cu\u00e1ntica y sus aplicaciones, as\u00ed como fomentar el debate p\u00fablico sobre el impacto de estas tecnolog\u00edas en los sectores econ\u00f3micos, aline\u00e1ndolo con las cuestiones normativas.*Este evento se celebra en portugu\u00e9s.\" \/>\n<meta name=\"robots\" content=\"index, follow, max-snippet:-1, max-image-preview:large, max-video-preview:-1\" \/>\n<meta property=\"og:locale\" content=\"es_ES\" \/>\n<meta property=\"og:type\" content=\"article\" \/>\n<meta property=\"og:title\" content=\"Quantum: De los Impactos en los Sectores a los Desaf\u00edos de la Regulaci\u00f3n - IYQ 2025\" \/>\n<meta property=\"og:description\" content=\"En el marco del A\u00f1o Internacional de la Ciencia y la Tecnolog\u00eda Cu\u00e1nticas (IYQ), declarado por las Naciones Unidas para 2025, el PQI - Instituto Qu\u00e1ntico Portugu\u00e9s y Vieira de Almeida organizan una sesi\u00f3n dedicada a las Tecnolog\u00edas Cu\u00e1nticas (TQ). Esta iniciativa pretende aumentar la concienciaci\u00f3n p\u00fablica sobre la importancia de la ciencia cu\u00e1ntica y sus aplicaciones, as\u00ed como fomentar el debate p\u00fablico sobre el impacto de estas tecnolog\u00edas en los sectores econ\u00f3micos, aline\u00e1ndolo con las cuestiones normativas.*Este evento se celebra en portugu\u00e9s.\" \/>\n<meta property=\"og:url\" content=\"https:\/\/quantum2025.org\/iyq-event\/quantum-de-los-impactos-en-los-sectores-a-los-desafios-de-la-regulacion\/\" \/>\n<meta property=\"og:site_name\" content=\"IYQ 2025\" \/>\n<meta property=\"article:publisher\" content=\"https:\/\/www.facebook.com\/quantumyear2025\" \/>\n<meta property=\"article:modified_time\" content=\"2025-05-16T10:16:08+00:00\" \/>\n<meta property=\"og:image\" content=\"https:\/\/quantum2025.org\/wp-content\/uploads\/2025\/02\/67af80156bb14.jpg\" \/>\n\t<meta property=\"og:image:width\" content=\"1867\" \/>\n\t<meta property=\"og:image:height\" content=\"807\" \/>\n\t<meta property=\"og:image:type\" content=\"image\/jpeg\" \/>\n<meta name=\"twitter:card\" content=\"summary_large_image\" \/>\n<meta name=\"twitter:site\" content=\"@QuantumYear2025\" \/>\n<script type=\"application\/ld+json\" class=\"yoast-schema-graph\">{\"@context\":\"https:\\\/\\\/schema.org\",\"@graph\":[{\"@type\":\"WebPage\",\"@id\":\"https:\\\/\\\/quantum2025.org\\\/iyq-event\\\/quantum-de-los-impactos-en-los-sectores-a-los-desafios-de-la-regulacion\\\/\",\"url\":\"https:\\\/\\\/quantum2025.org\\\/iyq-event\\\/quantum-de-los-impactos-en-los-sectores-a-los-desafios-de-la-regulacion\\\/\",\"name\":\"Quantum: De los Impactos en los Sectores a los Desaf\u00edos de la Regulaci\u00f3n - IYQ 2025\",\"isPartOf\":{\"@id\":\"https:\\\/\\\/quantum2025.org\\\/#website\"},\"primaryImageOfPage\":{\"@id\":\"https:\\\/\\\/quantum2025.org\\\/iyq-event\\\/quantum-de-los-impactos-en-los-sectores-a-los-desafios-de-la-regulacion\\\/#primaryimage\"},\"image\":{\"@id\":\"https:\\\/\\\/quantum2025.org\\\/iyq-event\\\/quantum-de-los-impactos-en-los-sectores-a-los-desafios-de-la-regulacion\\\/#primaryimage\"},\"thumbnailUrl\":\"https:\\\/\\\/quantum2025.org\\\/wp-content\\\/uploads\\\/2025\\\/02\\\/67af80156bb14-1024x443.jpg\",\"datePublished\":\"2025-02-17T11:23:32+00:00\",\"dateModified\":\"2025-05-16T10:16:08+00:00\",\"description\":\"En el marco del A\u00f1o Internacional de la Ciencia y la Tecnolog\u00eda Cu\u00e1nticas (IYQ), declarado por las Naciones Unidas para 2025, el PQI - Instituto Qu\u00e1ntico Portugu\u00e9s y Vieira de Almeida organizan una sesi\u00f3n dedicada a las Tecnolog\u00edas Cu\u00e1nticas (TQ). Esta iniciativa pretende aumentar la concienciaci\u00f3n p\u00fablica sobre la importancia de la ciencia cu\u00e1ntica y sus aplicaciones, as\u00ed como fomentar el debate p\u00fablico sobre el impacto de estas tecnolog\u00edas en los sectores econ\u00f3micos, aline\u00e1ndolo con las cuestiones normativas.*Este evento se celebra en portugu\u00e9s.\",\"breadcrumb\":{\"@id\":\"https:\\\/\\\/quantum2025.org\\\/iyq-event\\\/quantum-de-los-impactos-en-los-sectores-a-los-desafios-de-la-regulacion\\\/#breadcrumb\"},\"inLanguage\":\"es\",\"potentialAction\":[{\"@type\":\"ReadAction\",\"target\":[\"https:\\\/\\\/quantum2025.org\\\/iyq-event\\\/quantum-de-los-impactos-en-los-sectores-a-los-desafios-de-la-regulacion\\\/\"]}]},{\"@type\":\"ImageObject\",\"inLanguage\":\"es\",\"@id\":\"https:\\\/\\\/quantum2025.org\\\/iyq-event\\\/quantum-de-los-impactos-en-los-sectores-a-los-desafios-de-la-regulacion\\\/#primaryimage\",\"url\":\"https:\\\/\\\/quantum2025.org\\\/wp-content\\\/uploads\\\/2025\\\/02\\\/67af80156bb14-1024x443.jpg\",\"contentUrl\":\"https:\\\/\\\/quantum2025.org\\\/wp-content\\\/uploads\\\/2025\\\/02\\\/67af80156bb14-1024x443.jpg\"},{\"@type\":\"BreadcrumbList\",\"@id\":\"https:\\\/\\\/quantum2025.org\\\/iyq-event\\\/quantum-de-los-impactos-en-los-sectores-a-los-desafios-de-la-regulacion\\\/#breadcrumb\",\"itemListElement\":[{\"@type\":\"ListItem\",\"position\":1,\"name\":\"Home\",\"item\":\"https:\\\/\\\/quantum2025.org\\\/\"},{\"@type\":\"ListItem\",\"position\":2,\"name\":\"Events\",\"item\":\"https:\\\/\\\/quantum2025.org\\\/iyq-event\\\/\"},{\"@type\":\"ListItem\",\"position\":3,\"name\":\"Quantum: De los Impactos en los Sectores a los Desaf\u00edos de la Regulaci\u00f3n\"}]},{\"@type\":\"WebSite\",\"@id\":\"https:\\\/\\\/quantum2025.org\\\/#website\",\"url\":\"https:\\\/\\\/quantum2025.org\\\/\",\"name\":\"IYQ 2025\",\"description\":\"International Year of Quantum\",\"potentialAction\":[{\"@type\":\"SearchAction\",\"target\":{\"@type\":\"EntryPoint\",\"urlTemplate\":\"https:\\\/\\\/quantum2025.org\\\/?s={search_term_string}\"},\"query-input\":{\"@type\":\"PropertyValueSpecification\",\"valueRequired\":true,\"valueName\":\"search_term_string\"}}],\"inLanguage\":\"es\"}]}<\/script>\n<!-- \/ Yoast SEO plugin. -->","yoast_head_json":{"title":"Quantum: De los Impactos en los Sectores a los Desaf\u00edos de la Regulaci\u00f3n - IYQ 2025","description":"En el marco del A\u00f1o Internacional de la Ciencia y la Tecnolog\u00eda Cu\u00e1nticas (IYQ), declarado por las Naciones Unidas para 2025, el PQI - Instituto Qu\u00e1ntico Portugu\u00e9s y Vieira de Almeida organizan una sesi\u00f3n dedicada a las Tecnolog\u00edas Cu\u00e1nticas (TQ). Esta iniciativa pretende aumentar la concienciaci\u00f3n p\u00fablica sobre la importancia de la ciencia cu\u00e1ntica y sus aplicaciones, as\u00ed como fomentar el debate p\u00fablico sobre el impacto de estas tecnolog\u00edas en los sectores econ\u00f3micos, aline\u00e1ndolo con las cuestiones normativas.*Este evento se celebra en portugu\u00e9s.","robots":{"index":"index","follow":"follow","max-snippet":"max-snippet:-1","max-image-preview":"max-image-preview:large","max-video-preview":"max-video-preview:-1"},"og_locale":"es_ES","og_type":"article","og_title":"Quantum: De los Impactos en los Sectores a los Desaf\u00edos de la Regulaci\u00f3n - IYQ 2025","og_description":"En el marco del A\u00f1o Internacional de la Ciencia y la Tecnolog\u00eda Cu\u00e1nticas (IYQ), declarado por las Naciones Unidas para 2025, el PQI - Instituto Qu\u00e1ntico Portugu\u00e9s y Vieira de Almeida organizan una sesi\u00f3n dedicada a las Tecnolog\u00edas Cu\u00e1nticas (TQ). Esta iniciativa pretende aumentar la concienciaci\u00f3n p\u00fablica sobre la importancia de la ciencia cu\u00e1ntica y sus aplicaciones, as\u00ed como fomentar el debate p\u00fablico sobre el impacto de estas tecnolog\u00edas en los sectores econ\u00f3micos, aline\u00e1ndolo con las cuestiones normativas.*Este evento se celebra en portugu\u00e9s.","og_url":"https:\/\/quantum2025.org\/iyq-event\/quantum-de-los-impactos-en-los-sectores-a-los-desafios-de-la-regulacion\/","og_site_name":"IYQ 2025","article_publisher":"https:\/\/www.facebook.com\/quantumyear2025","article_modified_time":"2025-05-16T10:16:08+00:00","og_image":[{"width":1867,"height":807,"url":"https:\/\/quantum2025.org\/wp-content\/uploads\/2025\/02\/67af80156bb14.jpg","type":"image\/jpeg"}],"twitter_card":"summary_large_image","twitter_site":"@QuantumYear2025","schema":{"@context":"https:\/\/schema.org","@graph":[{"@type":"WebPage","@id":"https:\/\/quantum2025.org\/iyq-event\/quantum-de-los-impactos-en-los-sectores-a-los-desafios-de-la-regulacion\/","url":"https:\/\/quantum2025.org\/iyq-event\/quantum-de-los-impactos-en-los-sectores-a-los-desafios-de-la-regulacion\/","name":"Quantum: De los Impactos en los Sectores a los Desaf\u00edos de la Regulaci\u00f3n - IYQ 2025","isPartOf":{"@id":"https:\/\/quantum2025.org\/#website"},"primaryImageOfPage":{"@id":"https:\/\/quantum2025.org\/iyq-event\/quantum-de-los-impactos-en-los-sectores-a-los-desafios-de-la-regulacion\/#primaryimage"},"image":{"@id":"https:\/\/quantum2025.org\/iyq-event\/quantum-de-los-impactos-en-los-sectores-a-los-desafios-de-la-regulacion\/#primaryimage"},"thumbnailUrl":"https:\/\/quantum2025.org\/wp-content\/uploads\/2025\/02\/67af80156bb14-1024x443.jpg","datePublished":"2025-02-17T11:23:32+00:00","dateModified":"2025-05-16T10:16:08+00:00","description":"En el marco del A\u00f1o Internacional de la Ciencia y la Tecnolog\u00eda Cu\u00e1nticas (IYQ), declarado por las Naciones Unidas para 2025, el PQI - Instituto Qu\u00e1ntico Portugu\u00e9s y Vieira de Almeida organizan una sesi\u00f3n dedicada a las Tecnolog\u00edas Cu\u00e1nticas (TQ). Esta iniciativa pretende aumentar la concienciaci\u00f3n p\u00fablica sobre la importancia de la ciencia cu\u00e1ntica y sus aplicaciones, as\u00ed como fomentar el debate p\u00fablico sobre el impacto de estas tecnolog\u00edas en los sectores econ\u00f3micos, aline\u00e1ndolo con las cuestiones normativas.*Este evento se celebra en portugu\u00e9s.","breadcrumb":{"@id":"https:\/\/quantum2025.org\/iyq-event\/quantum-de-los-impactos-en-los-sectores-a-los-desafios-de-la-regulacion\/#breadcrumb"},"inLanguage":"es","potentialAction":[{"@type":"ReadAction","target":["https:\/\/quantum2025.org\/iyq-event\/quantum-de-los-impactos-en-los-sectores-a-los-desafios-de-la-regulacion\/"]}]},{"@type":"ImageObject","inLanguage":"es","@id":"https:\/\/quantum2025.org\/iyq-event\/quantum-de-los-impactos-en-los-sectores-a-los-desafios-de-la-regulacion\/#primaryimage","url":"https:\/\/quantum2025.org\/wp-content\/uploads\/2025\/02\/67af80156bb14-1024x443.jpg","contentUrl":"https:\/\/quantum2025.org\/wp-content\/uploads\/2025\/02\/67af80156bb14-1024x443.jpg"},{"@type":"BreadcrumbList","@id":"https:\/\/quantum2025.org\/iyq-event\/quantum-de-los-impactos-en-los-sectores-a-los-desafios-de-la-regulacion\/#breadcrumb","itemListElement":[{"@type":"ListItem","position":1,"name":"Home","item":"https:\/\/quantum2025.org\/"},{"@type":"ListItem","position":2,"name":"Events","item":"https:\/\/quantum2025.org\/iyq-event\/"},{"@type":"ListItem","position":3,"name":"Quantum: De los Impactos en los Sectores a los Desaf\u00edos de la Regulaci\u00f3n"}]},{"@type":"WebSite","@id":"https:\/\/quantum2025.org\/#website","url":"https:\/\/quantum2025.org\/","name":"IYQ 2025","description":"International Year of Quantum","potentialAction":[{"@type":"SearchAction","target":{"@type":"EntryPoint","urlTemplate":"https:\/\/quantum2025.org\/?s={search_term_string}"},"query-input":{"@type":"PropertyValueSpecification","valueRequired":true,"valueName":"search_term_string"}}],"inLanguage":"es"}]}},"_links":{"self":[{"href":"https:\/\/quantum2025.org\/es\/wp-json\/wp\/v2\/iyq-event\/6720","targetHints":{"allow":["GET"]}}],"collection":[{"href":"https:\/\/quantum2025.org\/es\/wp-json\/wp\/v2\/iyq-event"}],"about":[{"href":"https:\/\/quantum2025.org\/es\/wp-json\/wp\/v2\/types\/iyq-event"}],"version-history":[{"count":0,"href":"https:\/\/quantum2025.org\/es\/wp-json\/wp\/v2\/iyq-event\/6720\/revisions"}],"wp:attachment":[{"href":"https:\/\/quantum2025.org\/es\/wp-json\/wp\/v2\/media?parent=6720"}],"wp:term":[{"taxonomy":"keywords","embeddable":true,"href":"https:\/\/quantum2025.org\/es\/wp-json\/wp\/v2\/keywords?post=6720"}],"curies":[{"name":"wp","href":"https:\/\/api.w.org\/{rel}","templated":true}]}}